{"id":14551,"date":"2022-02-08T22:58:37","date_gmt":"2022-02-08T22:58:37","guid":{"rendered":"https:\/\/graswurzle.ch\/?page_id=14551"},"modified":"2023-04-23T17:25:48","modified_gmt":"2023-04-23T16:25:48","slug":"musiker","status":"publish","type":"page","link":"https:\/\/graswurzle.ch\/it\/themen\/kunst-und-kultur\/musiker\/","title":{"rendered":"Musiker"},"content":{"rendered":"<div data-elementor-type=\"wp-page\" data-elementor-id=\"14551\" class=\"elementor elementor-14551\" data-elementor-post-type=\"page\">\n\t\t\t\t\t\t<section class=\"elementor-section elementor-top-section elementor-element elementor-element-70db3e6 elementor-section-stretched elementor-section-boxed elementor-section-height-default elementor-section-height-default\" data-id=\"70db3e6\" data-element_type=\"section\" data-settings=\"{&quot;stretch_section&quot;:&quot;section-stretched&quot;,&quot;background_background&quot;:&quot;classic&quot;}\">\n\t\t\t\t\t\t<div class=\"elementor-container elementor-column-gap-default\">\n\t\t\t\t\t<div class=\"elementor-column elementor-col-100 elementor-top-column elementor-element elementor-element-0097400\" data-id=\"0097400\" data-element_type=\"column\" data-settings=\"{&quot;background_background&quot;:&quot;classic&quot;}\">\n\t\t\t<div class=\"elementor-widget-wrap elementor-element-populated\">\n\t\t\t\t\t\t<div class=\"elementor-element elementor-element-5d219d8 elementor-widget elementor-widget-heading\" data-id=\"5d219d8\" data-element_type=\"widget\" data-widget_type=\"heading.default\">\n\t\t\t\t<div class=\"elementor-widget-container\">\n\t\t\t<h1 class=\"elementor-heading-title elementor-size-default\">Die Musikergruppe<\/h1>\t\t<\/div>\n\t\t\t\t<\/div>\n\t\t\t\t<section class=\"elementor-section elementor-inner-section elementor-element elementor-element-5b58790 elementor-section-boxed elementor-section-height-default elementor-section-height-default\" data-id=\"5b58790\" data-element_type=\"section\">\n\t\t\t\t\t\t<div class=\"elementor-container elementor-column-gap-default\">\n\t\t\t\t\t<div class=\"elementor-column elementor-col-50 elementor-inner-column elementor-element elementor-element-61ec1ed\" data-id=\"61ec1ed\" data-element_type=\"column\">\n\t\t\t<div class=\"elementor-widget-wrap elementor-element-populated\">\n\t\t\t\t\t\t<div class=\"elementor-element elementor-element-a0fb46c elementor-widget elementor-widget-heading\" data-id=\"a0fb46c\" data-element_type=\"widget\" data-widget_type=\"heading.default\">\n\t\t\t\t<div class=\"elementor-widget-container\">\n\t\t\t<h2 class=\"elementor-heading-title elementor-size-default\">Wir sind eine Gruppe unabh\u00e4ngiger und freidenkender Musiker \u2028und Musikschaffender, die sich in den vergangenen letzten zwei Jahren gefunden haben, mit dem Ziel sich zu vernetzen und auszutauschen. \u2028Daraus ist nun unser junger Verein M!R entstanden. \u2028M!R steht f\u00fcr Musicians in Resistance &amp; Resonance.<\/h2>\t\t<\/div>\n\t\t\t\t<\/div>\n\t\t\t\t<div class=\"elementor-element elementor-element-51a0ac2 elementor-widget elementor-widget-text-editor\" data-id=\"51a0ac2\" data-element_type=\"widget\" data-widget_type=\"text-editor.default\">\n\t\t\t\t<div class=\"elementor-widget-container\">\n\t\t\t\t\t\t\t<p>Hier einen Auszug aus unserem Manifest:\u2028\u2028<\/p>\t\t\t\t\t\t<\/div>\n\t\t\t\t<\/div>\n\t\t\t\t<div class=\"elementor-element elementor-element-dbf4562 elementor-widget elementor-widget-heading\" data-id=\"dbf4562\" data-element_type=\"widget\" data-widget_type=\"heading.default\">\n\t\t\t\t<div class=\"elementor-widget-container\">\n\t\t\t<h2 class=\"elementor-heading-title elementor-size-default\">\u00abDie Weltsprache Musik f\u00fcr alle\u00bb<\/h2>\t\t<\/div>\n\t\t\t\t<\/div>\n\t\t\t\t<div class=\"elementor-element elementor-element-d282422 elementor-widget elementor-widget-text-editor\" data-id=\"d282422\" data-element_type=\"widget\" data-widget_type=\"text-editor.default\">\n\t\t\t\t<div class=\"elementor-widget-container\">\n\t\t\t\t\t\t\t<p>Unser Ziel ist, Menschen mit der Kraft der Musik zu einem tieferen Verst\u00e4ndnis und zwischenmenschlichem Miteinander zu f\u00fchren.<\/p><p>Wir setzen uns ein f\u00fcr die F\u00f6rderung der Musikkultur und deren Bildung f\u00fcr alle.<br \/>Wir engagieren uns f\u00fcr die Vernetzung regional, national und international im Bereich der Auff\u00fchrungen, und des Unterrichts und im Austausch mit anderen K\u00fcnsten.<\/p><p>Wir geben unsere Kraft und Energien in den Aufbau von Neuem.<\/p>\t\t\t\t\t\t<\/div>\n\t\t\t\t<\/div>\n\t\t\t\t<div class=\"elementor-element elementor-element-4a7848d elementor-widget elementor-widget-heading\" data-id=\"4a7848d\" data-element_type=\"widget\" data-widget_type=\"heading.default\">\n\t\t\t\t<div class=\"elementor-widget-container\">\n\t\t\t<h2 class=\"elementor-heading-title elementor-size-default\">\u2028\u00abWir pfeifen auf vieles und wir machen uns die Welt, \u2028so wie sie uns gef\u00e4llt\u2026\u00bb\n\n<\/h2>\t\t<\/div>\n\t\t\t\t<\/div>\n\t\t\t\t<div class=\"elementor-element elementor-element-9cc1c55 elementor-widget elementor-widget-text-editor\" data-id=\"9cc1c55\" data-element_type=\"widget\" data-widget_type=\"text-editor.default\">\n\t\t\t\t<div class=\"elementor-widget-container\">\n\t\t\t\t\t\t\t<p>Wer mehr \u00fcber M!R erfahren m\u00f6chte\u2028, findet <span style=\"text-decoration: underline;\"><a href=\"https:\/\/graswurzle.ch\/wp-content\/uploads\/2022\/05\/TG-Musiker_Manifest-Mir.pdf\">hier<\/a><\/span> unser Manifest.<\/p><p><strong>Kontaktinfos<\/strong><br \/>Valentina<br \/><a href=\"mailto:musik@graswurzle.ch\">musik@graswurzle.ch<\/a><\/p>\t\t\t\t\t\t<\/div>\n\t\t\t\t<\/div>\n\t\t\t\t\t<\/div>\n\t\t<\/div>\n\t\t\t\t<div class=\"elementor-column elementor-col-50 elementor-inner-column elementor-element elementor-element-3245710\" data-id=\"3245710\" data-element_type=\"column\">\n\t\t\t<div class=\"elementor-widget-wrap elementor-element-populated\">\n\t\t\t\t\t\t<div class=\"elementor-element elementor-element-5dc9a2d elementor-widget elementor-widget-image\" data-id=\"5dc9a2d\" data-element_type=\"widget\" data-widget_type=\"image.default\">\n\t\t\t\t<div class=\"elementor-widget-container\">\n\t\t\t\t\t\t\t\t\t\t\t\t\t<img fetchpriority=\"high\" decoding=\"async\" width=\"500\" height=\"308\" src=\"https:\/\/graswurzle.ch\/wp-content\/uploads\/2022\/05\/Themengruppe-Musiker_Bild1.jpg\" class=\"attachment-large size-large wp-image-15608\" alt=\"Musikergruppe M!R\" srcset=\"https:\/\/graswurzle.ch\/wp-content\/uploads\/2022\/05\/Themengruppe-Musiker_Bild1.jpg 500w, https:\/\/graswurzle.ch\/wp-content\/uploads\/2022\/05\/Themengruppe-Musiker_Bild1-300x185.jpg 300w, https:\/\/graswurzle.ch\/wp-content\/uploads\/2022\/05\/Themengruppe-Musiker_Bild1-18x12.jpg 18w, https:\/\/graswurzle.ch\/wp-content\/uploads\/2022\/05\/Themengruppe-Musiker_Bild1-100x62.jpg 100w, https:\/\/graswurzle.ch\/wp-content\/uploads\/2022\/05\/Themengruppe-Musiker_Bild1-150x92.jpg 150w, https:\/\/graswurzle.ch\/wp-content\/uploads\/2022\/05\/Themengruppe-Musiker_Bild1-200x123.jpg 200w, https:\/\/graswurzle.ch\/wp-content\/uploads\/2022\/05\/Themengruppe-Musiker_Bild1-450x277.jpg 450w\" sizes=\"(max-width: 500px) 100vw, 500px\" \/>\t\t\t\t\t\t\t\t\t\t\t\t\t<\/div>\n\t\t\t\t<\/div>\n\t\t\t\t\t<\/div>\n\t\t<\/div>\n\t\t\t\t\t<\/div>\n\t\t<\/section>\n\t\t\t\t\t<\/div>\n\t\t<\/div>\n\t\t\t\t\t<\/div>\n\t\t<\/section>\n\t\t\t\t<\/div>","protected":false},"excerpt":{"rendered":"<p>Die Musikergruppe Wir sind eine Gruppe unabh\u00e4ngiger und freidenkender Musiker \u2028und Musikschaffender, die sich in den vergangenen letzten zwei Jahren gefunden haben, mit dem Ziel sich zu vernetzen und auszutauschen. \u2028Daraus ist nun unser junger Verein M!R entstanden. \u2028M!R steht &hellip;<\/p>\n<p class=\"read-more\"> <a class=\"more-link\" href=\"https:\/\/graswurzle.ch\/it\/themen\/kunst-und-kultur\/musiker\/\"> <span class=\"screen-reader-text\">Musiker<\/span> Leggi tutto &raquo;<\/a><\/p>","protected":false},"author":13,"featured_media":0,"parent":14622,"menu_order":1,"comment_status":"closed","ping_status":"closed","template":"elementor_header_footer","meta":{"footnotes":""},"class_list":["post-14551","page","type-page","status-publish","hentry"],"acf":[],"yoast_head":"<!-- This site is optimized with the Yoast SEO plugin v24.9 - https:\/\/yoast.com\/wordpress\/plugins\/seo\/ -->\n<title>Musikergruppe M!R Musicians in Resistance &amp; Resonance<\/title>\n<meta name=\"description\" content=\"Die Musikergruppe M!R steht f\u00fcr Musicians in Resistance &amp; Resonance und besteht aus unabh\u00e4ngigen, freidenkenden Musiker \u2028und Musikschaffenden.\" \/>\n<meta name=\"robots\" content=\"index, follow, max-snippet:-1, max-image-preview:large, max-video-preview:-1\" \/>\n<link rel=\"canonical\" href=\"https:\/\/graswurzle.ch\/it\/themen\/kunst-und-kultur\/musiker\/\" \/>\n<meta property=\"og:locale\" content=\"it_IT\" \/>\n<meta property=\"og:type\" content=\"article\" \/>\n<meta property=\"og:title\" content=\"Musikergruppe M!R Musicians in Resistance &amp; Resonance\" \/>\n<meta property=\"og:description\" content=\"Die Musikergruppe M!R steht f\u00fcr Musicians in Resistance &amp; Resonance und besteht aus unabh\u00e4ngigen, freidenkenden Musiker \u2028und Musikschaffenden.\" \/>\n<meta property=\"og:url\" content=\"https:\/\/graswurzle.ch\/it\/themen\/kunst-und-kultur\/musiker\/\" \/>\n<meta property=\"og:site_name\" content=\"Graswurzle\" \/>\n<meta property=\"article:modified_time\" content=\"2023-04-23T16:25:48+00:00\" \/>\n<meta property=\"og:image\" content=\"https:\/\/graswurzle.ch\/wp-content\/uploads\/2022\/05\/Themengruppe-Musiker_Bild1.jpg\" \/>\n\t<meta property=\"og:image:width\" content=\"500\" \/>\n\t<meta property=\"og:image:height\" content=\"308\" \/>\n\t<meta property=\"og:image:type\" content=\"image\/jpeg\" \/>\n<meta name=\"twitter:card\" content=\"summary_large_image\" \/>\n<meta name=\"twitter:title\" content=\"Musikergruppe M!R Musicians in Resistance &amp; Resonance\" \/>\n<meta name=\"twitter:description\" content=\"Die Musikergruppe M!R steht f\u00fcr Musicians in Resistance &amp; Resonance und besteht aus unabh\u00e4ngigen, freidenkenden Musiker \u2028und Musikschaffenden.\" \/>\n<meta name=\"twitter:image\" content=\"https:\/\/graswurzle.ch\/wp-content\/uploads\/2022\/05\/Themengruppe-Musiker_Bild1.jpg\" \/>\n<meta name=\"twitter:label1\" content=\"Tempo di lettura stimato\" \/>\n\t<meta name=\"twitter:data1\" content=\"2 minuti\" \/>\n<script type=\"application\/ld+json\" class=\"yoast-schema-graph\">{\"@context\":\"https:\/\/schema.org\",\"@graph\":[{\"@type\":\"WebPage\",\"@id\":\"https:\/\/graswurzle.ch\/themen\/kunst-und-kultur\/musiker\/\",\"url\":\"https:\/\/graswurzle.ch\/themen\/kunst-und-kultur\/musiker\/\",\"name\":\"Musikergruppe M!R Musicians in Resistance & Resonance\",\"isPartOf\":{\"@id\":\"https:\/\/graswurzle.ch\/#website\"},\"primaryImageOfPage\":{\"@id\":\"https:\/\/graswurzle.ch\/themen\/kunst-und-kultur\/musiker\/#primaryimage\"},\"image\":{\"@id\":\"https:\/\/graswurzle.ch\/themen\/kunst-und-kultur\/musiker\/#primaryimage\"},\"thumbnailUrl\":\"https:\/\/graswurzle.ch\/wp-content\/uploads\/2022\/05\/Themengruppe-Musiker_Bild1.jpg\",\"datePublished\":\"2022-02-08T22:58:37+00:00\",\"dateModified\":\"2023-04-23T16:25:48+00:00\",\"description\":\"Die Musikergruppe M!R steht f\u00fcr Musicians in Resistance & Resonance und besteht aus unabh\u00e4ngigen, freidenkenden Musiker \\u2028und Musikschaffenden.\",\"breadcrumb\":{\"@id\":\"https:\/\/graswurzle.ch\/themen\/kunst-und-kultur\/musiker\/#breadcrumb\"},\"inLanguage\":\"it-IT\",\"potentialAction\":[{\"@type\":\"ReadAction\",\"target\":[\"https:\/\/graswurzle.ch\/themen\/kunst-und-kultur\/musiker\/\"]}]},{\"@type\":\"ImageObject\",\"inLanguage\":\"it-IT\",\"@id\":\"https:\/\/graswurzle.ch\/themen\/kunst-und-kultur\/musiker\/#primaryimage\",\"url\":\"https:\/\/graswurzle.ch\/wp-content\/uploads\/2022\/05\/Themengruppe-Musiker_Bild1.jpg\",\"contentUrl\":\"https:\/\/graswurzle.ch\/wp-content\/uploads\/2022\/05\/Themengruppe-Musiker_Bild1.jpg\"},{\"@type\":\"BreadcrumbList\",\"@id\":\"https:\/\/graswurzle.ch\/themen\/kunst-und-kultur\/musiker\/#breadcrumb\",\"itemListElement\":[{\"@type\":\"ListItem\",\"position\":1,\"name\":\"Home\",\"item\":\"https:\/\/graswurzle.ch\/\"},{\"@type\":\"ListItem\",\"position\":2,\"name\":\"Themen\",\"item\":\"https:\/\/graswurzle.ch\/themen\/\"},{\"@type\":\"ListItem\",\"position\":3,\"name\":\"Kunst und Kultur\",\"item\":\"https:\/\/graswurzle.ch\/themen\/kunst-und-kultur\/\"},{\"@type\":\"ListItem\",\"position\":4,\"name\":\"Musiker\"}]},{\"@type\":\"WebSite\",\"@id\":\"https:\/\/graswurzle.ch\/#website\",\"url\":\"https:\/\/graswurzle.ch\/\",\"name\":\"Graswurzle\",\"description\":\"Begegnung -Beziehung -Boden f\u00fcr Neues!\",\"publisher\":{\"@id\":\"https:\/\/graswurzle.ch\/#organization\"},\"potentialAction\":[{\"@type\":\"SearchAction\",\"target\":{\"@type\":\"EntryPoint\",\"urlTemplate\":\"https:\/\/graswurzle.ch\/?s={search_term_string}\"},\"query-input\":{\"@type\":\"PropertyValueSpecification\",\"valueRequired\":true,\"valueName\":\"search_term_string\"}}],\"inLanguage\":\"it-IT\"},{\"@type\":\"Organization\",\"@id\":\"https:\/\/graswurzle.ch\/#organization\",\"name\":\"Graswurzle\",\"url\":\"https:\/\/graswurzle.ch\/\",\"logo\":{\"@type\":\"ImageObject\",\"inLanguage\":\"it-IT\",\"@id\":\"https:\/\/graswurzle.ch\/#\/schema\/logo\/image\/\",\"url\":\"https:\/\/graswurzle.ch\/wp-content\/uploads\/2024\/07\/cropped-gw_logo_neue_schrift.png\",\"contentUrl\":\"https:\/\/graswurzle.ch\/wp-content\/uploads\/2024\/07\/cropped-gw_logo_neue_schrift.png\",\"width\":1000,\"height\":373,\"caption\":\"Graswurzle\"},\"image\":{\"@id\":\"https:\/\/graswurzle.ch\/#\/schema\/logo\/image\/\"}}]}<\/script>\n<!-- \/ Yoast SEO plugin. -->","yoast_head_json":{"title":"Musikergruppe M!R Musicians in Resistance & Resonance","description":"Die Musikergruppe M!R steht f\u00fcr Musicians in Resistance & Resonance und besteht aus unabh\u00e4ngigen, freidenkenden Musiker \u2028und Musikschaffenden.","robots":{"index":"index","follow":"follow","max-snippet":"max-snippet:-1","max-image-preview":"max-image-preview:large","max-video-preview":"max-video-preview:-1"},"canonical":"https:\/\/graswurzle.ch\/it\/themen\/kunst-und-kultur\/musiker\/","og_locale":"it_IT","og_type":"article","og_title":"Musikergruppe M!R Musicians in Resistance & Resonance","og_description":"Die Musikergruppe M!R steht f\u00fcr Musicians in Resistance & Resonance und besteht aus unabh\u00e4ngigen, freidenkenden Musiker \u2028und Musikschaffenden.","og_url":"https:\/\/graswurzle.ch\/it\/themen\/kunst-und-kultur\/musiker\/","og_site_name":"Graswurzle","article_modified_time":"2023-04-23T16:25:48+00:00","og_image":[{"width":500,"height":308,"url":"https:\/\/graswurzle.ch\/wp-content\/uploads\/2022\/05\/Themengruppe-Musiker_Bild1.jpg","type":"image\/jpeg"}],"twitter_card":"summary_large_image","twitter_title":"Musikergruppe M!R Musicians in Resistance & Resonance","twitter_description":"Die Musikergruppe M!R steht f\u00fcr Musicians in Resistance & Resonance und besteht aus unabh\u00e4ngigen, freidenkenden Musiker \u2028und Musikschaffenden.","twitter_image":"https:\/\/graswurzle.ch\/wp-content\/uploads\/2022\/05\/Themengruppe-Musiker_Bild1.jpg","twitter_misc":{"Tempo di lettura stimato":"2 minuti"},"schema":{"@context":"https:\/\/schema.org","@graph":[{"@type":"WebPage","@id":"https:\/\/graswurzle.ch\/themen\/kunst-und-kultur\/musiker\/","url":"https:\/\/graswurzle.ch\/themen\/kunst-und-kultur\/musiker\/","name":"Musikergruppe M!R Musicians in Resistance & Resonance","isPartOf":{"@id":"https:\/\/graswurzle.ch\/#website"},"primaryImageOfPage":{"@id":"https:\/\/graswurzle.ch\/themen\/kunst-und-kultur\/musiker\/#primaryimage"},"image":{"@id":"https:\/\/graswurzle.ch\/themen\/kunst-und-kultur\/musiker\/#primaryimage"},"thumbnailUrl":"https:\/\/graswurzle.ch\/wp-content\/uploads\/2022\/05\/Themengruppe-Musiker_Bild1.jpg","datePublished":"2022-02-08T22:58:37+00:00","dateModified":"2023-04-23T16:25:48+00:00","description":"Die Musikergruppe M!R steht f\u00fcr Musicians in Resistance & Resonance und besteht aus unabh\u00e4ngigen, freidenkenden Musiker \u2028und Musikschaffenden.","breadcrumb":{"@id":"https:\/\/graswurzle.ch\/themen\/kunst-und-kultur\/musiker\/#breadcrumb"},"inLanguage":"it-IT","potentialAction":[{"@type":"ReadAction","target":["https:\/\/graswurzle.ch\/themen\/kunst-und-kultur\/musiker\/"]}]},{"@type":"ImageObject","inLanguage":"it-IT","@id":"https:\/\/graswurzle.ch\/themen\/kunst-und-kultur\/musiker\/#primaryimage","url":"https:\/\/graswurzle.ch\/wp-content\/uploads\/2022\/05\/Themengruppe-Musiker_Bild1.jpg","contentUrl":"https:\/\/graswurzle.ch\/wp-content\/uploads\/2022\/05\/Themengruppe-Musiker_Bild1.jpg"},{"@type":"BreadcrumbList","@id":"https:\/\/graswurzle.ch\/themen\/kunst-und-kultur\/musiker\/#breadcrumb","itemListElement":[{"@type":"ListItem","position":1,"name":"Home","item":"https:\/\/graswurzle.ch\/"},{"@type":"ListItem","position":2,"name":"Themen","item":"https:\/\/graswurzle.ch\/themen\/"},{"@type":"ListItem","position":3,"name":"Kunst und Kultur","item":"https:\/\/graswurzle.ch\/themen\/kunst-und-kultur\/"},{"@type":"ListItem","position":4,"name":"Musiker"}]},{"@type":"WebSite","@id":"https:\/\/graswurzle.ch\/#website","url":"https:\/\/graswurzle.ch\/","name":"Graswurzle","description":"Begegnung -Beziehung -Boden f\u00fcr Neues!","publisher":{"@id":"https:\/\/graswurzle.ch\/#organization"},"potentialAction":[{"@type":"SearchAction","target":{"@type":"EntryPoint","urlTemplate":"https:\/\/graswurzle.ch\/?s={search_term_string}"},"query-input":{"@type":"PropertyValueSpecification","valueRequired":true,"valueName":"search_term_string"}}],"inLanguage":"it-IT"},{"@type":"Organization","@id":"https:\/\/graswurzle.ch\/#organization","name":"Graswurzle","url":"https:\/\/graswurzle.ch\/","logo":{"@type":"ImageObject","inLanguage":"it-IT","@id":"https:\/\/graswurzle.ch\/#\/schema\/logo\/image\/","url":"https:\/\/graswurzle.ch\/wp-content\/uploads\/2024\/07\/cropped-gw_logo_neue_schrift.png","contentUrl":"https:\/\/graswurzle.ch\/wp-content\/uploads\/2024\/07\/cropped-gw_logo_neue_schrift.png","width":1000,"height":373,"caption":"Graswurzle"},"image":{"@id":"https:\/\/graswurzle.ch\/#\/schema\/logo\/image\/"}}]}},"_links":{"self":[{"href":"https:\/\/graswurzle.ch\/it\/wp-json\/wp\/v2\/pages\/14551","targetHints":{"allow":["GET"]}}],"collection":[{"href":"https:\/\/graswurzle.ch\/it\/wp-json\/wp\/v2\/pages"}],"about":[{"href":"https:\/\/graswurzle.ch\/it\/wp-json\/wp\/v2\/types\/page"}],"author":[{"embeddable":true,"href":"https:\/\/graswurzle.ch\/it\/wp-json\/wp\/v2\/users\/13"}],"replies":[{"embeddable":true,"href":"https:\/\/graswurzle.ch\/it\/wp-json\/wp\/v2\/comments?post=14551"}],"version-history":[{"count":36,"href":"https:\/\/graswurzle.ch\/it\/wp-json\/wp\/v2\/pages\/14551\/revisions"}],"predecessor-version":[{"id":19444,"href":"https:\/\/graswurzle.ch\/it\/wp-json\/wp\/v2\/pages\/14551\/revisions\/19444"}],"up":[{"embeddable":true,"href":"https:\/\/graswurzle.ch\/it\/wp-json\/wp\/v2\/pages\/14622"}],"wp:attachment":[{"href":"https:\/\/graswurzle.ch\/it\/wp-json\/wp\/v2\/media?parent=14551"}],"curies":[{"name":"wp","href":"https:\/\/api.w.org\/{rel}","templated":true}]}}