{"id":8185,"date":"2021-09-17T23:51:48","date_gmt":"2021-09-17T23:51:48","guid":{"rendered":"https:\/\/graswurzle.ch\/?page_id=8185"},"modified":"2023-02-13T15:47:03","modified_gmt":"2023-02-13T14:47:03","slug":"gesundheitswesen","status":"publish","type":"page","link":"https:\/\/graswurzle.ch\/it\/themen\/gesundheitswesen\/","title":{"rendered":"Assistenza sanitaria"},"content":{"rendered":"<div data-elementor-type=\"wp-page\" data-elementor-id=\"8185\" class=\"elementor elementor-8185\" data-elementor-post-type=\"page\">\n\t\t\t\t\t\t<section class=\"elementor-section elementor-top-section elementor-element elementor-element-d1e419d elementor-section-stretched elementor-section-boxed elementor-section-height-default elementor-section-height-default\" data-id=\"d1e419d\" data-element_type=\"section\" data-settings=\"{&quot;stretch_section&quot;:&quot;section-stretched&quot;,&quot;background_background&quot;:&quot;classic&quot;}\">\n\t\t\t\t\t\t<div class=\"elementor-container elementor-column-gap-default\">\n\t\t\t\t\t<div class=\"elementor-column elementor-col-100 elementor-top-column elementor-element elementor-element-d8e2d42\" data-id=\"d8e2d42\" data-element_type=\"column\" data-settings=\"{&quot;background_background&quot;:&quot;classic&quot;}\">\n\t\t\t<div class=\"elementor-widget-wrap elementor-element-populated\">\n\t\t\t\t\t\t<div class=\"elementor-element elementor-element-4db20a8 elementor-widget elementor-widget-heading\" data-id=\"4db20a8\" data-element_type=\"widget\" data-widget_type=\"heading.default\">\n\t\t\t\t<div class=\"elementor-widget-container\">\n\t\t\t<h1 class=\"elementor-heading-title elementor-size-default\">Assistenza sanitaria<\/h1>\t\t<\/div>\n\t\t\t\t<\/div>\n\t\t\t\t<div class=\"elementor-element elementor-element-96cba31 elementor-widget-divider--view-line elementor-widget elementor-widget-divider\" data-id=\"96cba31\" data-element_type=\"widget\" data-widget_type=\"divider.default\">\n\t\t\t\t<div class=\"elementor-widget-container\">\n\t\t\t\t\t<div class=\"elementor-divider\">\n\t\t\t<span class=\"elementor-divider-separator\">\n\t\t\t\t\t\t<\/span>\n\t\t<\/div>\n\t\t\t\t<\/div>\n\t\t\t\t<\/div>\n\t\t\t\t<div class=\"elementor-element elementor-element-cc429aa elementor-widget elementor-widget-heading\" data-id=\"cc429aa\" data-element_type=\"widget\" data-widget_type=\"heading.default\">\n\t\t\t\t<div class=\"elementor-widget-container\">\n\t\t\t<h2 class=\"elementor-heading-title elementor-size-default\">\u00c4rzte\u200b<\/h2>\t\t<\/div>\n\t\t\t\t<\/div>\n\t\t\t\t<div class=\"elementor-element elementor-element-4879445 elementor-widget-divider--view-line elementor-widget elementor-widget-divider\" data-id=\"4879445\" data-element_type=\"widget\" data-widget_type=\"divider.default\">\n\t\t\t\t<div class=\"elementor-widget-container\">\n\t\t\t\t\t<div class=\"elementor-divider\">\n\t\t\t<span class=\"elementor-divider-separator\">\n\t\t\t\t\t\t<\/span>\n\t\t<\/div>\n\t\t\t\t<\/div>\n\t\t\t\t<\/div>\n\t\t\t\t<section class=\"elementor-section elementor-inner-section elementor-element elementor-element-d38d368 elementor-section-boxed elementor-section-height-default elementor-section-height-default\" data-id=\"d38d368\" data-element_type=\"section\">\n\t\t\t\t\t\t<div class=\"elementor-container elementor-column-gap-default\">\n\t\t\t\t\t<div class=\"elementor-column elementor-col-50 elementor-inner-column elementor-element elementor-element-3ba63f4\" data-id=\"3ba63f4\" data-element_type=\"column\">\n\t\t\t<div class=\"elementor-widget-wrap elementor-element-populated\">\n\t\t\t\t\t\t<div class=\"elementor-element elementor-element-49fc1eaa elementor-widget elementor-widget-text-editor\" data-id=\"49fc1eaa\" data-element_type=\"widget\" data-widget_type=\"text-editor.default\">\n\t\t\t\t<div class=\"elementor-widget-container\">\n\t\t\t\t\t\t\t<!-- wp:paragraph -->\n<p><strong>Urs Feller<\/strong><br \/>eidg. dipl. Naturheilpraktiker<br \/>6442 Gersau<br \/><a class=\"\" href=\"http:\/\/www.ursfeller.ch\/\" target=\"_blank\" rel=\"noreferrer noopener\">www.ursfeller.ch<\/a><br \/><a class=\"\" href=\"mailto:urs.feller@ursfeller.ch\" target=\"_blank\" rel=\"noreferrer noopener\">urs.feller@ursfeller.ch<\/a><br \/><br \/><strong>Umfassende biologisch-medizinische Behandlungen<\/strong><br class=\"\" \/>Ursachen-Abkl\u00e4rung, Diagnostik und Therapie mit modernsten Ger\u00e4ten<br class=\"\" \/>Neueste Erkenntnisse, z. B. aus der Anti-Aging-Forschung, binde ich laufend in meine Therapien mit ein.<br class=\"\" \/><span style=\"text-decoration: underline;\">Spezialgebiete:<\/span> bioidentische Hormontherapie, Ausleiten, Nahrungserg\u00e4nzungen, Hypersensitivit\u00e4t, usw.<span class=\"oneComWebmail-Apple-converted-space\">\u00a0<\/span><br class=\"\" \/><br class=\"\" \/>Mitglied SSAAMP \/ Swiss Society for Anti Aging Medicine &amp; Prevention<br class=\"\" \/>Mitglied NVS \/ Natur\u00e4rztevereinigung der Schweiz<br class=\"\" \/>Mitglied IGIMP \/ Internationale Gesellschaft f\u00fcr Immunbiologie, Milieumedizin und Pleomorphologie.<\/p>\n<!-- \/wp:paragraph --><!-- wp:paragraph --><!-- \/wp:paragraph -->\t\t\t\t\t\t<\/div>\n\t\t\t\t<\/div>\n\t\t\t\t\t<\/div>\n\t\t<\/div>\n\t\t\t\t<div class=\"elementor-column elementor-col-50 elementor-inner-column elementor-element elementor-element-708e4af\" data-id=\"708e4af\" data-element_type=\"column\">\n\t\t\t<div class=\"elementor-widget-wrap elementor-element-populated\">\n\t\t\t\t\t\t<div class=\"elementor-element elementor-element-ab44c97 elementor-widget elementor-widget-image\" data-id=\"ab44c97\" data-element_type=\"widget\" data-widget_type=\"image.default\">\n\t\t\t\t<div class=\"elementor-widget-container\">\n\t\t\t\t\t\t\t\t\t\t\t\t\t<img fetchpriority=\"high\" decoding=\"async\" width=\"960\" height=\"1280\" src=\"https:\/\/graswurzle.ch\/wp-content\/uploads\/2021\/09\/2-6.jpeg\" class=\"attachment-full size-full wp-image-8193\" alt=\"Urs Feller\" srcset=\"https:\/\/graswurzle.ch\/wp-content\/uploads\/2021\/09\/2-6.jpeg 960w, https:\/\/graswurzle.ch\/wp-content\/uploads\/2021\/09\/2-6-225x300.jpeg 225w, https:\/\/graswurzle.ch\/wp-content\/uploads\/2021\/09\/2-6-768x1024.jpeg 768w, https:\/\/graswurzle.ch\/wp-content\/uploads\/2021\/09\/2-6-100x133.jpeg 100w, https:\/\/graswurzle.ch\/wp-content\/uploads\/2021\/09\/2-6-150x200.jpeg 150w, https:\/\/graswurzle.ch\/wp-content\/uploads\/2021\/09\/2-6-200x267.jpeg 200w, https:\/\/graswurzle.ch\/wp-content\/uploads\/2021\/09\/2-6-300x400.jpeg 300w, https:\/\/graswurzle.ch\/wp-content\/uploads\/2021\/09\/2-6-450x600.jpeg 450w, https:\/\/graswurzle.ch\/wp-content\/uploads\/2021\/09\/2-6-600x800.jpeg 600w, https:\/\/graswurzle.ch\/wp-content\/uploads\/2021\/09\/2-6-900x1200.jpeg 900w\" sizes=\"(max-width: 960px) 100vw, 960px\" \/>\t\t\t\t\t\t\t\t\t\t\t\t\t<\/div>\n\t\t\t\t<\/div>\n\t\t\t\t\t<\/div>\n\t\t<\/div>\n\t\t\t\t\t<\/div>\n\t\t<\/section>\n\t\t\t\t<div class=\"elementor-element elementor-element-99698b8 elementor-widget-divider--view-line elementor-widget elementor-widget-divider\" data-id=\"99698b8\" data-element_type=\"widget\" data-widget_type=\"divider.default\">\n\t\t\t\t<div class=\"elementor-widget-container\">\n\t\t\t\t\t<div class=\"elementor-divider\">\n\t\t\t<span class=\"elementor-divider-separator\">\n\t\t\t\t\t\t<\/span>\n\t\t<\/div>\n\t\t\t\t<\/div>\n\t\t\t\t<\/div>\n\t\t\t\t<div class=\"elementor-element elementor-element-8b6b1e5 elementor-widget elementor-widget-heading\" data-id=\"8b6b1e5\" data-element_type=\"widget\" data-widget_type=\"heading.default\">\n\t\t\t\t<div class=\"elementor-widget-container\">\n\t\t\t<h2 class=\"elementor-heading-title elementor-size-default\">Atemtherapie nach Middendorf<\/h2>\t\t<\/div>\n\t\t\t\t<\/div>\n\t\t\t\t<div class=\"elementor-element elementor-element-f42216a elementor-widget-divider--view-line elementor-widget elementor-widget-divider\" data-id=\"f42216a\" data-element_type=\"widget\" data-widget_type=\"divider.default\">\n\t\t\t\t<div class=\"elementor-widget-container\">\n\t\t\t\t\t<div class=\"elementor-divider\">\n\t\t\t<span class=\"elementor-divider-separator\">\n\t\t\t\t\t\t<\/span>\n\t\t<\/div>\n\t\t\t\t<\/div>\n\t\t\t\t<\/div>\n\t\t\t\t<section class=\"elementor-section elementor-inner-section elementor-element elementor-element-2c5b564 elementor-section-boxed elementor-section-height-default elementor-section-height-default\" data-id=\"2c5b564\" data-element_type=\"section\">\n\t\t\t\t\t\t<div class=\"elementor-container elementor-column-gap-default\">\n\t\t\t\t\t<div class=\"elementor-column elementor-col-50 elementor-inner-column elementor-element elementor-element-d7592c6\" data-id=\"d7592c6\" data-element_type=\"column\">\n\t\t\t<div class=\"elementor-widget-wrap elementor-element-populated\">\n\t\t\t\t\t\t<div class=\"elementor-element elementor-element-d40b777 elementor-widget elementor-widget-text-editor\" data-id=\"d40b777\" data-element_type=\"widget\" data-widget_type=\"text-editor.default\">\n\t\t\t\t<div class=\"elementor-widget-container\">\n\t\t\t\t\t\t\t<!-- wp:paragraph -->\n<p><strong>Atempraxis Jeanine K\u00f6lbl<\/strong><br \/>c\/o Gemeinschaftspraxis am Farbhof<br \/>Badenerstrasse 745<br \/>8048 Z\u00fcrich Altstetten<\/p>\n<p>mittwochs: c\/o EIM Praxis, Seidenstrasse 22, 8853 Lachen<br \/>Tel. 079 842 00 52<br \/><a href=\"mailto:info@atemruum.ch\">info@atemruum.ch<\/a><br \/><a href=\"http:\/\/www.atemruum.ch\">www.atemruum.ch<\/a><\/p>\n<p>\u00dcber die Zusatzversicherung Krankenkassen anerkannt<br \/>Mitglied beim Atemfachverband Schweiz AFS<\/p>\n<p><strong>Atemtherapie ist hilfreich bei:<\/strong><br \/>Stresssymptomen, Burnout, Atemwegserkrankungen und -beschwerden, Herz-Kreislauf-, Magen- Darmst\u00f6rungen, Muskelverspannungen, Fehlhaltungen<br \/>Kopfschmerzen, Migr\u00e4ne, Menstruationsbeschwerden, M\u00fcdigkeit, Energiemangel und Schlafst\u00f6rungen, Spannungs- und Ersch\u00f6pfungszust\u00e4nde, Konzentrationsst\u00f6rungen, depressiven Verstimmungen, Angst, Panikattacken<\/p>\n<p>Die Atemtherapie ist eine ganzheitliche Methode, welche hilft, die nat\u00fcrliche Atmung wieder zu erlangen. \u00dcbungen und Behandlung harmonisieren das vegetative Nervensystem, erweitern die Atemr\u00e4ume, f\u00f6rdern Empfindungsf\u00e4higkeit, regulieren Atemrhythmus und Muskelspannung. Ung\u00fcnstige Atemgewohnheiten wie Mundatmung, Atem anhalten oder Hochatem werden erkannt und ver\u00e4ndern sich mit zunehmendem K\u00f6rperbewusstsein. Die Durchl\u00e4ssigkeit des K\u00f6rpers f\u00fcr die Atembewegung w\u00e4chst. Damit verbessert sich die K\u00f6rperhaltung wie auch die Sicht in Bezug auf Probleme und Beschwerden. Atemkraft und Vertrauen wachsen, Resilienz wird gest\u00e4rkt und tief erfahrbares Wohlbefinden stellt sich ein.<\/p>\n<!-- \/wp:paragraph --><!-- wp:paragraph --><!-- \/wp:paragraph -->\t\t\t\t\t\t<\/div>\n\t\t\t\t<\/div>\n\t\t\t\t\t<\/div>\n\t\t<\/div>\n\t\t\t\t<div class=\"elementor-column elementor-col-50 elementor-inner-column elementor-element elementor-element-2b754f3\" data-id=\"2b754f3\" data-element_type=\"column\">\n\t\t\t<div class=\"elementor-widget-wrap elementor-element-populated\">\n\t\t\t\t\t\t<div class=\"elementor-element elementor-element-9380f10 elementor-widget elementor-widget-image\" data-id=\"9380f10\" data-element_type=\"widget\" data-widget_type=\"image.default\">\n\t\t\t\t<div class=\"elementor-widget-container\">\n\t\t\t\t\t\t\t\t\t\t\t\t\t<img decoding=\"async\" width=\"500\" height=\"667\" src=\"https:\/\/graswurzle.ch\/wp-content\/uploads\/2022\/06\/jeanine.jpg\" class=\"attachment-full size-full wp-image-15835\" alt=\"Atempraxis Jeanine K\u00f6lbl\" srcset=\"https:\/\/graswurzle.ch\/wp-content\/uploads\/2022\/06\/jeanine.jpg 500w, https:\/\/graswurzle.ch\/wp-content\/uploads\/2022\/06\/jeanine-225x300.jpg 225w, https:\/\/graswurzle.ch\/wp-content\/uploads\/2022\/06\/jeanine-9x12.jpg 9w, https:\/\/graswurzle.ch\/wp-content\/uploads\/2022\/06\/jeanine-100x133.jpg 100w, https:\/\/graswurzle.ch\/wp-content\/uploads\/2022\/06\/jeanine-150x200.jpg 150w, https:\/\/graswurzle.ch\/wp-content\/uploads\/2022\/06\/jeanine-200x267.jpg 200w, https:\/\/graswurzle.ch\/wp-content\/uploads\/2022\/06\/jeanine-300x400.jpg 300w, https:\/\/graswurzle.ch\/wp-content\/uploads\/2022\/06\/jeanine-450x600.jpg 450w\" sizes=\"(max-width: 500px) 100vw, 500px\" \/>\t\t\t\t\t\t\t\t\t\t\t\t\t<\/div>\n\t\t\t\t<\/div>\n\t\t\t\t\t<\/div>\n\t\t<\/div>\n\t\t\t\t\t<\/div>\n\t\t<\/section>\n\t\t\t\t<div class=\"elementor-element elementor-element-a5f209a elementor-widget-divider--view-line elementor-widget elementor-widget-divider\" data-id=\"a5f209a\" data-element_type=\"widget\" data-widget_type=\"divider.default\">\n\t\t\t\t<div class=\"elementor-widget-container\">\n\t\t\t\t\t<div class=\"elementor-divider\">\n\t\t\t<span class=\"elementor-divider-separator\">\n\t\t\t\t\t\t<\/span>\n\t\t<\/div>\n\t\t\t\t<\/div>\n\t\t\t\t<\/div>\n\t\t\t\t<div class=\"elementor-element elementor-element-a51a752 elementor-widget elementor-widget-heading\" data-id=\"a51a752\" data-element_type=\"widget\" data-widget_type=\"heading.default\">\n\t\t\t\t<div class=\"elementor-widget-container\">\n\t\t\t<h2 class=\"elementor-heading-title elementor-size-default\">Ganzheitliche Ern\u00e4hrungsberatung<\/h2>\t\t<\/div>\n\t\t\t\t<\/div>\n\t\t\t\t<div class=\"elementor-element elementor-element-7025df0 elementor-widget-divider--view-line elementor-widget elementor-widget-divider\" data-id=\"7025df0\" data-element_type=\"widget\" data-widget_type=\"divider.default\">\n\t\t\t\t<div class=\"elementor-widget-container\">\n\t\t\t\t\t<div class=\"elementor-divider\">\n\t\t\t<span class=\"elementor-divider-separator\">\n\t\t\t\t\t\t<\/span>\n\t\t<\/div>\n\t\t\t\t<\/div>\n\t\t\t\t<\/div>\n\t\t\t\t<section class=\"elementor-section elementor-inner-section elementor-element elementor-element-22b81b5 elementor-section-boxed elementor-section-height-default elementor-section-height-default\" data-id=\"22b81b5\" data-element_type=\"section\">\n\t\t\t\t\t\t<div class=\"elementor-container elementor-column-gap-default\">\n\t\t\t\t\t<div class=\"elementor-column elementor-col-50 elementor-inner-column elementor-element elementor-element-2d77306\" data-id=\"2d77306\" data-element_type=\"column\">\n\t\t\t<div class=\"elementor-widget-wrap elementor-element-populated\">\n\t\t\t\t\t\t<div class=\"elementor-element elementor-element-59186a1 elementor-widget elementor-widget-text-editor\" data-id=\"59186a1\" data-element_type=\"widget\" data-widget_type=\"text-editor.default\">\n\t\t\t\t<div class=\"elementor-widget-container\">\n\t\t\t\t\t\t\t<p><strong>Erica B\u00e4nziger<\/strong> <br \/>dipl. Ern\u00e4hrungsberaterin SVDE<br \/>Kochbuchautorin<br \/>Studio della salute Olivo<br \/>6652 Tegna TI <br \/>091 796 28 61 <br \/>079 354 12 30 <br \/><a href=\"mailto:erica@biogans.ch\">erica@biogans.ch<\/a> <br \/><a href=\"https:\/\/www.ericabaenziger.com\">www.ericabaenziger.com<\/a> \/ im Aufbau<br \/><br \/>Spezialisiert auf orthomolekulare Medizin und Fetts\u00e4uren\/ Messungen, Krankenkassen anerkannt mit \u00dcberweisung vom Arzt<\/p>\t\t\t\t\t\t<\/div>\n\t\t\t\t<\/div>\n\t\t\t\t\t<\/div>\n\t\t<\/div>\n\t\t\t\t<div class=\"elementor-column elementor-col-50 elementor-inner-column elementor-element elementor-element-1f069f6\" data-id=\"1f069f6\" data-element_type=\"column\">\n\t\t\t<div class=\"elementor-widget-wrap elementor-element-populated\">\n\t\t\t\t\t\t<div class=\"elementor-element elementor-element-e81cf41 elementor-widget elementor-widget-image\" data-id=\"e81cf41\" data-element_type=\"widget\" data-widget_type=\"image.default\">\n\t\t\t\t<div class=\"elementor-widget-container\">\n\t\t\t\t\t\t\t\t\t\t\t\t\t<img decoding=\"async\" width=\"500\" height=\"667\" src=\"https:\/\/graswurzle.ch\/wp-content\/uploads\/2022\/02\/frau1.jpg\" class=\"attachment-large size-large wp-image-14672\" alt=\"\" srcset=\"https:\/\/graswurzle.ch\/wp-content\/uploads\/2022\/02\/frau1.jpg 500w, https:\/\/graswurzle.ch\/wp-content\/uploads\/2022\/02\/frau1-225x300.jpg 225w, https:\/\/graswurzle.ch\/wp-content\/uploads\/2022\/02\/frau1-9x12.jpg 9w, https:\/\/graswurzle.ch\/wp-content\/uploads\/2022\/02\/frau1-100x133.jpg 100w, https:\/\/graswurzle.ch\/wp-content\/uploads\/2022\/02\/frau1-150x200.jpg 150w, https:\/\/graswurzle.ch\/wp-content\/uploads\/2022\/02\/frau1-200x267.jpg 200w, https:\/\/graswurzle.ch\/wp-content\/uploads\/2022\/02\/frau1-300x400.jpg 300w, https:\/\/graswurzle.ch\/wp-content\/uploads\/2022\/02\/frau1-450x600.jpg 450w\" sizes=\"(max-width: 500px) 100vw, 500px\" \/>\t\t\t\t\t\t\t\t\t\t\t\t\t<\/div>\n\t\t\t\t<\/div>\n\t\t\t\t\t<\/div>\n\t\t<\/div>\n\t\t\t\t\t<\/div>\n\t\t<\/section>\n\t\t\t\t<div class=\"elementor-element elementor-element-b1dd022 elementor-widget-divider--view-line elementor-widget elementor-widget-divider\" data-id=\"b1dd022\" data-element_type=\"widget\" data-widget_type=\"divider.default\">\n\t\t\t\t<div class=\"elementor-widget-container\">\n\t\t\t\t\t<div class=\"elementor-divider\">\n\t\t\t<span class=\"elementor-divider-separator\">\n\t\t\t\t\t\t<\/span>\n\t\t<\/div>\n\t\t\t\t<\/div>\n\t\t\t\t<\/div>\n\t\t\t\t<div class=\"elementor-element elementor-element-62b5e7a elementor-widget elementor-widget-heading\" data-id=\"62b5e7a\" data-element_type=\"widget\" data-widget_type=\"heading.default\">\n\t\t\t\t<div class=\"elementor-widget-container\">\n\t\t\t<h2 class=\"elementor-heading-title elementor-size-default\">Feldenkrais<\/h2>\t\t<\/div>\n\t\t\t\t<\/div>\n\t\t\t\t<div class=\"elementor-element elementor-element-9d2220f elementor-widget-divider--view-line elementor-widget elementor-widget-divider\" data-id=\"9d2220f\" data-element_type=\"widget\" data-widget_type=\"divider.default\">\n\t\t\t\t<div class=\"elementor-widget-container\">\n\t\t\t\t\t<div class=\"elementor-divider\">\n\t\t\t<span class=\"elementor-divider-separator\">\n\t\t\t\t\t\t<\/span>\n\t\t<\/div>\n\t\t\t\t<\/div>\n\t\t\t\t<\/div>\n\t\t\t\t<section class=\"elementor-section elementor-inner-section elementor-element elementor-element-add60ea elementor-section-boxed elementor-section-height-default elementor-section-height-default\" data-id=\"add60ea\" data-element_type=\"section\">\n\t\t\t\t\t\t<div class=\"elementor-container elementor-column-gap-default\">\n\t\t\t\t\t<div class=\"elementor-column elementor-col-50 elementor-inner-column elementor-element elementor-element-ecc9476\" data-id=\"ecc9476\" data-element_type=\"column\">\n\t\t\t<div class=\"elementor-widget-wrap elementor-element-populated\">\n\t\t\t\t\t\t<div class=\"elementor-element elementor-element-0282c44 elementor-widget elementor-widget-text-editor\" data-id=\"0282c44\" data-element_type=\"widget\" data-widget_type=\"text-editor.default\">\n\t\t\t\t<div class=\"elementor-widget-container\">\n\t\t\t\t\t\t\t<div>\n<p class=\"v1MsoNormal\"><strong>Zertifizierte Feldenkraisp\u00e4dagogin SFV<\/strong><br \/>Tatjana Pacheco<br \/>Laurenzenvorstadt 85<br \/>5000 Aarau<br \/><a href=\"http:\/\/www.tatjana-pacheco-feldenkrais.ch\/\" target=\"_blank\" rel=\"noopener noreferrer\">www.tatjana-pacheco-feldenkrais.ch<\/a><br \/><a href=\"mailto:tatjana.pacheco@feldenkrais.ch\" rel=\"noreferrer\">tatjana.pacheco@feldenkrais.ch<\/a><\/p>\n<p>Die Feldenkrais Methode\u00ae basiert auf den menschlichen Entwicklungsstufen und den biomechanischen Gesetzen. Sie ist eine ganzheitliche, k\u00f6rperorientierte Lernmethode und bietet dem Erwachsenen die M\u00f6glichkeit, zu fr\u00fchen Entwicklungsstufen zur\u00fcckzukehren, in denen sich die individuellen Bewegungsmuster verfestigt haben. Mit Bewusstheit k\u00f6nnen sie nun erneut erfahren werden. Durch diese einzigartige Vorgehensweise k\u00f6nnen nicht mehr dienliche Bewegungsmuster, die sich im Lauf des Lebens aufgrund verschiedenster Faktoren (Krankheiten, Fehlbelastung, Unf\u00e4lle, etc) zu chronischen Beschwerden entwickelt haben, erkannt und durch neue, sinnvollere Bewegungsmuster ersetzt werden. Verspannungen l\u00f6sen sich auf, Schmerzen k\u00f6nnen weichen. der Atem wird frei und Ihr Bewegungsspielraum erweitert sich. Mit diesem neu entdeckten Wohlgef\u00fchl\u00a0 finden Sie zu mehr Leichtigkeit und Wohlbefinden im t\u00e4glichen Leben.<\/p>\n<p>Die Feldenkrais Methode\u00ae gilt heute als eine der anerkanntesten p\u00e4dagogischen Methoden, um geistige und k\u00f6rperliche Funktionen umfassend und differenziert zu verbessern.<\/p>\n<p><span dir=\"ltr\" role=\"presentation\">Meine Praxis ist Krankenkassen anerkannt<\/span>.<\/p>\n<\/div>\t\t\t\t\t\t<\/div>\n\t\t\t\t<\/div>\n\t\t\t\t\t<\/div>\n\t\t<\/div>\n\t\t\t\t<div class=\"elementor-column elementor-col-50 elementor-inner-column elementor-element elementor-element-8a0345c\" data-id=\"8a0345c\" data-element_type=\"column\">\n\t\t\t<div class=\"elementor-widget-wrap elementor-element-populated\">\n\t\t\t\t\t\t<div class=\"elementor-element elementor-element-59ef8a4 elementor-widget elementor-widget-image\" data-id=\"59ef8a4\" data-element_type=\"widget\" data-widget_type=\"image.default\">\n\t\t\t\t<div class=\"elementor-widget-container\">\n\t\t\t\t\t\t\t\t\t\t\t\t\t<img loading=\"lazy\" decoding=\"async\" width=\"500\" height=\"667\" src=\"https:\/\/graswurzle.ch\/wp-content\/uploads\/2022\/10\/tatjana_pacheco.jpg\" class=\"attachment-large size-large wp-image-16800\" alt=\"\" srcset=\"https:\/\/graswurzle.ch\/wp-content\/uploads\/2022\/10\/tatjana_pacheco.jpg 500w, https:\/\/graswurzle.ch\/wp-content\/uploads\/2022\/10\/tatjana_pacheco-225x300.jpg 225w, https:\/\/graswurzle.ch\/wp-content\/uploads\/2022\/10\/tatjana_pacheco-9x12.jpg 9w, https:\/\/graswurzle.ch\/wp-content\/uploads\/2022\/10\/tatjana_pacheco-100x133.jpg 100w, https:\/\/graswurzle.ch\/wp-content\/uploads\/2022\/10\/tatjana_pacheco-150x200.jpg 150w, https:\/\/graswurzle.ch\/wp-content\/uploads\/2022\/10\/tatjana_pacheco-200x267.jpg 200w, https:\/\/graswurzle.ch\/wp-content\/uploads\/2022\/10\/tatjana_pacheco-300x400.jpg 300w, https:\/\/graswurzle.ch\/wp-content\/uploads\/2022\/10\/tatjana_pacheco-450x600.jpg 450w\" sizes=\"(max-width: 500px) 100vw, 500px\" \/>\t\t\t\t\t\t\t\t\t\t\t\t\t<\/div>\n\t\t\t\t<\/div>\n\t\t\t\t\t<\/div>\n\t\t<\/div>\n\t\t\t\t\t<\/div>\n\t\t<\/section>\n\t\t\t\t<div class=\"elementor-element elementor-element-7f06406 elementor-widget-divider--view-line elementor-widget elementor-widget-divider\" data-id=\"7f06406\" data-element_type=\"widget\" data-widget_type=\"divider.default\">\n\t\t\t\t<div class=\"elementor-widget-container\">\n\t\t\t\t\t<div class=\"elementor-divider\">\n\t\t\t<span class=\"elementor-divider-separator\">\n\t\t\t\t\t\t<\/span>\n\t\t<\/div>\n\t\t\t\t<\/div>\n\t\t\t\t<\/div>\n\t\t\t\t<div class=\"elementor-element elementor-element-ded2bb5 elementor-widget elementor-widget-heading\" data-id=\"ded2bb5\" data-element_type=\"widget\" data-widget_type=\"heading.default\">\n\t\t\t\t<div class=\"elementor-widget-container\">\n\t\t\t<h2 class=\"elementor-heading-title elementor-size-default\">Hom\u00f6opathie<\/h2>\t\t<\/div>\n\t\t\t\t<\/div>\n\t\t\t\t<div class=\"elementor-element elementor-element-6e72fb6 elementor-widget-divider--view-line elementor-widget elementor-widget-divider\" data-id=\"6e72fb6\" data-element_type=\"widget\" data-widget_type=\"divider.default\">\n\t\t\t\t<div class=\"elementor-widget-container\">\n\t\t\t\t\t<div class=\"elementor-divider\">\n\t\t\t<span class=\"elementor-divider-separator\">\n\t\t\t\t\t\t<\/span>\n\t\t<\/div>\n\t\t\t\t<\/div>\n\t\t\t\t<\/div>\n\t\t\t\t<section class=\"elementor-section elementor-inner-section elementor-element elementor-element-5760204 elementor-section-boxed elementor-section-height-default elementor-section-height-default\" data-id=\"5760204\" data-element_type=\"section\">\n\t\t\t\t\t\t<div class=\"elementor-container elementor-column-gap-default\">\n\t\t\t\t\t<div class=\"elementor-column elementor-col-50 elementor-inner-column elementor-element elementor-element-8c1abe4\" data-id=\"8c1abe4\" data-element_type=\"column\">\n\t\t\t<div class=\"elementor-widget-wrap elementor-element-populated\">\n\t\t\t\t\t\t<div class=\"elementor-element elementor-element-1ae62b1 elementor-widget elementor-widget-text-editor\" data-id=\"1ae62b1\" data-element_type=\"widget\" data-widget_type=\"text-editor.default\">\n\t\t\t\t<div class=\"elementor-widget-container\">\n\t\t\t\t\t\t\t<!-- wp:paragraph -->\n<p><strong>Praxis f\u00fcr Hom\u00f6opathie \u2013 Martin Schiewek M\u00fcller<br \/><\/strong>Martin Schiewek<br \/>Dipl. Hom\u00f6opath SHP<br \/>6060 Sarnen<\/p>\n<p><a href=\"http:\/\/www.h-impuls.ch\">www.h-impuls.ch<\/a><br \/><a href=\"mailto:info@h-impuls.ch\" target=\"_top\"><span style=\"font-family: Maiandra GD, sans-serif;\">info@h-impuls.ch<\/span><\/a><br \/><br \/><strong>Die Lebenskraft befreien<\/strong><br \/>Individualisierte, dabei umfassend ganzheitliche und an der Wurzel von akuten und chronischen Erkrankungen ansetzende, Behandlung.<br \/><br \/>Schwerpunkt<em> Systematische Hom\u00f6opathie:<\/em> Pr\u00e4zise Mittelwahl aus einem riesigen Fundus an Substanzen.<br \/><br \/><em>Vitalempfindungsmethode:<\/em> Heilsame Anamnesen.<br \/>Begleitung von Kindern mit Verhaltensauff\u00e4lligkeit, von Menschen mit Behinderungen und in der Palliative Care.<br \/><br \/><em>Ganzheitliche Gesundheits- und Lebensberatung<\/em> zur Erkenntnis der Zusammenh\u00e4nge von individuellen Krankheitspr\u00e4gungen und Problemkonstellationen. Einbezug der <em>5 Biologischen Naturgesetze,<\/em> des Familiensystems, der astrologischen Energiemuster etc. &#8211; je nach Bedarf.<br \/><br \/><\/p>\n<p>Mitglied HVS \/ Hom\u00f6opathieverband Schweiz (bisher)<br \/>Initiator und Vorstandsmitglied von Palliative Komplement\u00e4r Obwalden<\/p>\n<!-- \/wp:paragraph --><!-- wp:paragraph --><!-- \/wp:paragraph -->\t\t\t\t\t\t<\/div>\n\t\t\t\t<\/div>\n\t\t\t\t\t<\/div>\n\t\t<\/div>\n\t\t\t\t<div class=\"elementor-column elementor-col-50 elementor-inner-column elementor-element elementor-element-363078f\" data-id=\"363078f\" data-element_type=\"column\">\n\t\t\t<div class=\"elementor-widget-wrap elementor-element-populated\">\n\t\t\t\t\t\t<div class=\"elementor-element elementor-element-94d33c1 elementor-widget elementor-widget-image\" data-id=\"94d33c1\" data-element_type=\"widget\" data-widget_type=\"image.default\">\n\t\t\t\t<div class=\"elementor-widget-container\">\n\t\t\t\t\t\t\t\t\t\t\t\t\t<img loading=\"lazy\" decoding=\"async\" width=\"500\" height=\"663\" src=\"https:\/\/graswurzle.ch\/wp-content\/uploads\/2021\/12\/MSM_Profil_Ausschnitt_frontal.jpg\" class=\"attachment-full size-full wp-image-12635\" alt=\"\" srcset=\"https:\/\/graswurzle.ch\/wp-content\/uploads\/2021\/12\/MSM_Profil_Ausschnitt_frontal.jpg 500w, https:\/\/graswurzle.ch\/wp-content\/uploads\/2021\/12\/MSM_Profil_Ausschnitt_frontal-226x300.jpg 226w, https:\/\/graswurzle.ch\/wp-content\/uploads\/2021\/12\/MSM_Profil_Ausschnitt_frontal-100x133.jpg 100w, https:\/\/graswurzle.ch\/wp-content\/uploads\/2021\/12\/MSM_Profil_Ausschnitt_frontal-150x199.jpg 150w, https:\/\/graswurzle.ch\/wp-content\/uploads\/2021\/12\/MSM_Profil_Ausschnitt_frontal-200x265.jpg 200w, https:\/\/graswurzle.ch\/wp-content\/uploads\/2021\/12\/MSM_Profil_Ausschnitt_frontal-300x398.jpg 300w, https:\/\/graswurzle.ch\/wp-content\/uploads\/2021\/12\/MSM_Profil_Ausschnitt_frontal-450x597.jpg 450w\" sizes=\"(max-width: 500px) 100vw, 500px\" \/>\t\t\t\t\t\t\t\t\t\t\t\t\t<\/div>\n\t\t\t\t<\/div>\n\t\t\t\t\t<\/div>\n\t\t<\/div>\n\t\t\t\t\t<\/div>\n\t\t<\/section>\n\t\t\t\t<div class=\"elementor-element elementor-element-5c77e85 elementor-widget-divider--view-line elementor-widget elementor-widget-divider\" data-id=\"5c77e85\" data-element_type=\"widget\" data-widget_type=\"divider.default\">\n\t\t\t\t<div class=\"elementor-widget-container\">\n\t\t\t\t\t<div class=\"elementor-divider\">\n\t\t\t<span class=\"elementor-divider-separator\">\n\t\t\t\t\t\t<\/span>\n\t\t<\/div>\n\t\t\t\t<\/div>\n\t\t\t\t<\/div>\n\t\t\t\t<div class=\"elementor-element elementor-element-6c68373 elementor-widget elementor-widget-heading\" data-id=\"6c68373\" data-element_type=\"widget\" data-widget_type=\"heading.default\">\n\t\t\t\t<div class=\"elementor-widget-container\">\n\t\t\t<h2 class=\"elementor-heading-title elementor-size-default\">Hypnose<\/h2>\t\t<\/div>\n\t\t\t\t<\/div>\n\t\t\t\t<div class=\"elementor-element elementor-element-548415c elementor-widget-divider--view-line elementor-widget elementor-widget-divider\" data-id=\"548415c\" data-element_type=\"widget\" data-widget_type=\"divider.default\">\n\t\t\t\t<div class=\"elementor-widget-container\">\n\t\t\t\t\t<div class=\"elementor-divider\">\n\t\t\t<span class=\"elementor-divider-separator\">\n\t\t\t\t\t\t<\/span>\n\t\t<\/div>\n\t\t\t\t<\/div>\n\t\t\t\t<\/div>\n\t\t\t\t<section class=\"elementor-section elementor-inner-section elementor-element elementor-element-f55bfe2 elementor-section-boxed elementor-section-height-default elementor-section-height-default\" data-id=\"f55bfe2\" data-element_type=\"section\">\n\t\t\t\t\t\t<div class=\"elementor-container elementor-column-gap-default\">\n\t\t\t\t\t<div class=\"elementor-column elementor-col-50 elementor-inner-column elementor-element elementor-element-9153b0f\" data-id=\"9153b0f\" data-element_type=\"column\">\n\t\t\t<div class=\"elementor-widget-wrap elementor-element-populated\">\n\t\t\t\t\t\t<div class=\"elementor-element elementor-element-b026fb4 elementor-widget elementor-widget-text-editor\" data-id=\"b026fb4\" data-element_type=\"widget\" data-widget_type=\"text-editor.default\">\n\t\t\t\t<div class=\"elementor-widget-container\">\n\t\t\t\t\t\t\t<p><strong>Hypnoseprogesund<\/strong><br \/>Praxis Gudrun Ebeling<br \/>Dipl.Hypnosetherapeutin<br \/>Dipl. Expertin-Intensivpflege<br \/>Mu\u0308hlenplatz 11<br \/>CH-6004 Luzern<br \/>Tel: +41 76 221 07 02<br \/><a href=\"http:\/\/www.hypnoseprogesund.ch\">www.hypnoseprogesund.ch<\/a><br \/><a href=\"mailto:info@hypnoseprogesund.ch\">info@hypnoseprogesund.ch<br \/><br \/><\/a><\/p>\n<p><strong>Ver\u00e4nderungen beginnen im Kopf<\/strong> <br \/>Eine geistige Neuorientierung sorgt nicht nur fu\u0308r mehr Wohlbefinden und Sicherheit, sondern l\u00e4sst gleichzeitig auch den K\u00f6rper gesunden. Die ursachenorientierte Hypnosetherapie unterstu\u0308tzt dich dabei, deine sich widersprechenden Gefu\u0308hle und blockierenden Faktoren aufzul\u00f6sen, damit der Zugang zu verborgenen Potentialen und inneren Ressourcen er\u00f6ffnet werden kann. Die in der Hypnose erreichte Tiefenentspannung aktiviert die k\u00f6rpereigenen Heil- und Reparaturmechanismen und unterstu\u0308tzt Ver\u00e4nderung und Wohlbefinden.<\/p>\n<p>Hypnose ist eine wissenschaftlich anerkannte und effektive Kurzzeittherapie, die hilft, die Kontrolle wiederzuerlangen, und handlungsf\u00e4hig dein Leben positiv und nachhaltig zu ver\u00e4ndern.<\/p>\n<p><strong>Spezialisierungen:<\/strong> Herz-Kreislauf-Erkrankungen, Krebserkrankungen, Schmerzen, Depressionen, \u00c4ngste, Gewichtsreduktion, Diabetes-Typ2, Schlafst\u00f6rungen, Stress, Burnout, chronische Beschwerden, Magen- Darmerkrankungen, Vor-\/Nachbereitung von Operationen, Rehabilitation, Autoimmunerkrankungen, Essst\u00f6rungen usw. Gesundheitspr\u00e4vention, Tiefenentspannung, Selbstwert, Steigerung der Motivation, Konzentrations- und Lernf\u00e4higkeit, Pru\u0308fungs\u00e4ngsten, -vorbereitung uvm.<\/p>\t\t\t\t\t\t<\/div>\n\t\t\t\t<\/div>\n\t\t\t\t\t<\/div>\n\t\t<\/div>\n\t\t\t\t<div class=\"elementor-column elementor-col-50 elementor-inner-column elementor-element elementor-element-a44181a\" data-id=\"a44181a\" data-element_type=\"column\">\n\t\t\t<div class=\"elementor-widget-wrap elementor-element-populated\">\n\t\t\t\t\t\t<div class=\"elementor-element elementor-element-c9f2698 elementor-widget elementor-widget-image\" data-id=\"c9f2698\" data-element_type=\"widget\" data-widget_type=\"image.default\">\n\t\t\t\t<div class=\"elementor-widget-container\">\n\t\t\t\t\t\t\t\t\t\t\t\t\t<img loading=\"lazy\" decoding=\"async\" width=\"500\" height=\"667\" src=\"https:\/\/graswurzle.ch\/wp-content\/uploads\/2022\/02\/hypnose_lang.jpg\" class=\"attachment-large size-large wp-image-14668\" alt=\"\" srcset=\"https:\/\/graswurzle.ch\/wp-content\/uploads\/2022\/02\/hypnose_lang.jpg 500w, https:\/\/graswurzle.ch\/wp-content\/uploads\/2022\/02\/hypnose_lang-225x300.jpg 225w, https:\/\/graswurzle.ch\/wp-content\/uploads\/2022\/02\/hypnose_lang-9x12.jpg 9w, https:\/\/graswurzle.ch\/wp-content\/uploads\/2022\/02\/hypnose_lang-100x133.jpg 100w, https:\/\/graswurzle.ch\/wp-content\/uploads\/2022\/02\/hypnose_lang-150x200.jpg 150w, https:\/\/graswurzle.ch\/wp-content\/uploads\/2022\/02\/hypnose_lang-200x267.jpg 200w, https:\/\/graswurzle.ch\/wp-content\/uploads\/2022\/02\/hypnose_lang-300x400.jpg 300w, https:\/\/graswurzle.ch\/wp-content\/uploads\/2022\/02\/hypnose_lang-450x600.jpg 450w\" sizes=\"(max-width: 500px) 100vw, 500px\" \/>\t\t\t\t\t\t\t\t\t\t\t\t\t<\/div>\n\t\t\t\t<\/div>\n\t\t\t\t\t<\/div>\n\t\t<\/div>\n\t\t\t\t\t<\/div>\n\t\t<\/section>\n\t\t\t\t<div class=\"elementor-element elementor-element-f8898fd elementor-widget-divider--view-line elementor-widget elementor-widget-divider\" data-id=\"f8898fd\" data-element_type=\"widget\" data-widget_type=\"divider.default\">\n\t\t\t\t<div class=\"elementor-widget-container\">\n\t\t\t\t\t<div class=\"elementor-divider\">\n\t\t\t<span class=\"elementor-divider-separator\">\n\t\t\t\t\t\t<\/span>\n\t\t<\/div>\n\t\t\t\t<\/div>\n\t\t\t\t<\/div>\n\t\t\t\t<div class=\"elementor-element elementor-element-b8a5dc6 elementor-widget elementor-widget-heading\" data-id=\"b8a5dc6\" data-element_type=\"widget\" data-widget_type=\"heading.default\">\n\t\t\t\t<div class=\"elementor-widget-container\">\n\t\t\t<h2 class=\"elementor-heading-title elementor-size-default\">Laser- und IPL-Behandlungen<\/h2>\t\t<\/div>\n\t\t\t\t<\/div>\n\t\t\t\t<div class=\"elementor-element elementor-element-130de1b elementor-widget-divider--view-line elementor-widget elementor-widget-divider\" data-id=\"130de1b\" data-element_type=\"widget\" data-widget_type=\"divider.default\">\n\t\t\t\t<div class=\"elementor-widget-container\">\n\t\t\t\t\t<div class=\"elementor-divider\">\n\t\t\t<span class=\"elementor-divider-separator\">\n\t\t\t\t\t\t<\/span>\n\t\t<\/div>\n\t\t\t\t<\/div>\n\t\t\t\t<\/div>\n\t\t\t\t<section class=\"elementor-section elementor-inner-section elementor-element elementor-element-cddee23 elementor-section-boxed elementor-section-height-default elementor-section-height-default\" data-id=\"cddee23\" data-element_type=\"section\">\n\t\t\t\t\t\t<div class=\"elementor-container elementor-column-gap-default\">\n\t\t\t\t\t<div class=\"elementor-column elementor-col-50 elementor-inner-column elementor-element elementor-element-583574d\" data-id=\"583574d\" data-element_type=\"column\">\n\t\t\t<div class=\"elementor-widget-wrap elementor-element-populated\">\n\t\t\t\t\t\t<div class=\"elementor-element elementor-element-b117512 elementor-widget elementor-widget-text-editor\" data-id=\"b117512\" data-element_type=\"widget\" data-widget_type=\"text-editor.default\">\n\t\t\t\t<div class=\"elementor-widget-container\">\n\t\t\t\t\t\t\t<!-- wp:paragraph -->\n<p><strong>Daniela Hagen<br \/><\/strong>Med. Lasertherapeutin<br \/>c\/o Praxisgemeinschaft<br \/>Reinhardstrasse 10<br \/>8008 Z\u00fcrich<\/p>\n<p><a href=\"https:\/\/laser-promed.ch\/\" target=\"_blank\" rel=\"noopener\">www.laser-promed.ch<\/a><br \/><a href=\"mailto:info@laser-promed.ch\" target=\"_blank\" rel=\"noopener\"><span style=\"font-family: Maiandra GD, sans-serif;\">info@laser-promed.ch<\/span><\/a><\/p>\n<p>Mit dem fraktionierten Laser 1540 aus den USA, f\u00fchre ich alle Arten von Narben Behandlungen durch:<\/p>\n<ul>\n<li>Aknenarben<\/li>\n<li>Operationsnarben<\/li>\n<li>Unfallnarben<\/li>\n<li>Verbrennungsnarben<\/li>\n<li>Ritznarben<\/li>\n<li>Dehnungs- und Schwangerschaftsstreifen<br \/>usw.<\/li>\n<\/ul>\n<p>Durch diese nicht invasive Laser-Behandlung werden Narben homogener. In vielen F\u00e4llen k\u00f6nnen sie sogar bis zur Unkenntlichkeit behandelt werden.<\/p>\n<p>Des Weiteren f\u00fchre ich IPL-Behandlungen (Blitzlicht) durch, welche erfolgreich bei Pigmentflecken (Sonnen- und Altersflecken) eingesetzt wird. Ebenso k\u00f6nnen Blutgef\u00e4sse (Couperose und Rosacea) reduziert oder ganz entfernt werden.<\/p>\n<p>Mit dem Dioden-Laser aus den USA, biete ich die permanente Haarentfernung an (eingewachsene Haare und Pickelbildung).<\/p>\t\t\t\t\t\t<\/div>\n\t\t\t\t<\/div>\n\t\t\t\t\t<\/div>\n\t\t<\/div>\n\t\t\t\t<div class=\"elementor-column elementor-col-50 elementor-inner-column elementor-element elementor-element-cded0b9\" data-id=\"cded0b9\" data-element_type=\"column\">\n\t\t\t<div class=\"elementor-widget-wrap elementor-element-populated\">\n\t\t\t\t\t\t<div class=\"elementor-element elementor-element-b04485e elementor-widget elementor-widget-image\" data-id=\"b04485e\" data-element_type=\"widget\" data-widget_type=\"image.default\">\n\t\t\t\t<div class=\"elementor-widget-container\">\n\t\t\t\t\t\t\t\t\t\t\t\t\t<img loading=\"lazy\" decoding=\"async\" width=\"540\" height=\"720\" src=\"https:\/\/graswurzle.ch\/wp-content\/uploads\/2022\/12\/daniela-hagen-gesundheit.jpg\" class=\"attachment-full size-full wp-image-17545\" alt=\"Daniela Hagen Laserbehandlung\" srcset=\"https:\/\/graswurzle.ch\/wp-content\/uploads\/2022\/12\/daniela-hagen-gesundheit.jpg 540w, https:\/\/graswurzle.ch\/wp-content\/uploads\/2022\/12\/daniela-hagen-gesundheit-225x300.jpg 225w, https:\/\/graswurzle.ch\/wp-content\/uploads\/2022\/12\/daniela-hagen-gesundheit-9x12.jpg 9w, https:\/\/graswurzle.ch\/wp-content\/uploads\/2022\/12\/daniela-hagen-gesundheit-100x133.jpg 100w, https:\/\/graswurzle.ch\/wp-content\/uploads\/2022\/12\/daniela-hagen-gesundheit-150x200.jpg 150w, https:\/\/graswurzle.ch\/wp-content\/uploads\/2022\/12\/daniela-hagen-gesundheit-200x267.jpg 200w, https:\/\/graswurzle.ch\/wp-content\/uploads\/2022\/12\/daniela-hagen-gesundheit-300x400.jpg 300w, https:\/\/graswurzle.ch\/wp-content\/uploads\/2022\/12\/daniela-hagen-gesundheit-450x600.jpg 450w\" sizes=\"(max-width: 540px) 100vw, 540px\" \/>\t\t\t\t\t\t\t\t\t\t\t\t\t<\/div>\n\t\t\t\t<\/div>\n\t\t\t\t\t<\/div>\n\t\t<\/div>\n\t\t\t\t\t<\/div>\n\t\t<\/section>\n\t\t\t\t<div class=\"elementor-element elementor-element-c568cda elementor-widget-divider--view-line elementor-widget elementor-widget-divider\" data-id=\"c568cda\" data-element_type=\"widget\" data-widget_type=\"divider.default\">\n\t\t\t\t<div class=\"elementor-widget-container\">\n\t\t\t\t\t<div class=\"elementor-divider\">\n\t\t\t<span class=\"elementor-divider-separator\">\n\t\t\t\t\t\t<\/span>\n\t\t<\/div>\n\t\t\t\t<\/div>\n\t\t\t\t<\/div>\n\t\t\t\t<div class=\"elementor-element elementor-element-ec7b8eb elementor-widget elementor-widget-heading\" data-id=\"ec7b8eb\" data-element_type=\"widget\" data-widget_type=\"heading.default\">\n\t\t\t\t<div class=\"elementor-widget-container\">\n\t\t\t<h2 class=\"elementor-heading-title elementor-size-default\">Mentaltraining<\/h2>\t\t<\/div>\n\t\t\t\t<\/div>\n\t\t\t\t<div class=\"elementor-element elementor-element-e602750 elementor-widget-divider--view-line elementor-widget elementor-widget-divider\" data-id=\"e602750\" data-element_type=\"widget\" data-widget_type=\"divider.default\">\n\t\t\t\t<div class=\"elementor-widget-container\">\n\t\t\t\t\t<div class=\"elementor-divider\">\n\t\t\t<span class=\"elementor-divider-separator\">\n\t\t\t\t\t\t<\/span>\n\t\t<\/div>\n\t\t\t\t<\/div>\n\t\t\t\t<\/div>\n\t\t\t\t<section class=\"elementor-section elementor-inner-section elementor-element elementor-element-1977168 elementor-section-boxed elementor-section-height-default elementor-section-height-default\" data-id=\"1977168\" data-element_type=\"section\">\n\t\t\t\t\t\t<div class=\"elementor-container elementor-column-gap-default\">\n\t\t\t\t\t<div class=\"elementor-column elementor-col-50 elementor-inner-column elementor-element elementor-element-6abcfdf\" data-id=\"6abcfdf\" data-element_type=\"column\">\n\t\t\t<div class=\"elementor-widget-wrap elementor-element-populated\">\n\t\t\t\t\t\t<div class=\"elementor-element elementor-element-945e07c elementor-widget elementor-widget-text-editor\" data-id=\"945e07c\" data-element_type=\"widget\" data-widget_type=\"text-editor.default\">\n\t\t\t\t<div class=\"elementor-widget-container\">\n\t\t\t\t\t\t\t<p><strong>SobyS \u2013 Solutions by Stratmann<\/strong><br \/>Martina Stratmann<br \/>Dipl. Mentaltrainerin nach K. Tepperwein<br \/>R\u00fceggisingerstr. 126A<br \/>6032 Emmen<br \/>Tel: +41 76 379 98 80<br \/><a href=\"mailto:info@martinastratmann.com\">info@martinastratmann.com<\/a><br \/><a href=\"http:\/\/www.sobys.ch\">www.sobys.ch<\/a><\/p>\n<p>Nach zwei gesundheitlichen und seelischen Zusammenbr\u00fcchen, begann ich damit, mich mit einer ganzheitlichen Lebensweise zu besch\u00e4ftigen: Ich lernte, was der feststoffliche K\u00f6rper braucht, damit er optimal funktioniert (Ern\u00e4hrung), welche Faktoren f\u00fcr den feinstofflichen Teil des K\u00f6rpers und den Zugang zu sich selbst wichtig sind und darauf zu achten, alles in Einklang, in Harmonie mit den universellen Gesetzen zu bringen. Heute lehre ich Menschen in ihr inneres Gleichgewicht zu finden, gesundheitlich und seelisch. Ich lehre sie, Br\u00fccken zu bauen in ihrem Innern, den Zugang zu sich selbst zu \u00f6ffnen und zu ihrer Essenz.<br \/><br \/><strong>Mein Motto:<\/strong><br \/>Hinterlasse jeden Menschen, den du triffst, Tag f\u00fcr Tag, Stunde um Stunde, mit dem Gef\u00fchl von Liebe und W\u00e4rme und trage zur Erh\u00f6hung seines Bewusstseins bei.<br \/><br \/><strong>Meine Themengebiete:<br \/><\/strong><\/p>\n<ul>\n<li>Bewusstseinserweiternde Atemtechniken<\/li>\n<li>Bewusstseinserweiternde Meditationen\u2028<\/li>\n<li>Numerologie \/ Heilzahlen nach G. Grabvoi\u2028<\/li>\n<li>Energetische Reinigungen (Gegenst\u00e4nden \/ R\u00e4ume \/ Fahrzeuge)<\/li>\n<li>Zellregeneration &amp; Zellern\u00e4hrung\u2028<\/li>\n<li>Ganzheitliche energetische Harmonisierung<\/li>\n<li>Reiki &amp; Maya-Energie<\/li>\n<\/ul>\t\t\t\t\t\t<\/div>\n\t\t\t\t<\/div>\n\t\t\t\t\t<\/div>\n\t\t<\/div>\n\t\t\t\t<div class=\"elementor-column elementor-col-50 elementor-inner-column elementor-element elementor-element-1fff856\" data-id=\"1fff856\" data-element_type=\"column\">\n\t\t\t<div class=\"elementor-widget-wrap elementor-element-populated\">\n\t\t\t\t\t\t<div class=\"elementor-element elementor-element-6a5ee3f elementor-widget elementor-widget-image\" data-id=\"6a5ee3f\" data-element_type=\"widget\" data-widget_type=\"image.default\">\n\t\t\t\t<div class=\"elementor-widget-container\">\n\t\t\t\t\t\t\t\t\t\t\t\t\t<img loading=\"lazy\" decoding=\"async\" width=\"500\" height=\"667\" src=\"https:\/\/graswurzle.ch\/wp-content\/uploads\/2022\/05\/gesundheit_portraitfoto.jpg\" class=\"attachment-full size-full wp-image-15688\" alt=\"\" srcset=\"https:\/\/graswurzle.ch\/wp-content\/uploads\/2022\/05\/gesundheit_portraitfoto.jpg 500w, https:\/\/graswurzle.ch\/wp-content\/uploads\/2022\/05\/gesundheit_portraitfoto-225x300.jpg 225w, https:\/\/graswurzle.ch\/wp-content\/uploads\/2022\/05\/gesundheit_portraitfoto-9x12.jpg 9w, https:\/\/graswurzle.ch\/wp-content\/uploads\/2022\/05\/gesundheit_portraitfoto-100x133.jpg 100w, https:\/\/graswurzle.ch\/wp-content\/uploads\/2022\/05\/gesundheit_portraitfoto-150x200.jpg 150w, https:\/\/graswurzle.ch\/wp-content\/uploads\/2022\/05\/gesundheit_portraitfoto-200x267.jpg 200w, https:\/\/graswurzle.ch\/wp-content\/uploads\/2022\/05\/gesundheit_portraitfoto-300x400.jpg 300w, https:\/\/graswurzle.ch\/wp-content\/uploads\/2022\/05\/gesundheit_portraitfoto-450x600.jpg 450w\" sizes=\"(max-width: 500px) 100vw, 500px\" \/>\t\t\t\t\t\t\t\t\t\t\t\t\t<\/div>\n\t\t\t\t<\/div>\n\t\t\t\t\t<\/div>\n\t\t<\/div>\n\t\t\t\t\t<\/div>\n\t\t<\/section>\n\t\t\t\t<div class=\"elementor-element elementor-element-e4e7f1d elementor-widget-divider--view-line elementor-widget elementor-widget-divider\" data-id=\"e4e7f1d\" data-element_type=\"widget\" data-widget_type=\"divider.default\">\n\t\t\t\t<div class=\"elementor-widget-container\">\n\t\t\t\t\t<div class=\"elementor-divider\">\n\t\t\t<span class=\"elementor-divider-separator\">\n\t\t\t\t\t\t<\/span>\n\t\t<\/div>\n\t\t\t\t<\/div>\n\t\t\t\t<\/div>\n\t\t\t\t<div class=\"elementor-element elementor-element-4705b2c elementor-widget elementor-widget-heading\" data-id=\"4705b2c\" data-element_type=\"widget\" data-widget_type=\"heading.default\">\n\t\t\t\t<div class=\"elementor-widget-container\">\n\t\t\t<h2 class=\"elementor-heading-title elementor-size-default\">Polarity, Traumatherapie SE, Klangtherapie<\/h2>\t\t<\/div>\n\t\t\t\t<\/div>\n\t\t\t\t<div class=\"elementor-element elementor-element-938711f elementor-widget-divider--view-line elementor-widget elementor-widget-divider\" data-id=\"938711f\" data-element_type=\"widget\" data-widget_type=\"divider.default\">\n\t\t\t\t<div class=\"elementor-widget-container\">\n\t\t\t\t\t<div class=\"elementor-divider\">\n\t\t\t<span class=\"elementor-divider-separator\">\n\t\t\t\t\t\t<\/span>\n\t\t<\/div>\n\t\t\t\t<\/div>\n\t\t\t\t<\/div>\n\t\t\t\t<section class=\"elementor-section elementor-inner-section elementor-element elementor-element-0798617 elementor-section-boxed elementor-section-height-default elementor-section-height-default\" data-id=\"0798617\" data-element_type=\"section\">\n\t\t\t\t\t\t<div class=\"elementor-container elementor-column-gap-default\">\n\t\t\t\t\t<div class=\"elementor-column elementor-col-50 elementor-inner-column elementor-element elementor-element-4880fb2\" data-id=\"4880fb2\" data-element_type=\"column\">\n\t\t\t<div class=\"elementor-widget-wrap elementor-element-populated\">\n\t\t\t\t\t\t<div class=\"elementor-element elementor-element-94a1de5 elementor-widget elementor-widget-text-editor\" data-id=\"94a1de5\" data-element_type=\"widget\" data-widget_type=\"text-editor.default\">\n\t\t\t\t<div class=\"elementor-widget-container\">\n\t\t\t\t\t\t\t<p><strong>MENSCH SEIN<\/strong> gmbh<br \/>Regina Gretener <br \/>Trottenweg 51 <br \/>5610 Wohlen <br \/>Tel: +41 56 611 00 05 \/ Mobile +41 79 363 53 74<br \/><a href=\"mailto:r.gretener@menschsein.gmbh\">r.gretener@menschsein.gmbh<\/a><br \/><a href=\"https:\/\/www.menschsein.gmbh\/\">www.menschsein.gmbh<\/a><\/p>\n<p><b>Menschsein und ankommen &#8211; Regina Gretener<\/b><\/p>\n<p>Von Herzen gerne begleite ich dich den Weg zur\u00fcck in ein erf\u00fclltes Leben voller Leichtigkeit und Freude. Mit Achtsamkeit und Herzblut unterst\u00fctze ich dich auf deiner Reise zu dir selbst. Wertfrei und wertsch\u00e4tzend. Kompetent und warmherzig, verfeinert mit einer Prise Humor. Ich helfe dir raus aus der Sackgasse. Schreite mit dir Schritt f\u00fcr Schritt in deinem Tempo voran, um die Ver\u00e4nderungen, die du dir w\u00fcnschst, in Bewegung zu bringen. (eidg. Komplement\u00e4rtherapie Methode Polarity, Traumatherapie SE, Klangtherapie mit Klangschalen. Ich bin bei den meisten Krankenkassen in der Zusatzversicherung anerkannt.)<\/p>\t\t\t\t\t\t<\/div>\n\t\t\t\t<\/div>\n\t\t\t\t\t<\/div>\n\t\t<\/div>\n\t\t\t\t<div class=\"elementor-column elementor-col-50 elementor-inner-column elementor-element elementor-element-e1e5010\" data-id=\"e1e5010\" data-element_type=\"column\">\n\t\t\t<div class=\"elementor-widget-wrap elementor-element-populated\">\n\t\t\t\t\t\t<div class=\"elementor-element elementor-element-dee4b2f elementor-widget elementor-widget-image\" data-id=\"dee4b2f\" data-element_type=\"widget\" data-widget_type=\"image.default\">\n\t\t\t\t<div class=\"elementor-widget-container\">\n\t\t\t\t\t\t\t\t\t\t\t\t\t<img loading=\"lazy\" decoding=\"async\" width=\"500\" height=\"606\" src=\"https:\/\/graswurzle.ch\/wp-content\/uploads\/2023\/02\/regina-gretener.jpg\" class=\"attachment-full size-full wp-image-18397\" alt=\"Regina Gretener\" srcset=\"https:\/\/graswurzle.ch\/wp-content\/uploads\/2023\/02\/regina-gretener.jpg 500w, https:\/\/graswurzle.ch\/wp-content\/uploads\/2023\/02\/regina-gretener-248x300.jpg 248w, https:\/\/graswurzle.ch\/wp-content\/uploads\/2023\/02\/regina-gretener-10x12.jpg 10w, https:\/\/graswurzle.ch\/wp-content\/uploads\/2023\/02\/regina-gretener-100x121.jpg 100w, https:\/\/graswurzle.ch\/wp-content\/uploads\/2023\/02\/regina-gretener-150x182.jpg 150w, https:\/\/graswurzle.ch\/wp-content\/uploads\/2023\/02\/regina-gretener-200x242.jpg 200w, https:\/\/graswurzle.ch\/wp-content\/uploads\/2023\/02\/regina-gretener-300x364.jpg 300w, https:\/\/graswurzle.ch\/wp-content\/uploads\/2023\/02\/regina-gretener-450x545.jpg 450w\" sizes=\"(max-width: 500px) 100vw, 500px\" \/>\t\t\t\t\t\t\t\t\t\t\t\t\t<\/div>\n\t\t\t\t<\/div>\n\t\t\t\t\t<\/div>\n\t\t<\/div>\n\t\t\t\t\t<\/div>\n\t\t<\/section>\n\t\t\t\t<div class=\"elementor-element elementor-element-bca0d11 elementor-widget-divider--view-line elementor-widget elementor-widget-divider\" data-id=\"bca0d11\" data-element_type=\"widget\" data-widget_type=\"divider.default\">\n\t\t\t\t<div class=\"elementor-widget-container\">\n\t\t\t\t\t<div class=\"elementor-divider\">\n\t\t\t<span class=\"elementor-divider-separator\">\n\t\t\t\t\t\t<\/span>\n\t\t<\/div>\n\t\t\t\t<\/div>\n\t\t\t\t<\/div>\n\t\t\t\t<div class=\"elementor-element elementor-element-d0c6b40 elementor-widget elementor-widget-heading\" data-id=\"d0c6b40\" data-element_type=\"widget\" data-widget_type=\"heading.default\">\n\t\t\t\t<div class=\"elementor-widget-container\">\n\t\t\t<h2 class=\"elementor-heading-title elementor-size-default\">Psychologische Beratung und Therapie<\/h2>\t\t<\/div>\n\t\t\t\t<\/div>\n\t\t\t\t<div class=\"elementor-element elementor-element-faa4795 elementor-widget-divider--view-line elementor-widget elementor-widget-divider\" data-id=\"faa4795\" data-element_type=\"widget\" data-widget_type=\"divider.default\">\n\t\t\t\t<div class=\"elementor-widget-container\">\n\t\t\t\t\t<div class=\"elementor-divider\">\n\t\t\t<span class=\"elementor-divider-separator\">\n\t\t\t\t\t\t<\/span>\n\t\t<\/div>\n\t\t\t\t<\/div>\n\t\t\t\t<\/div>\n\t\t\t\t<section class=\"elementor-section elementor-inner-section elementor-element elementor-element-bb5d24c elementor-section-boxed elementor-section-height-default elementor-section-height-default\" data-id=\"bb5d24c\" data-element_type=\"section\">\n\t\t\t\t\t\t<div class=\"elementor-container elementor-column-gap-default\">\n\t\t\t\t\t<div class=\"elementor-column elementor-col-50 elementor-inner-column elementor-element elementor-element-72c917f\" data-id=\"72c917f\" data-element_type=\"column\">\n\t\t\t<div class=\"elementor-widget-wrap elementor-element-populated\">\n\t\t\t\t\t\t<div class=\"elementor-element elementor-element-1bc9ea4 elementor-widget elementor-widget-text-editor\" data-id=\"1bc9ea4\" data-element_type=\"widget\" data-widget_type=\"text-editor.default\">\n\t\t\t\t<div class=\"elementor-widget-container\">\n\t\t\t\t\t\t\t<p><span dir=\"ltr\" role=\"presentation\"><strong>Make Life Work \u2013 DAMIT DAS LEBEN FUNKTIONIERT<br role=\"presentation\" \/><\/strong><em>Kunsttherapie | NLP-Coaching | Gesundheitsberatung <\/em><br role=\"presentation\" \/><em>Ganzheitliche Psychotherapie und Coaching<\/em><strong><br \/><\/strong>Im Girbel 5<br \/>5624 B\u00fcnzen<strong><br \/><\/strong><a href=\"http:\/\/www.make-life-work.ch\">www.make-life-work.ch<\/a><br role=\"presentation\" \/><a href=\"mailto:praxis@make-life-work.ch\">praxis@make-life-work.ch<\/a><strong><br \/><br \/>Roman Westermann<\/strong> <br \/>NLP-Master DVNLP \/ Gesundheitstrainer <br role=\"presentation\" \/><strong>Mirjam Daniel<\/strong><br \/>Kunsttherapeutin HF \/ NLP-Master DVNLP <br \/><\/span><br role=\"presentation\" \/><span dir=\"ltr\" role=\"presentation\">Ganzheitlich bedeutet f\u00fcr uns, dass wir beim Coaching und bei der Therapie den <\/span><span dir=\"ltr\" role=\"presentation\">K\u00f6rper, den Geist und die Seele miteinbeziehen. <br \/><br \/><\/span><strong><span dir=\"ltr\" role=\"presentation\">Wir arbeiten mit folgenden Methoden:<\/span><\/strong><br role=\"presentation\" \/><span dir=\"ltr\" role=\"presentation\">\u2022<\/span> <span dir=\"ltr\" role=\"presentation\">Kunsttherapie<\/span><br role=\"presentation\" \/><span dir=\"ltr\" role=\"presentation\">\u2022<\/span> <span dir=\"ltr\" role=\"presentation\">Neuro Linguistisches Programmieren NLP<\/span><br role=\"presentation\" \/><span dir=\"ltr\" role=\"presentation\">\u2022<\/span> <span dir=\"ltr\" role=\"presentation\">Gesundheits- und Ern\u00e4hrungstraining (nach Dr. Dahlke)<\/span><br role=\"presentation\" \/><br role=\"presentation\" \/><span dir=\"ltr\" role=\"presentation\">Die Kunsttherapie bringt unbewusste, seelische Aspekte zur Bearbeitung ins <\/span><span dir=\"ltr\" role=\"presentation\">Bewusstsein. <\/span><span dir=\"ltr\" role=\"presentation\">Das Neuro Linguistische Programmieren ist eine \u00e4usserst ef<\/span><span dir=\"ltr\" role=\"presentation\">fi<\/span><span dir=\"ltr\" role=\"presentation\">ziente Methode der <\/span><span dir=\"ltr\" role=\"presentation\">l\u00f6sungsorientierten Kurzzeittherapie.<\/span> <span dir=\"ltr\" role=\"presentation\">Damit lassen sich Verhaltens\u00e4nderungen bewirken, Glaubenss\u00e4tze <\/span><span dir=\"ltr\" role=\"presentation\">umprogrammieren, Angstst\u00f6rungen au<\/span><span dir=\"ltr\" role=\"presentation\">fl<\/span><span dir=\"ltr\" role=\"presentation\">\u00f6sen, Ziele <\/span><span dir=\"ltr\" role=\"presentation\">fi<\/span><span dir=\"ltr\" role=\"presentation\">nden, das <\/span><span dir=\"ltr\" role=\"presentation\">Selbstbewusstein<\/span> <span dir=\"ltr\" role=\"presentation\">st\u00e4rken, Suchtprobleme bek\u00e4mpfen, bis hin zur Genesung <\/span><span dir=\"ltr\" role=\"presentation\">physischer St\u00f6rungen.<\/span> <span dir=\"ltr\" role=\"presentation\">Mit der Gesundheitsberatung schliesst sich der Kreis von der seelischen \u00fcber die <\/span><span dir=\"ltr\" role=\"presentation\">psychische hin zur k\u00f6rperlichen B\u00fchne. <\/span><br role=\"presentation\" \/><span dir=\"ltr\" role=\"presentation\"><br \/>Unsere Praxis ist Krankenkassen anerkannt<\/span>.<span dir=\"ltr\" role=\"presentation\"><br \/><\/span><\/p>\t\t\t\t\t\t<\/div>\n\t\t\t\t<\/div>\n\t\t\t\t\t<\/div>\n\t\t<\/div>\n\t\t\t\t<div class=\"elementor-column elementor-col-50 elementor-inner-column elementor-element elementor-element-a821d95\" data-id=\"a821d95\" data-element_type=\"column\">\n\t\t\t<div class=\"elementor-widget-wrap elementor-element-populated\">\n\t\t\t\t\t\t<div class=\"elementor-element elementor-element-68a3084 elementor-widget elementor-widget-image\" data-id=\"68a3084\" data-element_type=\"widget\" data-widget_type=\"image.default\">\n\t\t\t\t<div class=\"elementor-widget-container\">\n\t\t\t\t\t\t\t\t\t\t\t\t\t<img decoding=\"async\" src=\"https:\/\/graswurzle.ch\/wp-content\/uploads\/2022\/08\/gesundheit_make_life_work.jpg\" title=\"\" alt=\"\" loading=\"lazy\" \/>\t\t\t\t\t\t\t\t\t\t\t\t\t<\/div>\n\t\t\t\t<\/div>\n\t\t\t\t\t<\/div>\n\t\t<\/div>\n\t\t\t\t\t<\/div>\n\t\t<\/section>\n\t\t\t\t<div class=\"elementor-element elementor-element-9729727 elementor-widget-divider--view-line elementor-widget elementor-widget-divider\" data-id=\"9729727\" data-element_type=\"widget\" data-widget_type=\"divider.default\">\n\t\t\t\t<div class=\"elementor-widget-container\">\n\t\t\t\t\t<div class=\"elementor-divider\">\n\t\t\t<span class=\"elementor-divider-separator\">\n\t\t\t\t\t\t<\/span>\n\t\t<\/div>\n\t\t\t\t<\/div>\n\t\t\t\t<\/div>\n\t\t\t\t<div class=\"elementor-element elementor-element-efbc98f elementor-widget elementor-widget-heading\" data-id=\"efbc98f\" data-element_type=\"widget\" data-widget_type=\"heading.default\">\n\t\t\t\t<div class=\"elementor-widget-container\">\n\t\t\t<h2 class=\"elementor-heading-title elementor-size-default\">Schamanisch-energetische Heilarbeit<\/h2>\t\t<\/div>\n\t\t\t\t<\/div>\n\t\t\t\t<div class=\"elementor-element elementor-element-5cd8f6b elementor-widget-divider--view-line elementor-widget elementor-widget-divider\" data-id=\"5cd8f6b\" data-element_type=\"widget\" data-widget_type=\"divider.default\">\n\t\t\t\t<div class=\"elementor-widget-container\">\n\t\t\t\t\t<div class=\"elementor-divider\">\n\t\t\t<span class=\"elementor-divider-separator\">\n\t\t\t\t\t\t<\/span>\n\t\t<\/div>\n\t\t\t\t<\/div>\n\t\t\t\t<\/div>\n\t\t\t\t<section class=\"elementor-section elementor-inner-section elementor-element elementor-element-f824ecb elementor-section-boxed elementor-section-height-default elementor-section-height-default\" data-id=\"f824ecb\" data-element_type=\"section\">\n\t\t\t\t\t\t<div class=\"elementor-container elementor-column-gap-default\">\n\t\t\t\t\t<div class=\"elementor-column elementor-col-50 elementor-inner-column elementor-element elementor-element-7f4605e\" data-id=\"7f4605e\" data-element_type=\"column\">\n\t\t\t<div class=\"elementor-widget-wrap elementor-element-populated\">\n\t\t\t\t\t\t<div class=\"elementor-element elementor-element-2e09d66 elementor-widget elementor-widget-text-editor\" data-id=\"2e09d66\" data-element_type=\"widget\" data-widget_type=\"text-editor.default\">\n\t\t\t\t<div class=\"elementor-widget-container\">\n\t\t\t\t\t\t\t<p><strong>Barbara J\u00e4ggi<\/strong><br \/>Gemeinschaftspraxis The Core<br \/>Spitalrain 4<br \/>5200 Brugg AG<br \/>Tel: 079 762 02 70<br \/><a href=\"http:\/\/www.lamuna.ch\">www.lamuna.ch<\/a><br \/><a href=\"mailto:praxis@lamuna.ch\">praxis@lamuna.ch<\/a><br \/><br \/>Ich begleite die Menschen in meiner Praxis mit verschiedenen Instrumenten umfassender Heilarbeit. Mit energetischer Heilarbeit und meinem vertieften Verst\u00e4ndnis von Systemen und kollektiven Wirkungsfeldern. Sie wandeln nicht nur seelische Verletzungen, sondern wirken bis in die Zellebenen hinein.<\/p>\n<p>Sie verbinden umfassend Seele, K\u00f6rper und Geist. Und helfen, eine neue innere Ausrichtung zu finden.<\/p>\n<ul>\n<li>\n<p>Arbeit mit Traumata<\/p>\n<\/li>\n<li>\n<p>Seelische Blockaden<\/p>\n<\/li>\n<li>\n<p>Karmische Aufl\u00f6sung<\/p>\n<\/li>\n<li>\n<p>Epigenetische Erkrankungen<\/p>\n<\/li>\n<\/ul>\t\t\t\t\t\t<\/div>\n\t\t\t\t<\/div>\n\t\t\t\t\t<\/div>\n\t\t<\/div>\n\t\t\t\t<div class=\"elementor-column elementor-col-50 elementor-inner-column elementor-element elementor-element-5f877f5\" data-id=\"5f877f5\" data-element_type=\"column\">\n\t\t\t<div class=\"elementor-widget-wrap elementor-element-populated\">\n\t\t\t\t\t\t<div class=\"elementor-element elementor-element-3b16eac elementor-widget elementor-widget-image\" data-id=\"3b16eac\" data-element_type=\"widget\" data-widget_type=\"image.default\">\n\t\t\t\t<div class=\"elementor-widget-container\">\n\t\t\t\t\t\t\t\t\t\t\t\t\t<img loading=\"lazy\" decoding=\"async\" width=\"500\" height=\"667\" src=\"https:\/\/graswurzle.ch\/wp-content\/uploads\/2022\/02\/barbara12.jpg\" class=\"attachment-large size-large wp-image-14683\" alt=\"\" srcset=\"https:\/\/graswurzle.ch\/wp-content\/uploads\/2022\/02\/barbara12.jpg 500w, https:\/\/graswurzle.ch\/wp-content\/uploads\/2022\/02\/barbara12-225x300.jpg 225w, https:\/\/graswurzle.ch\/wp-content\/uploads\/2022\/02\/barbara12-9x12.jpg 9w, https:\/\/graswurzle.ch\/wp-content\/uploads\/2022\/02\/barbara12-100x133.jpg 100w, https:\/\/graswurzle.ch\/wp-content\/uploads\/2022\/02\/barbara12-150x200.jpg 150w, https:\/\/graswurzle.ch\/wp-content\/uploads\/2022\/02\/barbara12-200x267.jpg 200w, https:\/\/graswurzle.ch\/wp-content\/uploads\/2022\/02\/barbara12-300x400.jpg 300w, https:\/\/graswurzle.ch\/wp-content\/uploads\/2022\/02\/barbara12-450x600.jpg 450w\" sizes=\"(max-width: 500px) 100vw, 500px\" \/>\t\t\t\t\t\t\t\t\t\t\t\t\t<\/div>\n\t\t\t\t<\/div>\n\t\t\t\t\t<\/div>\n\t\t<\/div>\n\t\t\t\t\t<\/div>\n\t\t<\/section>\n\t\t\t\t<div class=\"elementor-element elementor-element-bf6cd61 elementor-widget-divider--view-line elementor-widget elementor-widget-divider\" data-id=\"bf6cd61\" data-element_type=\"widget\" data-widget_type=\"divider.default\">\n\t\t\t\t<div class=\"elementor-widget-container\">\n\t\t\t\t\t<div class=\"elementor-divider\">\n\t\t\t<span class=\"elementor-divider-separator\">\n\t\t\t\t\t\t<\/span>\n\t\t<\/div>\n\t\t\t\t<\/div>\n\t\t\t\t<\/div>\n\t\t\t\t<section class=\"elementor-section elementor-inner-section elementor-element elementor-element-1f9250c elementor-section-boxed elementor-section-height-default elementor-section-height-default\" data-id=\"1f9250c\" data-element_type=\"section\">\n\t\t\t\t\t\t<div class=\"elementor-container elementor-column-gap-default\">\n\t\t\t\t\t<div class=\"elementor-column elementor-col-50 elementor-inner-column elementor-element elementor-element-bec8e4a\" data-id=\"bec8e4a\" data-element_type=\"column\">\n\t\t\t<div class=\"elementor-widget-wrap elementor-element-populated\">\n\t\t\t\t\t\t<div class=\"elementor-element elementor-element-c58a2e8 elementor-widget elementor-widget-text-editor\" data-id=\"c58a2e8\" data-element_type=\"widget\" data-widget_type=\"text-editor.default\">\n\t\t\t\t<div class=\"elementor-widget-container\">\n\t\t\t\t\t\t\t<p><strong>Simone Thara M\u00fcller<\/strong><br \/>Psychotherapeutin MA<br \/>Spitzenstrasse 2<br \/>8914 Aeugst am Albis<br \/>Tel: 079 421 42 87<br \/><a href=\"http:\/\/www.thara.ch\">www.thara.ch <\/a><span style=\"color: #0563c1;\"><u><br \/><\/u><a href=\"mailto:praxis@thara.ch\">praxis@thara.ch<\/a><\/span><\/p>\n<p>Praxis fu\u0308r Gesundheit und neues Bewusstsein<\/p>\n<p>Seit 35 Jahren begleite ich Menschen auf dem Weg in ein erf\u00fclltes, freudiges und sinnvolles Leben.<\/p>\n<p><strong>Meine Instrumente sind:<\/strong><\/p>\n<ul>\n<li>Licht-Essenz-Arbeit<\/li>\n<li>Mediale Beratung<\/li>\n<li>Energetische Sippenkla\u0308rung<\/li>\n<li>Tarot Sitzungen<\/li>\n<li>Klang-Therapie mit Stimmgabeln<\/li>\n<li>Kunst- und Ausdruckstherapie<\/li>\n<\/ul>\n<p>Dabei ist mir die ganzheitliche Sicht auf die Balance von Ko\u0308rper, Geist und Seele ein Kernanliegen.<\/p>\t\t\t\t\t\t<\/div>\n\t\t\t\t<\/div>\n\t\t\t\t\t<\/div>\n\t\t<\/div>\n\t\t\t\t<div class=\"elementor-column elementor-col-50 elementor-inner-column elementor-element elementor-element-393ce03\" data-id=\"393ce03\" data-element_type=\"column\">\n\t\t\t<div class=\"elementor-widget-wrap elementor-element-populated\">\n\t\t\t\t\t\t<div class=\"elementor-element elementor-element-bebaf04 elementor-widget elementor-widget-image\" data-id=\"bebaf04\" data-element_type=\"widget\" data-widget_type=\"image.default\">\n\t\t\t\t<div class=\"elementor-widget-container\">\n\t\t\t\t\t\t\t\t\t\t\t\t\t<img loading=\"lazy\" decoding=\"async\" width=\"500\" height=\"667\" src=\"https:\/\/graswurzle.ch\/wp-content\/uploads\/2022\/04\/simone_thara_mueller.jpg\" class=\"attachment-large size-large wp-image-15394\" alt=\"\" srcset=\"https:\/\/graswurzle.ch\/wp-content\/uploads\/2022\/04\/simone_thara_mueller.jpg 500w, https:\/\/graswurzle.ch\/wp-content\/uploads\/2022\/04\/simone_thara_mueller-225x300.jpg 225w, https:\/\/graswurzle.ch\/wp-content\/uploads\/2022\/04\/simone_thara_mueller-9x12.jpg 9w, https:\/\/graswurzle.ch\/wp-content\/uploads\/2022\/04\/simone_thara_mueller-100x133.jpg 100w, https:\/\/graswurzle.ch\/wp-content\/uploads\/2022\/04\/simone_thara_mueller-150x200.jpg 150w, https:\/\/graswurzle.ch\/wp-content\/uploads\/2022\/04\/simone_thara_mueller-200x267.jpg 200w, https:\/\/graswurzle.ch\/wp-content\/uploads\/2022\/04\/simone_thara_mueller-300x400.jpg 300w, https:\/\/graswurzle.ch\/wp-content\/uploads\/2022\/04\/simone_thara_mueller-450x600.jpg 450w\" sizes=\"(max-width: 500px) 100vw, 500px\" \/>\t\t\t\t\t\t\t\t\t\t\t\t\t<\/div>\n\t\t\t\t<\/div>\n\t\t\t\t\t<\/div>\n\t\t<\/div>\n\t\t\t\t\t<\/div>\n\t\t<\/section>\n\t\t\t\t<div class=\"elementor-element elementor-element-5ce09d6 elementor-widget-divider--view-line elementor-widget elementor-widget-divider\" data-id=\"5ce09d6\" data-element_type=\"widget\" data-widget_type=\"divider.default\">\n\t\t\t\t<div class=\"elementor-widget-container\">\n\t\t\t\t\t<div class=\"elementor-divider\">\n\t\t\t<span class=\"elementor-divider-separator\">\n\t\t\t\t\t\t<\/span>\n\t\t<\/div>\n\t\t\t\t<\/div>\n\t\t\t\t<\/div>\n\t\t\t\t<section class=\"elementor-section elementor-inner-section elementor-element elementor-element-010623e elementor-section-boxed elementor-section-height-default elementor-section-height-default\" data-id=\"010623e\" data-element_type=\"section\">\n\t\t\t\t\t\t<div class=\"elementor-container elementor-column-gap-default\">\n\t\t\t\t\t<div class=\"elementor-column elementor-col-50 elementor-inner-column elementor-element elementor-element-26ac0c3\" data-id=\"26ac0c3\" data-element_type=\"column\">\n\t\t\t<div class=\"elementor-widget-wrap elementor-element-populated\">\n\t\t\t\t\t\t<div class=\"elementor-element elementor-element-3b31e4f elementor-widget elementor-widget-text-editor\" data-id=\"3b31e4f\" data-element_type=\"widget\" data-widget_type=\"text-editor.default\">\n\t\t\t\t<div class=\"elementor-widget-container\">\n\t\t\t\t\t\t\t<p><strong>Rahel Andrea Roth<\/strong><br \/>Dadriaa Weltenwandlerin<strong><br \/><\/strong>Spitalrain 4<br \/>5200 Brugg<br \/>Telefon 076 318 59 50<br \/><a href=\"http:\/\/www.dadriaa-weltenwandlerin.ch\">www.dadriaa-weltenwandlerin.ch<\/a><br \/><a href=\"mailto:anfrage@dadriaa-weltenwandlerin.ch\">anfrage@dadriaa-weltenwandlerin.ch<\/a><\/p>\n<p>Gemeinschaftspraxis:<br \/><a href=\"http:\/\/www.the-core-space.ch\">www.the-core-space.ch<\/a><\/p>\n<ul>\n<li>Heilkr\u00e4uter-Wissen<\/li>\n<li>Energiearbeit<\/li>\n<li>Energie\u00fcbertragung<\/li>\n<li>Rituale im Jahreskreis<\/li>\n<li>Unterst\u00fctzt mit Kr\u00e4uterwissen arbeite ich energetisch im feinstofflichen wie grobstofflichen Bereich. Dazu n\u00fctze ich Hilfsmittel wie R\u00e4uchern, Salben, Tinkturen.<\/li>\n<\/ul>\n<p>Reiki und Meditationen sowie pers\u00f6nliche Seelen-Feuer-Botschaften sind ein weiterer Teil meiner Arbeit. Ein spezielles Ritual zu Lebensthemen oder im Jahreskreis vermag den Blick zu weiten und Unterst\u00fctzung zu geben auf dem ureigenen Weg.<\/p>\n<p>Ich bin Reiki Meisterin, Heilkr\u00e4uterp\u00e4dagogin, R\u00e4ucher-Expertin und vor allem Mensch!<\/p>\t\t\t\t\t\t<\/div>\n\t\t\t\t<\/div>\n\t\t\t\t\t<\/div>\n\t\t<\/div>\n\t\t\t\t<div class=\"elementor-column elementor-col-50 elementor-inner-column elementor-element elementor-element-2b60899\" data-id=\"2b60899\" data-element_type=\"column\">\n\t\t\t<div class=\"elementor-widget-wrap elementor-element-populated\">\n\t\t\t\t\t\t<div class=\"elementor-element elementor-element-84d519f elementor-widget elementor-widget-image\" data-id=\"84d519f\" data-element_type=\"widget\" data-widget_type=\"image.default\">\n\t\t\t\t<div class=\"elementor-widget-container\">\n\t\t\t\t\t\t\t\t\t\t\t\t\t<img loading=\"lazy\" decoding=\"async\" width=\"500\" height=\"667\" src=\"https:\/\/graswurzle.ch\/wp-content\/uploads\/2022\/02\/gesundheit_portraitfoto_roth.jpg\" class=\"attachment-large size-large wp-image-14759\" alt=\"\" srcset=\"https:\/\/graswurzle.ch\/wp-content\/uploads\/2022\/02\/gesundheit_portraitfoto_roth.jpg 500w, https:\/\/graswurzle.ch\/wp-content\/uploads\/2022\/02\/gesundheit_portraitfoto_roth-225x300.jpg 225w, https:\/\/graswurzle.ch\/wp-content\/uploads\/2022\/02\/gesundheit_portraitfoto_roth-9x12.jpg 9w, https:\/\/graswurzle.ch\/wp-content\/uploads\/2022\/02\/gesundheit_portraitfoto_roth-100x133.jpg 100w, https:\/\/graswurzle.ch\/wp-content\/uploads\/2022\/02\/gesundheit_portraitfoto_roth-150x200.jpg 150w, https:\/\/graswurzle.ch\/wp-content\/uploads\/2022\/02\/gesundheit_portraitfoto_roth-200x267.jpg 200w, https:\/\/graswurzle.ch\/wp-content\/uploads\/2022\/02\/gesundheit_portraitfoto_roth-300x400.jpg 300w, https:\/\/graswurzle.ch\/wp-content\/uploads\/2022\/02\/gesundheit_portraitfoto_roth-450x600.jpg 450w\" sizes=\"(max-width: 500px) 100vw, 500px\" \/>\t\t\t\t\t\t\t\t\t\t\t\t\t<\/div>\n\t\t\t\t<\/div>\n\t\t\t\t\t<\/div>\n\t\t<\/div>\n\t\t\t\t\t<\/div>\n\t\t<\/section>\n\t\t\t\t<div class=\"elementor-element elementor-element-816c23b elementor-widget-divider--view-line elementor-widget elementor-widget-divider\" data-id=\"816c23b\" data-element_type=\"widget\" data-widget_type=\"divider.default\">\n\t\t\t\t<div class=\"elementor-widget-container\">\n\t\t\t\t\t<div class=\"elementor-divider\">\n\t\t\t<span class=\"elementor-divider-separator\">\n\t\t\t\t\t\t<\/span>\n\t\t<\/div>\n\t\t\t\t<\/div>\n\t\t\t\t<\/div>\n\t\t\t\t<section class=\"elementor-section elementor-inner-section elementor-element elementor-element-7d81d07 elementor-section-boxed elementor-section-height-default elementor-section-height-default\" data-id=\"7d81d07\" data-element_type=\"section\">\n\t\t\t\t\t\t<div class=\"elementor-container elementor-column-gap-default\">\n\t\t\t\t\t<div class=\"elementor-column elementor-col-50 elementor-inner-column elementor-element elementor-element-6fd5e28\" data-id=\"6fd5e28\" data-element_type=\"column\">\n\t\t\t<div class=\"elementor-widget-wrap elementor-element-populated\">\n\t\t\t\t\t\t<div class=\"elementor-element elementor-element-b7126af elementor-widget elementor-widget-text-editor\" data-id=\"b7126af\" data-element_type=\"widget\" data-widget_type=\"text-editor.default\">\n\t\t\t\t<div class=\"elementor-widget-container\">\n\t\t\t\t\t\t\t<p><strong>Daniel Rothenb\u00fchler<\/strong><br \/>Urbrunnen schamanisches Wirken<br \/>H\u00f6rnen 19<br \/>8494 Bauma<br \/>Tel: 079 \/ 157 29 74<br \/><a href=\"http:\/\/www.urbrunnen.ch\">www.urbrunnen.ch<\/a><a href=\"mailto:praxis@lamuna.ch\"><br \/><\/a><a href=\"mailto:info@urbrunnen.ch\">info@urbrunnen.ch<\/a><br \/><br \/>Gerne unterst\u00fctze ich Dich dabei, Deine eigenen Wege zu finden, Entscheidungen zu treffen, Deine Ereignisse zeremoniell zu begleiten oder vergangenes abzuschliessen, damit sich neue T\u00fcren \u00f6ffnen m\u00f6gen. Meine verschiedenen Behandlungsformen erm\u00f6glichen es mir, mich auf die bestm\u00f6gliche Art auf Deine Anliegen und W\u00fcnsche, sei dies auf k\u00f6rperlicher, psychischer oder feinstofflicher Ebene, einzulassen.<\/p>\n<p>Der schamanische Ansatz sieht den Ursprung allen Leidens in Disharmonien des nat\u00fcrlichen Gleichgewichtes. Mit diesem Grundsatz beschreiten wir den Weg zur Inneren Mitte und aktivieren Deine Selbstheilungskr\u00e4fte. Du bist der Mittelpunkt und in Dir liegt die Kraft.<\/p>\n<p>Mit meinen schamanisch-therapeutischen F\u00e4higkeiten richte ich mich ganz nach Deinen Bed\u00fcrfnissen. Die schamanischen T\u00e4tigkeiten reichen von Behandlungen mit der Seelen-Balance-Energie, Spiegelgesetz-Methode, schamanisches Familienstellen, Heilen mit Symbolen, das \u00d6ffnen der Chakren, Seelenr\u00fcckholung, Extraktion, u.v.m. <br \/><br \/>Weitere Fachgebiete sind:<\/p>\n<ul>\n<li>Hausreinigungen, R\u00e4ucherungen<\/li>\n<li>Rituale, Zeremonien, Jahreskreisfeste<\/li>\n<li>gef\u00fchrte Meditationen und schamanisches Reisen (Seelenflug)<\/li>\n<li>Schamanischer Trommel- und Rasselbau<\/li>\n<\/ul>\t\t\t\t\t\t<\/div>\n\t\t\t\t<\/div>\n\t\t\t\t\t<\/div>\n\t\t<\/div>\n\t\t\t\t<div class=\"elementor-column elementor-col-50 elementor-inner-column elementor-element elementor-element-8506da3\" data-id=\"8506da3\" data-element_type=\"column\">\n\t\t\t<div class=\"elementor-widget-wrap elementor-element-populated\">\n\t\t\t\t\t\t<div class=\"elementor-element elementor-element-4eadabd elementor-widget elementor-widget-image\" data-id=\"4eadabd\" data-element_type=\"widget\" data-widget_type=\"image.default\">\n\t\t\t\t<div class=\"elementor-widget-container\">\n\t\t\t\t\t\t\t\t\t\t\t\t\t<img loading=\"lazy\" decoding=\"async\" width=\"500\" height=\"667\" src=\"https:\/\/graswurzle.ch\/wp-content\/uploads\/2022\/02\/daniel.jpg\" class=\"attachment-large size-large wp-image-14684\" alt=\"\" srcset=\"https:\/\/graswurzle.ch\/wp-content\/uploads\/2022\/02\/daniel.jpg 500w, https:\/\/graswurzle.ch\/wp-content\/uploads\/2022\/02\/daniel-225x300.jpg 225w, https:\/\/graswurzle.ch\/wp-content\/uploads\/2022\/02\/daniel-9x12.jpg 9w, https:\/\/graswurzle.ch\/wp-content\/uploads\/2022\/02\/daniel-100x133.jpg 100w, https:\/\/graswurzle.ch\/wp-content\/uploads\/2022\/02\/daniel-150x200.jpg 150w, https:\/\/graswurzle.ch\/wp-content\/uploads\/2022\/02\/daniel-200x267.jpg 200w, https:\/\/graswurzle.ch\/wp-content\/uploads\/2022\/02\/daniel-300x400.jpg 300w, https:\/\/graswurzle.ch\/wp-content\/uploads\/2022\/02\/daniel-450x600.jpg 450w\" sizes=\"(max-width: 500px) 100vw, 500px\" \/>\t\t\t\t\t\t\t\t\t\t\t\t\t<\/div>\n\t\t\t\t<\/div>\n\t\t\t\t\t<\/div>\n\t\t<\/div>\n\t\t\t\t\t<\/div>\n\t\t<\/section>\n\t\t\t\t\t<\/div>\n\t\t<\/div>\n\t\t\t\t\t<\/div>\n\t\t<\/section>\n\t\t\t\t<\/div>","protected":false},"excerpt":{"rendered":"<p>Gesundheitswesen \u00c4rzte\u200b Urs Fellereidg. dipl. Naturheilpraktiker6442 Gersauwww.ursfeller.churs.feller@ursfeller.ch Umfassende biologisch-medizinische BehandlungenUrsachen-Abkl\u00e4rung, Diagnostik und Therapie mit modernsten Ger\u00e4tenNeueste Erkenntnisse, z. B. aus der Anti-Aging-Forschung, binde ich laufend in meine Therapien mit ein.Spezialgebiete: bioidentische Hormontherapie, Ausleiten, Nahrungserg\u00e4nzungen, Hypersensitivit\u00e4t, usw.\u00a0 Mitglied SSAAMP \/ Swiss &hellip;<\/p>\n<p class=\"read-more\"> <a class=\"more-link\" href=\"https:\/\/graswurzle.ch\/it\/themen\/gesundheitswesen\/\"> <span class=\"screen-reader-text\">Assistenza sanitaria<\/span> Leggi tutto &raquo;<\/a><\/p>","protected":false},"author":13,"featured_media":0,"parent":8004,"menu_order":2,"comment_status":"closed","ping_status":"closed","template":"","meta":{"footnotes":""},"class_list":["post-8185","page","type-page","status-publish","hentry"],"acf":[],"yoast_head":"<!-- This site is optimized with the Yoast SEO plugin v24.9 - https:\/\/yoast.com\/wordpress\/plugins\/seo\/ -->\n<title>Graswurzle Gesundheitswesen<\/title>\n<meta name=\"description\" content=\"Liste mit \u00c4rzten und Therapeuten aus dem Graswurzle Netzwerk. Finden Sie ganzheitliche Therapeuten aus allen Bereichen der Medizin.\" \/>\n<meta name=\"robots\" content=\"index, follow, max-snippet:-1, max-image-preview:large, max-video-preview:-1\" \/>\n<link rel=\"canonical\" href=\"https:\/\/graswurzle.ch\/it\/themen\/gesundheitswesen\/\" \/>\n<meta property=\"og:locale\" content=\"it_IT\" \/>\n<meta property=\"og:type\" content=\"article\" \/>\n<meta property=\"og:title\" content=\"Gesundheitswesen Graswurzle\" \/>\n<meta property=\"og:description\" content=\"Liste mit \u00c4rzten und Therapeuten aus dem Graswurzle Netzwerk. Finden Sie ganzheitliche Therapeuten aus allen Bereichen der Medizin.\" \/>\n<meta property=\"og:url\" content=\"https:\/\/graswurzle.ch\/it\/themen\/gesundheitswesen\/\" \/>\n<meta property=\"og:site_name\" content=\"Graswurzle\" \/>\n<meta property=\"article:modified_time\" content=\"2023-02-13T14:47:03+00:00\" \/>\n<meta property=\"og:image\" content=\"https:\/\/graswurzle.ch\/wp-content\/uploads\/2022\/06\/jeanine.jpg\" \/>\n\t<meta property=\"og:image:width\" content=\"500\" \/>\n\t<meta property=\"og:image:height\" content=\"667\" \/>\n\t<meta property=\"og:image:type\" content=\"image\/jpeg\" \/>\n<meta name=\"twitter:card\" content=\"summary_large_image\" \/>\n<meta name=\"twitter:title\" content=\"Gesundheitswesen Graswurzle\" \/>\n<meta name=\"twitter:description\" content=\"Liste mit \u00c4rzten und Therapeuten aus dem Graswurzle Netzwerk. Finden Sie ganzheitliche Therapeuten aus allen Bereichen der Medizin.\" \/>\n<meta name=\"twitter:image\" content=\"https:\/\/graswurzle.ch\/wp-content\/uploads\/2022\/06\/jeanine.jpg\" \/>\n<meta name=\"twitter:label1\" content=\"Tempo di lettura stimato\" \/>\n\t<meta name=\"twitter:data1\" content=\"12 minuti\" \/>\n<script type=\"application\/ld+json\" class=\"yoast-schema-graph\">{\"@context\":\"https:\/\/schema.org\",\"@graph\":[{\"@type\":\"WebPage\",\"@id\":\"https:\/\/graswurzle.ch\/themen\/gesundheitswesen\/\",\"url\":\"https:\/\/graswurzle.ch\/themen\/gesundheitswesen\/\",\"name\":\"Graswurzle Gesundheitswesen\",\"isPartOf\":{\"@id\":\"https:\/\/graswurzle.ch\/#website\"},\"primaryImageOfPage\":{\"@id\":\"https:\/\/graswurzle.ch\/themen\/gesundheitswesen\/#primaryimage\"},\"image\":{\"@id\":\"https:\/\/graswurzle.ch\/themen\/gesundheitswesen\/#primaryimage\"},\"thumbnailUrl\":\"https:\/\/graswurzle.ch\/wp-content\/uploads\/2021\/09\/2-6.jpeg\",\"datePublished\":\"2021-09-17T23:51:48+00:00\",\"dateModified\":\"2023-02-13T14:47:03+00:00\",\"description\":\"Liste mit \u00c4rzten und Therapeuten aus dem Graswurzle Netzwerk. Finden Sie ganzheitliche Therapeuten aus allen Bereichen der Medizin.\",\"breadcrumb\":{\"@id\":\"https:\/\/graswurzle.ch\/themen\/gesundheitswesen\/#breadcrumb\"},\"inLanguage\":\"it-IT\",\"potentialAction\":[{\"@type\":\"ReadAction\",\"target\":[\"https:\/\/graswurzle.ch\/themen\/gesundheitswesen\/\"]}]},{\"@type\":\"ImageObject\",\"inLanguage\":\"it-IT\",\"@id\":\"https:\/\/graswurzle.ch\/themen\/gesundheitswesen\/#primaryimage\",\"url\":\"https:\/\/graswurzle.ch\/wp-content\/uploads\/2021\/09\/2-6.jpeg\",\"contentUrl\":\"https:\/\/graswurzle.ch\/wp-content\/uploads\/2021\/09\/2-6.jpeg\"},{\"@type\":\"BreadcrumbList\",\"@id\":\"https:\/\/graswurzle.ch\/themen\/gesundheitswesen\/#breadcrumb\",\"itemListElement\":[{\"@type\":\"ListItem\",\"position\":1,\"name\":\"Home\",\"item\":\"https:\/\/graswurzle.ch\/\"},{\"@type\":\"ListItem\",\"position\":2,\"name\":\"Themen\",\"item\":\"https:\/\/graswurzle.ch\/themen\/\"},{\"@type\":\"ListItem\",\"position\":3,\"name\":\"Gesundheitswesen\"}]},{\"@type\":\"WebSite\",\"@id\":\"https:\/\/graswurzle.ch\/#website\",\"url\":\"https:\/\/graswurzle.ch\/\",\"name\":\"Graswurzle\",\"description\":\"Begegnung -Beziehung -Boden f\u00fcr Neues!\",\"publisher\":{\"@id\":\"https:\/\/graswurzle.ch\/#organization\"},\"potentialAction\":[{\"@type\":\"SearchAction\",\"target\":{\"@type\":\"EntryPoint\",\"urlTemplate\":\"https:\/\/graswurzle.ch\/?s={search_term_string}\"},\"query-input\":{\"@type\":\"PropertyValueSpecification\",\"valueRequired\":true,\"valueName\":\"search_term_string\"}}],\"inLanguage\":\"it-IT\"},{\"@type\":\"Organization\",\"@id\":\"https:\/\/graswurzle.ch\/#organization\",\"name\":\"Graswurzle\",\"url\":\"https:\/\/graswurzle.ch\/\",\"logo\":{\"@type\":\"ImageObject\",\"inLanguage\":\"it-IT\",\"@id\":\"https:\/\/graswurzle.ch\/#\/schema\/logo\/image\/\",\"url\":\"https:\/\/graswurzle.ch\/wp-content\/uploads\/2024\/07\/cropped-gw_logo_neue_schrift.png\",\"contentUrl\":\"https:\/\/graswurzle.ch\/wp-content\/uploads\/2024\/07\/cropped-gw_logo_neue_schrift.png\",\"width\":1000,\"height\":373,\"caption\":\"Graswurzle\"},\"image\":{\"@id\":\"https:\/\/graswurzle.ch\/#\/schema\/logo\/image\/\"}}]}<\/script>\n<!-- \/ Yoast SEO plugin. -->","yoast_head_json":{"title":"Graswurzle Gesundheitswesen","description":"Liste mit \u00c4rzten und Therapeuten aus dem Graswurzle Netzwerk. Finden Sie ganzheitliche Therapeuten aus allen Bereichen der Medizin.","robots":{"index":"index","follow":"follow","max-snippet":"max-snippet:-1","max-image-preview":"max-image-preview:large","max-video-preview":"max-video-preview:-1"},"canonical":"https:\/\/graswurzle.ch\/it\/themen\/gesundheitswesen\/","og_locale":"it_IT","og_type":"article","og_title":"Gesundheitswesen Graswurzle","og_description":"Liste mit \u00c4rzten und Therapeuten aus dem Graswurzle Netzwerk. Finden Sie ganzheitliche Therapeuten aus allen Bereichen der Medizin.","og_url":"https:\/\/graswurzle.ch\/it\/themen\/gesundheitswesen\/","og_site_name":"Graswurzle","article_modified_time":"2023-02-13T14:47:03+00:00","og_image":[{"width":500,"height":667,"url":"https:\/\/graswurzle.ch\/wp-content\/uploads\/2022\/06\/jeanine.jpg","type":"image\/jpeg"}],"twitter_card":"summary_large_image","twitter_title":"Gesundheitswesen Graswurzle","twitter_description":"Liste mit \u00c4rzten und Therapeuten aus dem Graswurzle Netzwerk. Finden Sie ganzheitliche Therapeuten aus allen Bereichen der Medizin.","twitter_image":"https:\/\/graswurzle.ch\/wp-content\/uploads\/2022\/06\/jeanine.jpg","twitter_misc":{"Tempo di lettura stimato":"12 minuti"},"schema":{"@context":"https:\/\/schema.org","@graph":[{"@type":"WebPage","@id":"https:\/\/graswurzle.ch\/themen\/gesundheitswesen\/","url":"https:\/\/graswurzle.ch\/themen\/gesundheitswesen\/","name":"Graswurzle Gesundheitswesen","isPartOf":{"@id":"https:\/\/graswurzle.ch\/#website"},"primaryImageOfPage":{"@id":"https:\/\/graswurzle.ch\/themen\/gesundheitswesen\/#primaryimage"},"image":{"@id":"https:\/\/graswurzle.ch\/themen\/gesundheitswesen\/#primaryimage"},"thumbnailUrl":"https:\/\/graswurzle.ch\/wp-content\/uploads\/2021\/09\/2-6.jpeg","datePublished":"2021-09-17T23:51:48+00:00","dateModified":"2023-02-13T14:47:03+00:00","description":"Liste mit \u00c4rzten und Therapeuten aus dem Graswurzle Netzwerk. Finden Sie ganzheitliche Therapeuten aus allen Bereichen der Medizin.","breadcrumb":{"@id":"https:\/\/graswurzle.ch\/themen\/gesundheitswesen\/#breadcrumb"},"inLanguage":"it-IT","potentialAction":[{"@type":"ReadAction","target":["https:\/\/graswurzle.ch\/themen\/gesundheitswesen\/"]}]},{"@type":"ImageObject","inLanguage":"it-IT","@id":"https:\/\/graswurzle.ch\/themen\/gesundheitswesen\/#primaryimage","url":"https:\/\/graswurzle.ch\/wp-content\/uploads\/2021\/09\/2-6.jpeg","contentUrl":"https:\/\/graswurzle.ch\/wp-content\/uploads\/2021\/09\/2-6.jpeg"},{"@type":"BreadcrumbList","@id":"https:\/\/graswurzle.ch\/themen\/gesundheitswesen\/#breadcrumb","itemListElement":[{"@type":"ListItem","position":1,"name":"Home","item":"https:\/\/graswurzle.ch\/"},{"@type":"ListItem","position":2,"name":"Themen","item":"https:\/\/graswurzle.ch\/themen\/"},{"@type":"ListItem","position":3,"name":"Gesundheitswesen"}]},{"@type":"WebSite","@id":"https:\/\/graswurzle.ch\/#website","url":"https:\/\/graswurzle.ch\/","name":"Graswurzle","description":"Begegnung -Beziehung -Boden f\u00fcr Neues!","publisher":{"@id":"https:\/\/graswurzle.ch\/#organization"},"potentialAction":[{"@type":"SearchAction","target":{"@type":"EntryPoint","urlTemplate":"https:\/\/graswurzle.ch\/?s={search_term_string}"},"query-input":{"@type":"PropertyValueSpecification","valueRequired":true,"valueName":"search_term_string"}}],"inLanguage":"it-IT"},{"@type":"Organization","@id":"https:\/\/graswurzle.ch\/#organization","name":"Graswurzle","url":"https:\/\/graswurzle.ch\/","logo":{"@type":"ImageObject","inLanguage":"it-IT","@id":"https:\/\/graswurzle.ch\/#\/schema\/logo\/image\/","url":"https:\/\/graswurzle.ch\/wp-content\/uploads\/2024\/07\/cropped-gw_logo_neue_schrift.png","contentUrl":"https:\/\/graswurzle.ch\/wp-content\/uploads\/2024\/07\/cropped-gw_logo_neue_schrift.png","width":1000,"height":373,"caption":"Graswurzle"},"image":{"@id":"https:\/\/graswurzle.ch\/#\/schema\/logo\/image\/"}}]}},"_links":{"self":[{"href":"https:\/\/graswurzle.ch\/it\/wp-json\/wp\/v2\/pages\/8185","targetHints":{"allow":["GET"]}}],"collection":[{"href":"https:\/\/graswurzle.ch\/it\/wp-json\/wp\/v2\/pages"}],"about":[{"href":"https:\/\/graswurzle.ch\/it\/wp-json\/wp\/v2\/types\/page"}],"author":[{"embeddable":true,"href":"https:\/\/graswurzle.ch\/it\/wp-json\/wp\/v2\/users\/13"}],"replies":[{"embeddable":true,"href":"https:\/\/graswurzle.ch\/it\/wp-json\/wp\/v2\/comments?post=8185"}],"version-history":[{"count":216,"href":"https:\/\/graswurzle.ch\/it\/wp-json\/wp\/v2\/pages\/8185\/revisions"}],"predecessor-version":[{"id":19789,"href":"https:\/\/graswurzle.ch\/it\/wp-json\/wp\/v2\/pages\/8185\/revisions\/19789"}],"up":[{"embeddable":true,"href":"https:\/\/graswurzle.ch\/it\/wp-json\/wp\/v2\/pages\/8004"}],"wp:attachment":[{"href":"https:\/\/graswurzle.ch\/it\/wp-json\/wp\/v2\/media?parent=8185"}],"curies":[{"name":"wp","href":"https:\/\/api.w.org\/{rel}","templated":true}]}}