{"id":19545,"date":"2023-05-08T06:58:02","date_gmt":"2023-05-08T05:58:02","guid":{"rendered":"https:\/\/graswurzle.ch\/?post_type=tribe_events&#038;p=19545"},"modified":"2023-05-08T06:58:02","modified_gmt":"2023-05-08T05:58:02","slug":"kino-und-baden-in-affoltern-am-albis","status":"publish","type":"tribe_events","link":"https:\/\/graswurzle.ch\/it\/kalender-detail\/kino-und-baden-in-affoltern-am-albis\/","title":{"rendered":"Kino und Baden in Affoltern am Albis"},"content":{"rendered":"<p><img fetchpriority=\"high\" decoding=\"async\" class=\"alignnone size-medium wp-image-19546\" src=\"https:\/\/graswurzle.ch\/wp-content\/uploads\/2023\/05\/2-300x198.jpg\" alt=\"\" width=\"300\" height=\"198\" srcset=\"https:\/\/graswurzle.ch\/wp-content\/uploads\/2023\/05\/2-300x198.jpg 300w, https:\/\/graswurzle.ch\/wp-content\/uploads\/2023\/05\/2-1024x676.jpg 1024w, https:\/\/graswurzle.ch\/wp-content\/uploads\/2023\/05\/2-768x507.jpg 768w, https:\/\/graswurzle.ch\/wp-content\/uploads\/2023\/05\/2-18x12.jpg 18w, https:\/\/graswurzle.ch\/wp-content\/uploads\/2023\/05\/2-100x66.jpg 100w, https:\/\/graswurzle.ch\/wp-content\/uploads\/2023\/05\/2-150x99.jpg 150w, https:\/\/graswurzle.ch\/wp-content\/uploads\/2023\/05\/2-200x132.jpg 200w, https:\/\/graswurzle.ch\/wp-content\/uploads\/2023\/05\/2-450x297.jpg 450w, https:\/\/graswurzle.ch\/wp-content\/uploads\/2023\/05\/2-600x396.jpg 600w, https:\/\/graswurzle.ch\/wp-content\/uploads\/2023\/05\/2-900x594.jpg 900w, https:\/\/graswurzle.ch\/wp-content\/uploads\/2023\/05\/2.jpg 1200w\" sizes=\"(max-width: 300px) 100vw, 300px\" \/><\/p>\n<div>\n<div class=\"eventDetails__innerText ck-content\">\n<p><span style=\"font-size: large;\"><strong>&#8222;<\/strong><strong><span style=\"color: #e64d4d;\">F<\/span><\/strong><strong><span style=\"color: #e64d4d;\">F<\/span><\/strong><strong><span style=\"color: #e64d4d;\">FP2<\/span><\/strong><strong>connect Kino&#8220; =<\/strong> <strong><span style=\"color: #e64d4d;\">F<\/span><\/strong><strong>ilms\u00a0<\/strong><strong><span style=\"color: #e64d4d;\">F<\/span><\/strong><strong>or <\/strong><strong><span style=\"color: #e64d4d;\">F<\/span><\/strong><strong>ree <\/strong><strong><span style=\"color: #e64d4d;\">P<\/span><\/strong><strong>eople <\/strong><strong><span style=\"color: #e64d4d;\">2<\/span><\/strong><strong> connect<\/strong><\/span><\/p>\n<p><strong><span style=\"font-size: large;\">______________________________________________________________<\/span><\/strong><\/p>\n<p>&nbsp;<\/p>\n<p><strong><span style=\"font-size: large;\">Film: Lady Chatterly &#8211; F 2007<\/span><\/strong><\/p>\n<p><span style=\"font-size: large;\">Wir sp\u00fcren den Fr\u00fchling! Erotikkino ab 16!!!<\/span><\/p>\n<p><b><span style=\"font-size: large;\">______________________________________________________________<\/span><\/b><\/p>\n<p><span style=\"font-size: large;\">Werkstatt &#8211; Kino in speziellem Ambiente, liebevoll gestalteter Anlass im kleinen Rahmen&#8230;.<\/span><\/p>\n<p><span style=\"font-size: large;\">Exklusiv f\u00fcr Dich + 1 Begleitung.<\/span><\/p>\n<p><strong><span style=\"color: #ff0000; font-size: large;\"><b><br \/>\n<\/b><\/span><span style=\"font-size: large;\">KINO:<\/span><\/strong><\/p>\n<p><span style=\"font-size: large;\">Werkstatt &#8211; Kino in speziellem Ambiente &#8211; Filmklassiker der letzten 100 Jahre aus den verschiedensten Genres&#8230;<\/span><\/p>\n<p><strong><span style=\"font-size: large;\">BADEN:<\/span><\/strong><\/p>\n<p><i><span style=\"font-size: large;\">Im Aussenbereich steht eine mit Holz* beheizte Fassbadewanne f\u00fcr 6 Personen. Wer diese nutzen m\u00f6chte also unbedingt Badesachen &amp; Badelatschen mitnehmen und ab in die heisse Wanne&#8230;! Baden ist m\u00f6glich vor, w\u00e4hrend oder nach dem Film &#8211; Eine wundersch\u00f6ne Erfahrung unter freiem Himmel&#8230;<\/span><\/i><\/p>\n<p><i><span style=\"font-size: large;\">* Abfallholz, eigens zu Brennholz zerkleinert &#8211; es m\u00fcssen nicht extra B\u00e4ume sterben f\u00fcr unser Vergn\u00fcgen&#8230;<\/span><\/i><\/p>\n<p><span style=\"font-size: large;\">______________________________________________________________<\/span><\/p>\n<p><span style=\"font-size: large;\"><b>GRATISTICKET* hier:\u00a0<a href=\"https:\/\/eventfrog.ch\/2023_05_13\">https:\/\/eventfrog.ch\/2023_05_13<\/a><\/b><\/span><\/p>\n<p><i><span style=\"font-size: large;\">(*Es gibt vor Ort eine Spendenkasse)<\/span><\/i><\/p>\n<p><strong><span style=\"font-size: large;\">ACHTUNG: Bitte nur in einer Kategorie anmelden \/ Kino nur buchen wenn Ihr sicher den Film schauen wollt!!!<\/span><\/strong><\/p>\n<p><span style=\"font-size: large;\"><strong>TICKET KINO:<\/strong> Essen, Austausch, Baden, Musik &amp; Kino! Alles inklusive&#8230;<br \/>\n<i>Kein Platz mehr f\u00fcr&#8217;s Kino danach? Komm doch trotzdem gerne zum Essen und um Dich auszutauschen und zu vernetzen&#8230;!<\/i><\/span><\/p>\n<p>&nbsp;<\/p>\n<p><span style=\"font-size: large;\"><strong>TICKET ESSEN:<\/strong> Essen, Austausch, Musik &amp; Baden! Wenn Pl\u00e4tze im Kino frei werden, so kannst Du selbstverst\u00e4ndlich nachrutschen&#8230;<\/span><\/p>\n<p>&nbsp;<\/p>\n<p><span style=\"font-size: large;\">_____________________________________________________<\/span><\/p>\n<p><span style=\"font-size: large;\">17:30 &#8211; Baden &amp; connect (ganzer Abend m\u00f6glich)<\/span><\/p>\n<p><span style=\"font-size: large;\">18:30 &#8211;\u00a0Speis &amp; Trank\u00a0&amp; connect<\/span><\/p>\n<p><span style=\"font-size: large;\">20:00 &#8211; Film<\/span><\/p>\n<p><span style=\"font-size: large;\">danach: &#8222;Openend&#8220;<\/span><\/p>\n<p><span style=\"font-size: large;\">______________________________________________________<\/span><\/p>\n<p><strong><span style=\"font-size: large;\">Wie? Wo? Was? Wieso, weshalb, warum? Weitere Infos zum Anlass im Anhang&#8230;<\/span><\/strong><\/p>\n<p><strong><span style=\"color: #808000; font-size: large;\">Wir freuen uns auf Euch! FFFP2connectKino-Team \/ \u00a08910 Affoltern am Albis<\/span><\/strong><\/p>\n<\/div>\n<div class=\"eventsItem__content\"><\/div>\n<\/div>\n","protected":false},"excerpt":{"rendered":"<p>&#8222;FFFP2connect Kino&#8220; = Films\u00a0For Free People 2 connect ______________________________________________________________ &nbsp; Film: Lady Chatterly &#8211; F 2007 Wir sp\u00fcren den Fr\u00fchling! Erotikkino ab 16!!! ______________________________________________________________ Werkstatt &#8211; Kino in speziellem Ambiente, liebevoll gestalteter Anlass im kleinen Rahmen&#8230;. Exklusiv f\u00fcr Dich + &hellip;<\/p>\n<p class=\"read-more\"> <a class=\"more-link\" href=\"https:\/\/graswurzle.ch\/it\/kalender-detail\/kino-und-baden-in-affoltern-am-albis\/\"> <span class=\"screen-reader-text\">Kino und Baden in Affoltern am Albis<\/span> Leggi tutto &raquo;<\/a><\/p>\n","protected":false},"author":15,"featured_media":0,"template":"","meta":{"_tribe_events_status":"","_tribe_events_status_reason":"","footnotes":""},"tags":[],"tribe_events_cat":[],"class_list":["post-19545","tribe_events","type-tribe_events","status-publish","hentry"],"acf":[],"yoast_head":"<!-- This site is optimized with the Yoast SEO plugin v24.9 - https:\/\/yoast.com\/wordpress\/plugins\/seo\/ -->\n<title>Kino und Baden in Affoltern am Albis - Graswurzle<\/title>\n<meta name=\"robots\" content=\"index, follow, max-snippet:-1, max-image-preview:large, max-video-preview:-1\" \/>\n<link rel=\"canonical\" href=\"https:\/\/graswurzle.ch\/it\/kalender-detail\/kino-und-baden-in-affoltern-am-albis\/\" \/>\n<meta property=\"og:locale\" content=\"it_IT\" \/>\n<meta property=\"og:type\" content=\"article\" \/>\n<meta property=\"og:title\" content=\"Kino und Baden in Affoltern am Albis - Graswurzle\" \/>\n<meta property=\"og:description\" content=\"&#8222;FFFP2connect Kino&#8220; = Films\u00a0For Free People 2 connect ______________________________________________________________ &nbsp; Film: Lady Chatterly &#8211; F 2007 Wir sp\u00fcren den Fr\u00fchling! Erotikkino ab 16!!! ______________________________________________________________ Werkstatt &#8211; Kino in speziellem Ambiente, liebevoll gestalteter Anlass im kleinen Rahmen&#8230;. Exklusiv f\u00fcr Dich + &hellip; Kino und Baden in Affoltern am Albis Leggi tutto &raquo;\" \/>\n<meta property=\"og:url\" content=\"https:\/\/graswurzle.ch\/it\/kalender-detail\/kino-und-baden-in-affoltern-am-albis\/\" \/>\n<meta property=\"og:site_name\" content=\"Graswurzle\" \/>\n<meta property=\"og:image\" content=\"https:\/\/graswurzle.ch\/wp-content\/uploads\/2023\/05\/2-300x198.jpg\" \/>\n<meta name=\"twitter:card\" content=\"summary_large_image\" \/>\n<meta name=\"twitter:label1\" content=\"Tempo di lettura stimato\" \/>\n\t<meta name=\"twitter:data1\" content=\"2 minuti\" \/>\n<script type=\"application\/ld+json\" class=\"yoast-schema-graph\">{\"@context\":\"https:\/\/schema.org\",\"@graph\":[{\"@type\":\"WebPage\",\"@id\":\"https:\/\/graswurzle.ch\/kalender-detail\/kino-und-baden-in-affoltern-am-albis\/\",\"url\":\"https:\/\/graswurzle.ch\/kalender-detail\/kino-und-baden-in-affoltern-am-albis\/\",\"name\":\"Kino und Baden in Affoltern am Albis - Graswurzle\",\"isPartOf\":{\"@id\":\"https:\/\/graswurzle.ch\/#website\"},\"primaryImageOfPage\":{\"@id\":\"https:\/\/graswurzle.ch\/kalender-detail\/kino-und-baden-in-affoltern-am-albis\/#primaryimage\"},\"image\":{\"@id\":\"https:\/\/graswurzle.ch\/kalender-detail\/kino-und-baden-in-affoltern-am-albis\/#primaryimage\"},\"thumbnailUrl\":\"https:\/\/graswurzle.ch\/wp-content\/uploads\/2023\/05\/2-300x198.jpg\",\"datePublished\":\"2023-05-08T05:58:02+00:00\",\"breadcrumb\":{\"@id\":\"https:\/\/graswurzle.ch\/kalender-detail\/kino-und-baden-in-affoltern-am-albis\/#breadcrumb\"},\"inLanguage\":\"it-IT\",\"potentialAction\":[{\"@type\":\"ReadAction\",\"target\":[\"https:\/\/graswurzle.ch\/kalender-detail\/kino-und-baden-in-affoltern-am-albis\/\"]}]},{\"@type\":\"ImageObject\",\"inLanguage\":\"it-IT\",\"@id\":\"https:\/\/graswurzle.ch\/kalender-detail\/kino-und-baden-in-affoltern-am-albis\/#primaryimage\",\"url\":\"https:\/\/graswurzle.ch\/wp-content\/uploads\/2023\/05\/2-300x198.jpg\",\"contentUrl\":\"https:\/\/graswurzle.ch\/wp-content\/uploads\/2023\/05\/2-300x198.jpg\"},{\"@type\":\"BreadcrumbList\",\"@id\":\"https:\/\/graswurzle.ch\/kalender-detail\/kino-und-baden-in-affoltern-am-albis\/#breadcrumb\",\"itemListElement\":[{\"@type\":\"ListItem\",\"position\":1,\"name\":\"Home\",\"item\":\"https:\/\/graswurzle.ch\/\"},{\"@type\":\"ListItem\",\"position\":2,\"name\":\"Kino und Baden in Affoltern am Albis\"}]},{\"@type\":\"WebSite\",\"@id\":\"https:\/\/graswurzle.ch\/#website\",\"url\":\"https:\/\/graswurzle.ch\/\",\"name\":\"Graswurzle\",\"description\":\"Begegnung -Beziehung -Boden f\u00fcr Neues!\",\"publisher\":{\"@id\":\"https:\/\/graswurzle.ch\/#organization\"},\"potentialAction\":[{\"@type\":\"SearchAction\",\"target\":{\"@type\":\"EntryPoint\",\"urlTemplate\":\"https:\/\/graswurzle.ch\/?s={search_term_string}\"},\"query-input\":{\"@type\":\"PropertyValueSpecification\",\"valueRequired\":true,\"valueName\":\"search_term_string\"}}],\"inLanguage\":\"it-IT\"},{\"@type\":\"Organization\",\"@id\":\"https:\/\/graswurzle.ch\/#organization\",\"name\":\"Graswurzle\",\"url\":\"https:\/\/graswurzle.ch\/\",\"logo\":{\"@type\":\"ImageObject\",\"inLanguage\":\"it-IT\",\"@id\":\"https:\/\/graswurzle.ch\/#\/schema\/logo\/image\/\",\"url\":\"https:\/\/graswurzle.ch\/wp-content\/uploads\/2024\/07\/cropped-gw_logo_neue_schrift.png\",\"contentUrl\":\"https:\/\/graswurzle.ch\/wp-content\/uploads\/2024\/07\/cropped-gw_logo_neue_schrift.png\",\"width\":1000,\"height\":373,\"caption\":\"Graswurzle\"},\"image\":{\"@id\":\"https:\/\/graswurzle.ch\/#\/schema\/logo\/image\/\"}}]}<\/script>\n<!-- \/ Yoast SEO plugin. -->","yoast_head_json":{"title":"Kino und Baden in Affoltern am Albis - Graswurzle","robots":{"index":"index","follow":"follow","max-snippet":"max-snippet:-1","max-image-preview":"max-image-preview:large","max-video-preview":"max-video-preview:-1"},"canonical":"https:\/\/graswurzle.ch\/it\/kalender-detail\/kino-und-baden-in-affoltern-am-albis\/","og_locale":"it_IT","og_type":"article","og_title":"Kino und Baden in Affoltern am Albis - Graswurzle","og_description":"&#8222;FFFP2connect Kino&#8220; = Films\u00a0For Free People 2 connect ______________________________________________________________ &nbsp; Film: Lady Chatterly &#8211; F 2007 Wir sp\u00fcren den Fr\u00fchling! Erotikkino ab 16!!! ______________________________________________________________ Werkstatt &#8211; Kino in speziellem Ambiente, liebevoll gestalteter Anlass im kleinen Rahmen&#8230;. Exklusiv f\u00fcr Dich + &hellip; Kino und Baden in Affoltern am Albis Leggi tutto &raquo;","og_url":"https:\/\/graswurzle.ch\/it\/kalender-detail\/kino-und-baden-in-affoltern-am-albis\/","og_site_name":"Graswurzle","og_image":[{"url":"https:\/\/graswurzle.ch\/wp-content\/uploads\/2023\/05\/2-300x198.jpg","type":"","width":"","height":""}],"twitter_card":"summary_large_image","twitter_misc":{"Tempo di lettura stimato":"2 minuti"},"schema":{"@context":"https:\/\/schema.org","@graph":[{"@type":"WebPage","@id":"https:\/\/graswurzle.ch\/kalender-detail\/kino-und-baden-in-affoltern-am-albis\/","url":"https:\/\/graswurzle.ch\/kalender-detail\/kino-und-baden-in-affoltern-am-albis\/","name":"Kino und Baden in Affoltern am Albis - Graswurzle","isPartOf":{"@id":"https:\/\/graswurzle.ch\/#website"},"primaryImageOfPage":{"@id":"https:\/\/graswurzle.ch\/kalender-detail\/kino-und-baden-in-affoltern-am-albis\/#primaryimage"},"image":{"@id":"https:\/\/graswurzle.ch\/kalender-detail\/kino-und-baden-in-affoltern-am-albis\/#primaryimage"},"thumbnailUrl":"https:\/\/graswurzle.ch\/wp-content\/uploads\/2023\/05\/2-300x198.jpg","datePublished":"2023-05-08T05:58:02+00:00","breadcrumb":{"@id":"https:\/\/graswurzle.ch\/kalender-detail\/kino-und-baden-in-affoltern-am-albis\/#breadcrumb"},"inLanguage":"it-IT","potentialAction":[{"@type":"ReadAction","target":["https:\/\/graswurzle.ch\/kalender-detail\/kino-und-baden-in-affoltern-am-albis\/"]}]},{"@type":"ImageObject","inLanguage":"it-IT","@id":"https:\/\/graswurzle.ch\/kalender-detail\/kino-und-baden-in-affoltern-am-albis\/#primaryimage","url":"https:\/\/graswurzle.ch\/wp-content\/uploads\/2023\/05\/2-300x198.jpg","contentUrl":"https:\/\/graswurzle.ch\/wp-content\/uploads\/2023\/05\/2-300x198.jpg"},{"@type":"BreadcrumbList","@id":"https:\/\/graswurzle.ch\/kalender-detail\/kino-und-baden-in-affoltern-am-albis\/#breadcrumb","itemListElement":[{"@type":"ListItem","position":1,"name":"Home","item":"https:\/\/graswurzle.ch\/"},{"@type":"ListItem","position":2,"name":"Kino und Baden in Affoltern am Albis"}]},{"@type":"WebSite","@id":"https:\/\/graswurzle.ch\/#website","url":"https:\/\/graswurzle.ch\/","name":"Graswurzle","description":"Begegnung -Beziehung -Boden f\u00fcr Neues!","publisher":{"@id":"https:\/\/graswurzle.ch\/#organization"},"potentialAction":[{"@type":"SearchAction","target":{"@type":"EntryPoint","urlTemplate":"https:\/\/graswurzle.ch\/?s={search_term_string}"},"query-input":{"@type":"PropertyValueSpecification","valueRequired":true,"valueName":"search_term_string"}}],"inLanguage":"it-IT"},{"@type":"Organization","@id":"https:\/\/graswurzle.ch\/#organization","name":"Graswurzle","url":"https:\/\/graswurzle.ch\/","logo":{"@type":"ImageObject","inLanguage":"it-IT","@id":"https:\/\/graswurzle.ch\/#\/schema\/logo\/image\/","url":"https:\/\/graswurzle.ch\/wp-content\/uploads\/2024\/07\/cropped-gw_logo_neue_schrift.png","contentUrl":"https:\/\/graswurzle.ch\/wp-content\/uploads\/2024\/07\/cropped-gw_logo_neue_schrift.png","width":1000,"height":373,"caption":"Graswurzle"},"image":{"@id":"https:\/\/graswurzle.ch\/#\/schema\/logo\/image\/"}}]}},"_links":{"self":[{"href":"https:\/\/graswurzle.ch\/it\/wp-json\/wp\/v2\/tribe_events\/19545","targetHints":{"allow":["GET"]}}],"collection":[{"href":"https:\/\/graswurzle.ch\/it\/wp-json\/wp\/v2\/tribe_events"}],"about":[{"href":"https:\/\/graswurzle.ch\/it\/wp-json\/wp\/v2\/types\/tribe_events"}],"author":[{"embeddable":true,"href":"https:\/\/graswurzle.ch\/it\/wp-json\/wp\/v2\/users\/15"}],"version-history":[{"count":1,"href":"https:\/\/graswurzle.ch\/it\/wp-json\/wp\/v2\/tribe_events\/19545\/revisions"}],"predecessor-version":[{"id":19547,"href":"https:\/\/graswurzle.ch\/it\/wp-json\/wp\/v2\/tribe_events\/19545\/revisions\/19547"}],"wp:attachment":[{"href":"https:\/\/graswurzle.ch\/it\/wp-json\/wp\/v2\/media?parent=19545"}],"wp:term":[{"taxonomy":"post_tag","embeddable":true,"href":"https:\/\/graswurzle.ch\/it\/wp-json\/wp\/v2\/tags?post=19545"},{"taxonomy":"tribe_events_cat","embeddable":true,"href":"https:\/\/graswurzle.ch\/it\/wp-json\/wp\/v2\/tribe_events_cat?post=19545"}],"curies":[{"name":"wp","href":"https:\/\/api.w.org\/{rel}","templated":true}]}}