{"id":22081,"date":"2023-12-14T16:24:53","date_gmt":"2023-12-14T15:24:53","guid":{"rendered":"https:\/\/graswurzle.ch\/?post_type=tribe_events&#038;p=22081"},"modified":"2024-01-25T08:45:06","modified_gmt":"2024-01-25T07:45:06","slug":"vernetzungstreffen-lokalgruppe-unterwalden","status":"publish","type":"tribe_events","link":"https:\/\/graswurzle.ch\/it\/kalender-detail\/vernetzungstreffen-lokalgruppe-unterwalden\/","title":{"rendered":"Vernetzungstreffen Lokalgruppe Unterwalden"},"content":{"rendered":"<p><img fetchpriority=\"high\" decoding=\"async\" class=\"alignnone size-full wp-image-22352\" src=\"https:\/\/graswurzle.ch\/wp-content\/uploads\/2023\/12\/GW-UW-VT-24-02-24-Einladung-Kopie.jpg\" alt=\"\" width=\"566\" height=\"800\" srcset=\"https:\/\/graswurzle.ch\/wp-content\/uploads\/2023\/12\/GW-UW-VT-24-02-24-Einladung-Kopie.jpg 566w, https:\/\/graswurzle.ch\/wp-content\/uploads\/2023\/12\/GW-UW-VT-24-02-24-Einladung-Kopie-212x300.jpg 212w, https:\/\/graswurzle.ch\/wp-content\/uploads\/2023\/12\/GW-UW-VT-24-02-24-Einladung-Kopie-8x12.jpg 8w, https:\/\/graswurzle.ch\/wp-content\/uploads\/2023\/12\/GW-UW-VT-24-02-24-Einladung-Kopie-100x141.jpg 100w, https:\/\/graswurzle.ch\/wp-content\/uploads\/2023\/12\/GW-UW-VT-24-02-24-Einladung-Kopie-150x212.jpg 150w, https:\/\/graswurzle.ch\/wp-content\/uploads\/2023\/12\/GW-UW-VT-24-02-24-Einladung-Kopie-200x283.jpg 200w, https:\/\/graswurzle.ch\/wp-content\/uploads\/2023\/12\/GW-UW-VT-24-02-24-Einladung-Kopie-300x424.jpg 300w, https:\/\/graswurzle.ch\/wp-content\/uploads\/2023\/12\/GW-UW-VT-24-02-24-Einladung-Kopie-450x636.jpg 450w\" sizes=\"(max-width: 566px) 100vw, 566px\" \/><\/p>\n<p>&nbsp;<\/p>\n<blockquote class=\"\">\n<div class=\"\">\n<div class=\"WordSection1\">\n<div class=\"\"><b class=\"\"><span class=\"\">Treffen der Lokalgruppe Unterwalden<\/span><\/b><\/div>\n<div class=\"\"><span class=\"\">\u00a0<\/span><\/div>\n<div class=\"\"><b class=\"\"><span class=\"\">Herzliche Einladung zum Treffen in Stans<\/span><\/b><\/div>\n<div class=\"\">Die Lokalgruppe Unterwalden startet nach einer Pause neu durch. Eingeladen sind Graswurzle-Mitglieder wie auch Interessierte.<\/div>\n<div class=\"\"><\/div>\n<div class=\"\">Das Vernetzungstreffen im Ideenreich Stans beginnt um 14 Uhr. Neben viel Raum f\u00fcr Begegnung und Austausch wird es ein paar kurze Themeninputs geben, die dir das Graswurzle-Netzwerk und seine M\u00f6glichkeiten greifbarer machen und dich f\u00fcr das aktive Mitwirken begeistern k\u00f6nnten.<\/div>\n<div class=\"\"><\/div>\n<div class=\"\">Wir laden dich ein, etwas Feines zum Knabbern, Essen oder auch zum Trinken mitzubringen und mit allen zu teilen. F\u00fcr Mineralwasser, heisses Wasser, Kaffee und Teebeutel ist gesorgt.<\/div>\n<div class=\"\"><\/div>\n<div class=\"\">Falls du zudem etwas Besonderes einbringen m\u00f6chtest, musikalisch, eine Idee oder ein Projekt vorstellen, melde dich bitte m\u00f6glichst bald zum Absprechen.<\/div>\n<div class=\"\"><\/div>\n<div class=\"\">Ein wertsch\u00e4tzender Beitrag zum Decken der Mietkosten und des organisatorischen Aufwands ist ebenfalls sehr willkommen.<\/div>\n<div class=\"\"><\/div>\n<div class=\"\">Bis bald! Ich freu mich!<\/div>\n<div class=\"\"><\/div>\n<div class=\"\">Martin<\/div>\n<div class=\"\"><\/div>\n<div class=\"\">\u00dcber diesen Link kannst du dich gerne unserem Telegram-Chat hinzuf\u00fcgen:<\/div>\n<div class=\"\"><a class=\"\" href=\"https:\/\/t.me\/+mtWsF6B3zRkzODJk\">https:\/\/t.me\/+mtWsF6B3zRkzODJk<\/a><\/div>\n<\/div>\n<\/div>\n<\/blockquote>\n","protected":false},"excerpt":{"rendered":"<p>&nbsp; Treffen der Lokalgruppe Unterwalden \u00a0 Herzliche Einladung zum Treffen in Stans Die Lokalgruppe Unterwalden startet nach einer Pause neu durch. Eingeladen sind Graswurzle-Mitglieder wie auch Interessierte. Das Vernetzungstreffen im Ideenreich Stans beginnt um 14 Uhr. Neben viel Raum f\u00fcr &hellip;<\/p>\n<p class=\"read-more\"> <a class=\"more-link\" href=\"https:\/\/graswurzle.ch\/it\/kalender-detail\/vernetzungstreffen-lokalgruppe-unterwalden\/\"> <span class=\"screen-reader-text\">Vernetzungstreffen Lokalgruppe Unterwalden<\/span> Leggi tutto &raquo;<\/a><\/p>\n","protected":false},"author":13,"featured_media":0,"template":"","meta":{"_tribe_events_status":"","_tribe_events_status_reason":"","footnotes":""},"tags":[],"tribe_events_cat":[],"class_list":["post-22081","tribe_events","type-tribe_events","status-publish","hentry"],"acf":[],"yoast_head":"<!-- This site is optimized with the Yoast SEO plugin v24.9 - https:\/\/yoast.com\/wordpress\/plugins\/seo\/ -->\n<title>Vernetzungstreffen Lokalgruppe Unterwalden - Graswurzle<\/title>\n<meta name=\"robots\" content=\"index, follow, max-snippet:-1, max-image-preview:large, max-video-preview:-1\" \/>\n<link rel=\"canonical\" href=\"https:\/\/graswurzle.ch\/it\/kalender-detail\/vernetzungstreffen-lokalgruppe-unterwalden\/\" \/>\n<meta property=\"og:locale\" content=\"it_IT\" \/>\n<meta property=\"og:type\" content=\"article\" \/>\n<meta property=\"og:title\" content=\"Vernetzungstreffen Lokalgruppe Unterwalden - Graswurzle\" \/>\n<meta property=\"og:description\" content=\"&nbsp; Treffen der Lokalgruppe Unterwalden \u00a0 Herzliche Einladung zum Treffen in Stans Die Lokalgruppe Unterwalden startet nach einer Pause neu durch. Eingeladen sind Graswurzle-Mitglieder wie auch Interessierte. Das Vernetzungstreffen im Ideenreich Stans beginnt um 14 Uhr. Neben viel Raum f\u00fcr &hellip; Vernetzungstreffen Lokalgruppe Unterwalden Leggi tutto &raquo;\" \/>\n<meta property=\"og:url\" content=\"https:\/\/graswurzle.ch\/it\/kalender-detail\/vernetzungstreffen-lokalgruppe-unterwalden\/\" \/>\n<meta property=\"og:site_name\" content=\"Graswurzle\" \/>\n<meta property=\"article:modified_time\" content=\"2024-01-25T07:45:06+00:00\" \/>\n<meta property=\"og:image\" content=\"https:\/\/graswurzle.ch\/wp-content\/uploads\/2023\/12\/GW-UW-VT-24-02-24-Einladung-Kopie.jpg\" \/>\n<meta name=\"twitter:card\" content=\"summary_large_image\" \/>\n<meta name=\"twitter:label1\" content=\"Tempo di lettura stimato\" \/>\n\t<meta name=\"twitter:data1\" content=\"1 minuto\" \/>\n<script type=\"application\/ld+json\" class=\"yoast-schema-graph\">{\"@context\":\"https:\/\/schema.org\",\"@graph\":[{\"@type\":\"WebPage\",\"@id\":\"https:\/\/graswurzle.ch\/kalender-detail\/vernetzungstreffen-lokalgruppe-unterwalden\/\",\"url\":\"https:\/\/graswurzle.ch\/kalender-detail\/vernetzungstreffen-lokalgruppe-unterwalden\/\",\"name\":\"Vernetzungstreffen Lokalgruppe Unterwalden - Graswurzle\",\"isPartOf\":{\"@id\":\"https:\/\/graswurzle.ch\/#website\"},\"primaryImageOfPage\":{\"@id\":\"https:\/\/graswurzle.ch\/kalender-detail\/vernetzungstreffen-lokalgruppe-unterwalden\/#primaryimage\"},\"image\":{\"@id\":\"https:\/\/graswurzle.ch\/kalender-detail\/vernetzungstreffen-lokalgruppe-unterwalden\/#primaryimage\"},\"thumbnailUrl\":\"https:\/\/graswurzle.ch\/wp-content\/uploads\/2023\/12\/GW-UW-VT-24-02-24-Einladung-Kopie.jpg\",\"datePublished\":\"2023-12-14T15:24:53+00:00\",\"dateModified\":\"2024-01-25T07:45:06+00:00\",\"breadcrumb\":{\"@id\":\"https:\/\/graswurzle.ch\/kalender-detail\/vernetzungstreffen-lokalgruppe-unterwalden\/#breadcrumb\"},\"inLanguage\":\"it-IT\",\"potentialAction\":[{\"@type\":\"ReadAction\",\"target\":[\"https:\/\/graswurzle.ch\/kalender-detail\/vernetzungstreffen-lokalgruppe-unterwalden\/\"]}]},{\"@type\":\"ImageObject\",\"inLanguage\":\"it-IT\",\"@id\":\"https:\/\/graswurzle.ch\/kalender-detail\/vernetzungstreffen-lokalgruppe-unterwalden\/#primaryimage\",\"url\":\"https:\/\/graswurzle.ch\/wp-content\/uploads\/2023\/12\/GW-UW-VT-24-02-24-Einladung-Kopie.jpg\",\"contentUrl\":\"https:\/\/graswurzle.ch\/wp-content\/uploads\/2023\/12\/GW-UW-VT-24-02-24-Einladung-Kopie.jpg\"},{\"@type\":\"BreadcrumbList\",\"@id\":\"https:\/\/graswurzle.ch\/kalender-detail\/vernetzungstreffen-lokalgruppe-unterwalden\/#breadcrumb\",\"itemListElement\":[{\"@type\":\"ListItem\",\"position\":1,\"name\":\"Home\",\"item\":\"https:\/\/graswurzle.ch\/\"},{\"@type\":\"ListItem\",\"position\":2,\"name\":\"Vernetzungstreffen Lokalgruppe Unterwalden\"}]},{\"@type\":\"WebSite\",\"@id\":\"https:\/\/graswurzle.ch\/#website\",\"url\":\"https:\/\/graswurzle.ch\/\",\"name\":\"Graswurzle\",\"description\":\"Begegnung -Beziehung -Boden f\u00fcr Neues!\",\"publisher\":{\"@id\":\"https:\/\/graswurzle.ch\/#organization\"},\"potentialAction\":[{\"@type\":\"SearchAction\",\"target\":{\"@type\":\"EntryPoint\",\"urlTemplate\":\"https:\/\/graswurzle.ch\/?s={search_term_string}\"},\"query-input\":{\"@type\":\"PropertyValueSpecification\",\"valueRequired\":true,\"valueName\":\"search_term_string\"}}],\"inLanguage\":\"it-IT\"},{\"@type\":\"Organization\",\"@id\":\"https:\/\/graswurzle.ch\/#organization\",\"name\":\"Graswurzle\",\"url\":\"https:\/\/graswurzle.ch\/\",\"logo\":{\"@type\":\"ImageObject\",\"inLanguage\":\"it-IT\",\"@id\":\"https:\/\/graswurzle.ch\/#\/schema\/logo\/image\/\",\"url\":\"https:\/\/graswurzle.ch\/wp-content\/uploads\/2024\/07\/cropped-gw_logo_neue_schrift.png\",\"contentUrl\":\"https:\/\/graswurzle.ch\/wp-content\/uploads\/2024\/07\/cropped-gw_logo_neue_schrift.png\",\"width\":1000,\"height\":373,\"caption\":\"Graswurzle\"},\"image\":{\"@id\":\"https:\/\/graswurzle.ch\/#\/schema\/logo\/image\/\"}}]}<\/script>\n<!-- \/ Yoast SEO plugin. -->","yoast_head_json":{"title":"Vernetzungstreffen Lokalgruppe Unterwalden - Graswurzle","robots":{"index":"index","follow":"follow","max-snippet":"max-snippet:-1","max-image-preview":"max-image-preview:large","max-video-preview":"max-video-preview:-1"},"canonical":"https:\/\/graswurzle.ch\/it\/kalender-detail\/vernetzungstreffen-lokalgruppe-unterwalden\/","og_locale":"it_IT","og_type":"article","og_title":"Vernetzungstreffen Lokalgruppe Unterwalden - Graswurzle","og_description":"&nbsp; Treffen der Lokalgruppe Unterwalden \u00a0 Herzliche Einladung zum Treffen in Stans Die Lokalgruppe Unterwalden startet nach einer Pause neu durch. Eingeladen sind Graswurzle-Mitglieder wie auch Interessierte. Das Vernetzungstreffen im Ideenreich Stans beginnt um 14 Uhr. Neben viel Raum f\u00fcr &hellip; Vernetzungstreffen Lokalgruppe Unterwalden Leggi tutto &raquo;","og_url":"https:\/\/graswurzle.ch\/it\/kalender-detail\/vernetzungstreffen-lokalgruppe-unterwalden\/","og_site_name":"Graswurzle","article_modified_time":"2024-01-25T07:45:06+00:00","og_image":[{"url":"https:\/\/graswurzle.ch\/wp-content\/uploads\/2023\/12\/GW-UW-VT-24-02-24-Einladung-Kopie.jpg","type":"","width":"","height":""}],"twitter_card":"summary_large_image","twitter_misc":{"Tempo di lettura stimato":"1 minuto"},"schema":{"@context":"https:\/\/schema.org","@graph":[{"@type":"WebPage","@id":"https:\/\/graswurzle.ch\/kalender-detail\/vernetzungstreffen-lokalgruppe-unterwalden\/","url":"https:\/\/graswurzle.ch\/kalender-detail\/vernetzungstreffen-lokalgruppe-unterwalden\/","name":"Vernetzungstreffen Lokalgruppe Unterwalden - Graswurzle","isPartOf":{"@id":"https:\/\/graswurzle.ch\/#website"},"primaryImageOfPage":{"@id":"https:\/\/graswurzle.ch\/kalender-detail\/vernetzungstreffen-lokalgruppe-unterwalden\/#primaryimage"},"image":{"@id":"https:\/\/graswurzle.ch\/kalender-detail\/vernetzungstreffen-lokalgruppe-unterwalden\/#primaryimage"},"thumbnailUrl":"https:\/\/graswurzle.ch\/wp-content\/uploads\/2023\/12\/GW-UW-VT-24-02-24-Einladung-Kopie.jpg","datePublished":"2023-12-14T15:24:53+00:00","dateModified":"2024-01-25T07:45:06+00:00","breadcrumb":{"@id":"https:\/\/graswurzle.ch\/kalender-detail\/vernetzungstreffen-lokalgruppe-unterwalden\/#breadcrumb"},"inLanguage":"it-IT","potentialAction":[{"@type":"ReadAction","target":["https:\/\/graswurzle.ch\/kalender-detail\/vernetzungstreffen-lokalgruppe-unterwalden\/"]}]},{"@type":"ImageObject","inLanguage":"it-IT","@id":"https:\/\/graswurzle.ch\/kalender-detail\/vernetzungstreffen-lokalgruppe-unterwalden\/#primaryimage","url":"https:\/\/graswurzle.ch\/wp-content\/uploads\/2023\/12\/GW-UW-VT-24-02-24-Einladung-Kopie.jpg","contentUrl":"https:\/\/graswurzle.ch\/wp-content\/uploads\/2023\/12\/GW-UW-VT-24-02-24-Einladung-Kopie.jpg"},{"@type":"BreadcrumbList","@id":"https:\/\/graswurzle.ch\/kalender-detail\/vernetzungstreffen-lokalgruppe-unterwalden\/#breadcrumb","itemListElement":[{"@type":"ListItem","position":1,"name":"Home","item":"https:\/\/graswurzle.ch\/"},{"@type":"ListItem","position":2,"name":"Vernetzungstreffen Lokalgruppe Unterwalden"}]},{"@type":"WebSite","@id":"https:\/\/graswurzle.ch\/#website","url":"https:\/\/graswurzle.ch\/","name":"Graswurzle","description":"Begegnung -Beziehung -Boden f\u00fcr Neues!","publisher":{"@id":"https:\/\/graswurzle.ch\/#organization"},"potentialAction":[{"@type":"SearchAction","target":{"@type":"EntryPoint","urlTemplate":"https:\/\/graswurzle.ch\/?s={search_term_string}"},"query-input":{"@type":"PropertyValueSpecification","valueRequired":true,"valueName":"search_term_string"}}],"inLanguage":"it-IT"},{"@type":"Organization","@id":"https:\/\/graswurzle.ch\/#organization","name":"Graswurzle","url":"https:\/\/graswurzle.ch\/","logo":{"@type":"ImageObject","inLanguage":"it-IT","@id":"https:\/\/graswurzle.ch\/#\/schema\/logo\/image\/","url":"https:\/\/graswurzle.ch\/wp-content\/uploads\/2024\/07\/cropped-gw_logo_neue_schrift.png","contentUrl":"https:\/\/graswurzle.ch\/wp-content\/uploads\/2024\/07\/cropped-gw_logo_neue_schrift.png","width":1000,"height":373,"caption":"Graswurzle"},"image":{"@id":"https:\/\/graswurzle.ch\/#\/schema\/logo\/image\/"}}]}},"_links":{"self":[{"href":"https:\/\/graswurzle.ch\/it\/wp-json\/wp\/v2\/tribe_events\/22081","targetHints":{"allow":["GET"]}}],"collection":[{"href":"https:\/\/graswurzle.ch\/it\/wp-json\/wp\/v2\/tribe_events"}],"about":[{"href":"https:\/\/graswurzle.ch\/it\/wp-json\/wp\/v2\/types\/tribe_events"}],"author":[{"embeddable":true,"href":"https:\/\/graswurzle.ch\/it\/wp-json\/wp\/v2\/users\/13"}],"version-history":[{"count":5,"href":"https:\/\/graswurzle.ch\/it\/wp-json\/wp\/v2\/tribe_events\/22081\/revisions"}],"predecessor-version":[{"id":22152,"href":"https:\/\/graswurzle.ch\/it\/wp-json\/wp\/v2\/tribe_events\/22081\/revisions\/22152"}],"wp:attachment":[{"href":"https:\/\/graswurzle.ch\/it\/wp-json\/wp\/v2\/media?parent=22081"}],"wp:term":[{"taxonomy":"post_tag","embeddable":true,"href":"https:\/\/graswurzle.ch\/it\/wp-json\/wp\/v2\/tags?post=22081"},{"taxonomy":"tribe_events_cat","embeddable":true,"href":"https:\/\/graswurzle.ch\/it\/wp-json\/wp\/v2\/tribe_events_cat?post=22081"}],"curies":[{"name":"wp","href":"https:\/\/api.w.org\/{rel}","templated":true}]}}