{"id":22880,"date":"2024-04-04T14:50:24","date_gmt":"2024-04-04T12:50:24","guid":{"rendered":"https:\/\/graswurzle.ch\/?post_type=tribe_events&#038;p=22880"},"modified":"2024-04-04T14:51:30","modified_gmt":"2024-04-04T12:51:30","slug":"vernetzungstreffen-lokalgruppe-unterwalden-2","status":"publish","type":"tribe_events","link":"https:\/\/graswurzle.ch\/it\/kalender-detail\/vernetzungstreffen-lokalgruppe-unterwalden-2\/","title":{"rendered":"Vernetzungstreffen Lokalgruppe Unterwalden"},"content":{"rendered":"<p>Gerne m\u00f6chten wir als Lokalgruppe in Unterwalden das Potential der Gemeinschaft aktiv kultivieren. <span class=\"Apple-converted-space\">\u00a0<\/span><\/p>\n<p><span class=\"Apple-converted-space\"> <img fetchpriority=\"high\" decoding=\"async\" class=\"alignnone size-large wp-image-22881\" src=\"https:\/\/graswurzle.ch\/wp-content\/uploads\/2024\/04\/photo_2024-04-04-14.47.51-721x1024.jpeg\" alt=\"\" width=\"605\" height=\"859\" srcset=\"https:\/\/graswurzle.ch\/wp-content\/uploads\/2024\/04\/photo_2024-04-04-14.47.51-721x1024.jpeg 721w, https:\/\/graswurzle.ch\/wp-content\/uploads\/2024\/04\/photo_2024-04-04-14.47.51-211x300.jpeg 211w, https:\/\/graswurzle.ch\/wp-content\/uploads\/2024\/04\/photo_2024-04-04-14.47.51-768x1091.jpeg 768w, https:\/\/graswurzle.ch\/wp-content\/uploads\/2024\/04\/photo_2024-04-04-14.47.51-8x12.jpeg 8w, https:\/\/graswurzle.ch\/wp-content\/uploads\/2024\/04\/photo_2024-04-04-14.47.51-100x142.jpeg 100w, https:\/\/graswurzle.ch\/wp-content\/uploads\/2024\/04\/photo_2024-04-04-14.47.51-150x213.jpeg 150w, https:\/\/graswurzle.ch\/wp-content\/uploads\/2024\/04\/photo_2024-04-04-14.47.51-200x284.jpeg 200w, https:\/\/graswurzle.ch\/wp-content\/uploads\/2024\/04\/photo_2024-04-04-14.47.51-300x426.jpeg 300w, https:\/\/graswurzle.ch\/wp-content\/uploads\/2024\/04\/photo_2024-04-04-14.47.51-450x639.jpeg 450w, https:\/\/graswurzle.ch\/wp-content\/uploads\/2024\/04\/photo_2024-04-04-14.47.51-600x852.jpeg 600w, https:\/\/graswurzle.ch\/wp-content\/uploads\/2024\/04\/photo_2024-04-04-14.47.51.jpeg 901w\" sizes=\"(max-width: 605px) 100vw, 605px\" \/><\/span><\/p>\n<p>\u2728Deshalb laden wir ein, zum Info&amp;Vernetzungstreff<span class=\"Apple-converted-space\">\u00a0<\/span><\/p>\n<p><span class=\"Apple-converted-space\">\u00a0<\/span><\/p>\n<p>\u27a1\ufe0f Im 1. Teil erf\u00e4hrst du das Wichtigste \u00fcber die Werte, Struktur &amp; M\u00f6glichkeiten.<span class=\"Apple-converted-space\">\u00a0<\/span><\/p>\n<p><span class=\"Apple-converted-space\">\u00a0<\/span><\/p>\n<p>Dazwischen gibts eine Pause mit offenem Austausch und mitgebrachten Snacks.<span class=\"Apple-converted-space\">\u00a0<\/span><\/p>\n<p><span class=\"Apple-converted-space\">\u00a0<\/span><\/p>\n<p>\u27a1\ufe0f Im 2. Teil finden wir gemeinsam heraus, welche Themen intressierien. Dies bietet die Gelegenheit gleich aktiv zu werden. So kann man in der Lokalgruppe selbst oder in diversen Projektgruppen eigene Ideen einbringen und verwirklichen.<span class=\"Apple-converted-space\">\u00a0<\/span><\/p>\n<p><span class=\"Apple-converted-space\">\u00a0<\/span><\/p>\n<p>Wir freuen uns auf euch<span class=\"Apple-converted-space\">\u00a0<\/span><\/p>\n<p>Graswurzle Unterwalden \ud83c\udf31<\/p>\n<p>Anmeldung: <a href=\"mailto:unterwalden@graswurzle.ch\">unterwalden@graswurzle.ch\u00a0<\/a><\/p>\n","protected":false},"excerpt":{"rendered":"<p>Gerne m\u00f6chten wir als Lokalgruppe in Unterwalden das Potential der Gemeinschaft aktiv kultivieren. \u00a0 \u2728Deshalb laden wir ein, zum Info&amp;Vernetzungstreff\u00a0 \u00a0 \u27a1\ufe0f Im 1. Teil erf\u00e4hrst du das Wichtigste \u00fcber die Werte, Struktur &amp; M\u00f6glichkeiten.\u00a0 \u00a0 Dazwischen gibts eine Pause &hellip;<\/p>\n<p class=\"read-more\"> <a class=\"more-link\" href=\"https:\/\/graswurzle.ch\/it\/kalender-detail\/vernetzungstreffen-lokalgruppe-unterwalden-2\/\"> <span class=\"screen-reader-text\">Vernetzungstreffen Lokalgruppe Unterwalden<\/span> Leggi tutto &raquo;<\/a><\/p>\n","protected":false},"author":13,"featured_media":0,"template":"","meta":{"_tribe_events_status":"","_tribe_events_status_reason":"","footnotes":""},"tags":[],"tribe_events_cat":[],"class_list":["post-22880","tribe_events","type-tribe_events","status-publish","hentry"],"acf":[],"yoast_head":"<!-- This site is optimized with the Yoast SEO plugin v24.9 - https:\/\/yoast.com\/wordpress\/plugins\/seo\/ -->\n<title>Vernetzungstreffen Lokalgruppe Unterwalden - Graswurzle<\/title>\n<meta name=\"robots\" content=\"index, follow, max-snippet:-1, max-image-preview:large, max-video-preview:-1\" \/>\n<link rel=\"canonical\" href=\"https:\/\/graswurzle.ch\/it\/kalender-detail\/vernetzungstreffen-lokalgruppe-unterwalden-2\/\" \/>\n<meta property=\"og:locale\" content=\"it_IT\" \/>\n<meta property=\"og:type\" content=\"article\" \/>\n<meta property=\"og:title\" content=\"Vernetzungstreffen Lokalgruppe Unterwalden - Graswurzle\" \/>\n<meta property=\"og:description\" content=\"Gerne m\u00f6chten wir als Lokalgruppe in Unterwalden das Potential der Gemeinschaft aktiv kultivieren. \u00a0 \u2728Deshalb laden wir ein, zum Info&amp;Vernetzungstreff\u00a0 \u00a0 \u27a1\ufe0f Im 1. Teil erf\u00e4hrst du das Wichtigste \u00fcber die Werte, Struktur &amp; M\u00f6glichkeiten.\u00a0 \u00a0 Dazwischen gibts eine Pause &hellip; Vernetzungstreffen Lokalgruppe Unterwalden Leggi tutto &raquo;\" \/>\n<meta property=\"og:url\" content=\"https:\/\/graswurzle.ch\/it\/kalender-detail\/vernetzungstreffen-lokalgruppe-unterwalden-2\/\" \/>\n<meta property=\"og:site_name\" content=\"Graswurzle\" \/>\n<meta property=\"article:modified_time\" content=\"2024-04-04T12:51:30+00:00\" \/>\n<meta property=\"og:image\" content=\"https:\/\/graswurzle.ch\/wp-content\/uploads\/2024\/04\/photo_2024-04-04-14.47.51-721x1024.jpeg\" \/>\n<meta name=\"twitter:card\" content=\"summary_large_image\" \/>\n<meta name=\"twitter:label1\" content=\"Tempo di lettura stimato\" \/>\n\t<meta name=\"twitter:data1\" content=\"1 minuto\" \/>\n<script type=\"application\/ld+json\" class=\"yoast-schema-graph\">{\"@context\":\"https:\/\/schema.org\",\"@graph\":[{\"@type\":\"WebPage\",\"@id\":\"https:\/\/graswurzle.ch\/kalender-detail\/vernetzungstreffen-lokalgruppe-unterwalden-2\/\",\"url\":\"https:\/\/graswurzle.ch\/kalender-detail\/vernetzungstreffen-lokalgruppe-unterwalden-2\/\",\"name\":\"Vernetzungstreffen Lokalgruppe Unterwalden - Graswurzle\",\"isPartOf\":{\"@id\":\"https:\/\/graswurzle.ch\/#website\"},\"primaryImageOfPage\":{\"@id\":\"https:\/\/graswurzle.ch\/kalender-detail\/vernetzungstreffen-lokalgruppe-unterwalden-2\/#primaryimage\"},\"image\":{\"@id\":\"https:\/\/graswurzle.ch\/kalender-detail\/vernetzungstreffen-lokalgruppe-unterwalden-2\/#primaryimage\"},\"thumbnailUrl\":\"https:\/\/graswurzle.ch\/wp-content\/uploads\/2024\/04\/photo_2024-04-04-14.47.51-721x1024.jpeg\",\"datePublished\":\"2024-04-04T12:50:24+00:00\",\"dateModified\":\"2024-04-04T12:51:30+00:00\",\"breadcrumb\":{\"@id\":\"https:\/\/graswurzle.ch\/kalender-detail\/vernetzungstreffen-lokalgruppe-unterwalden-2\/#breadcrumb\"},\"inLanguage\":\"it-IT\",\"potentialAction\":[{\"@type\":\"ReadAction\",\"target\":[\"https:\/\/graswurzle.ch\/kalender-detail\/vernetzungstreffen-lokalgruppe-unterwalden-2\/\"]}]},{\"@type\":\"ImageObject\",\"inLanguage\":\"it-IT\",\"@id\":\"https:\/\/graswurzle.ch\/kalender-detail\/vernetzungstreffen-lokalgruppe-unterwalden-2\/#primaryimage\",\"url\":\"https:\/\/graswurzle.ch\/wp-content\/uploads\/2024\/04\/photo_2024-04-04-14.47.51-721x1024.jpeg\",\"contentUrl\":\"https:\/\/graswurzle.ch\/wp-content\/uploads\/2024\/04\/photo_2024-04-04-14.47.51-721x1024.jpeg\"},{\"@type\":\"BreadcrumbList\",\"@id\":\"https:\/\/graswurzle.ch\/kalender-detail\/vernetzungstreffen-lokalgruppe-unterwalden-2\/#breadcrumb\",\"itemListElement\":[{\"@type\":\"ListItem\",\"position\":1,\"name\":\"Home\",\"item\":\"https:\/\/graswurzle.ch\/\"},{\"@type\":\"ListItem\",\"position\":2,\"name\":\"Vernetzungstreffen Lokalgruppe Unterwalden\"}]},{\"@type\":\"WebSite\",\"@id\":\"https:\/\/graswurzle.ch\/#website\",\"url\":\"https:\/\/graswurzle.ch\/\",\"name\":\"Graswurzle\",\"description\":\"Begegnung -Beziehung -Boden f\u00fcr Neues!\",\"publisher\":{\"@id\":\"https:\/\/graswurzle.ch\/#organization\"},\"potentialAction\":[{\"@type\":\"SearchAction\",\"target\":{\"@type\":\"EntryPoint\",\"urlTemplate\":\"https:\/\/graswurzle.ch\/?s={search_term_string}\"},\"query-input\":{\"@type\":\"PropertyValueSpecification\",\"valueRequired\":true,\"valueName\":\"search_term_string\"}}],\"inLanguage\":\"it-IT\"},{\"@type\":\"Organization\",\"@id\":\"https:\/\/graswurzle.ch\/#organization\",\"name\":\"Graswurzle\",\"url\":\"https:\/\/graswurzle.ch\/\",\"logo\":{\"@type\":\"ImageObject\",\"inLanguage\":\"it-IT\",\"@id\":\"https:\/\/graswurzle.ch\/#\/schema\/logo\/image\/\",\"url\":\"https:\/\/graswurzle.ch\/wp-content\/uploads\/2024\/07\/cropped-gw_logo_neue_schrift.png\",\"contentUrl\":\"https:\/\/graswurzle.ch\/wp-content\/uploads\/2024\/07\/cropped-gw_logo_neue_schrift.png\",\"width\":1000,\"height\":373,\"caption\":\"Graswurzle\"},\"image\":{\"@id\":\"https:\/\/graswurzle.ch\/#\/schema\/logo\/image\/\"}}]}<\/script>\n<!-- \/ Yoast SEO plugin. -->","yoast_head_json":{"title":"Vernetzungstreffen Lokalgruppe Unterwalden - Graswurzle","robots":{"index":"index","follow":"follow","max-snippet":"max-snippet:-1","max-image-preview":"max-image-preview:large","max-video-preview":"max-video-preview:-1"},"canonical":"https:\/\/graswurzle.ch\/it\/kalender-detail\/vernetzungstreffen-lokalgruppe-unterwalden-2\/","og_locale":"it_IT","og_type":"article","og_title":"Vernetzungstreffen Lokalgruppe Unterwalden - Graswurzle","og_description":"Gerne m\u00f6chten wir als Lokalgruppe in Unterwalden das Potential der Gemeinschaft aktiv kultivieren. \u00a0 \u2728Deshalb laden wir ein, zum Info&amp;Vernetzungstreff\u00a0 \u00a0 \u27a1\ufe0f Im 1. Teil erf\u00e4hrst du das Wichtigste \u00fcber die Werte, Struktur &amp; M\u00f6glichkeiten.\u00a0 \u00a0 Dazwischen gibts eine Pause &hellip; Vernetzungstreffen Lokalgruppe Unterwalden Leggi tutto &raquo;","og_url":"https:\/\/graswurzle.ch\/it\/kalender-detail\/vernetzungstreffen-lokalgruppe-unterwalden-2\/","og_site_name":"Graswurzle","article_modified_time":"2024-04-04T12:51:30+00:00","og_image":[{"url":"https:\/\/graswurzle.ch\/wp-content\/uploads\/2024\/04\/photo_2024-04-04-14.47.51-721x1024.jpeg","type":"","width":"","height":""}],"twitter_card":"summary_large_image","twitter_misc":{"Tempo di lettura stimato":"1 minuto"},"schema":{"@context":"https:\/\/schema.org","@graph":[{"@type":"WebPage","@id":"https:\/\/graswurzle.ch\/kalender-detail\/vernetzungstreffen-lokalgruppe-unterwalden-2\/","url":"https:\/\/graswurzle.ch\/kalender-detail\/vernetzungstreffen-lokalgruppe-unterwalden-2\/","name":"Vernetzungstreffen Lokalgruppe Unterwalden - Graswurzle","isPartOf":{"@id":"https:\/\/graswurzle.ch\/#website"},"primaryImageOfPage":{"@id":"https:\/\/graswurzle.ch\/kalender-detail\/vernetzungstreffen-lokalgruppe-unterwalden-2\/#primaryimage"},"image":{"@id":"https:\/\/graswurzle.ch\/kalender-detail\/vernetzungstreffen-lokalgruppe-unterwalden-2\/#primaryimage"},"thumbnailUrl":"https:\/\/graswurzle.ch\/wp-content\/uploads\/2024\/04\/photo_2024-04-04-14.47.51-721x1024.jpeg","datePublished":"2024-04-04T12:50:24+00:00","dateModified":"2024-04-04T12:51:30+00:00","breadcrumb":{"@id":"https:\/\/graswurzle.ch\/kalender-detail\/vernetzungstreffen-lokalgruppe-unterwalden-2\/#breadcrumb"},"inLanguage":"it-IT","potentialAction":[{"@type":"ReadAction","target":["https:\/\/graswurzle.ch\/kalender-detail\/vernetzungstreffen-lokalgruppe-unterwalden-2\/"]}]},{"@type":"ImageObject","inLanguage":"it-IT","@id":"https:\/\/graswurzle.ch\/kalender-detail\/vernetzungstreffen-lokalgruppe-unterwalden-2\/#primaryimage","url":"https:\/\/graswurzle.ch\/wp-content\/uploads\/2024\/04\/photo_2024-04-04-14.47.51-721x1024.jpeg","contentUrl":"https:\/\/graswurzle.ch\/wp-content\/uploads\/2024\/04\/photo_2024-04-04-14.47.51-721x1024.jpeg"},{"@type":"BreadcrumbList","@id":"https:\/\/graswurzle.ch\/kalender-detail\/vernetzungstreffen-lokalgruppe-unterwalden-2\/#breadcrumb","itemListElement":[{"@type":"ListItem","position":1,"name":"Home","item":"https:\/\/graswurzle.ch\/"},{"@type":"ListItem","position":2,"name":"Vernetzungstreffen Lokalgruppe Unterwalden"}]},{"@type":"WebSite","@id":"https:\/\/graswurzle.ch\/#website","url":"https:\/\/graswurzle.ch\/","name":"Graswurzle","description":"Begegnung -Beziehung -Boden f\u00fcr Neues!","publisher":{"@id":"https:\/\/graswurzle.ch\/#organization"},"potentialAction":[{"@type":"SearchAction","target":{"@type":"EntryPoint","urlTemplate":"https:\/\/graswurzle.ch\/?s={search_term_string}"},"query-input":{"@type":"PropertyValueSpecification","valueRequired":true,"valueName":"search_term_string"}}],"inLanguage":"it-IT"},{"@type":"Organization","@id":"https:\/\/graswurzle.ch\/#organization","name":"Graswurzle","url":"https:\/\/graswurzle.ch\/","logo":{"@type":"ImageObject","inLanguage":"it-IT","@id":"https:\/\/graswurzle.ch\/#\/schema\/logo\/image\/","url":"https:\/\/graswurzle.ch\/wp-content\/uploads\/2024\/07\/cropped-gw_logo_neue_schrift.png","contentUrl":"https:\/\/graswurzle.ch\/wp-content\/uploads\/2024\/07\/cropped-gw_logo_neue_schrift.png","width":1000,"height":373,"caption":"Graswurzle"},"image":{"@id":"https:\/\/graswurzle.ch\/#\/schema\/logo\/image\/"}}]}},"_links":{"self":[{"href":"https:\/\/graswurzle.ch\/it\/wp-json\/wp\/v2\/tribe_events\/22880","targetHints":{"allow":["GET"]}}],"collection":[{"href":"https:\/\/graswurzle.ch\/it\/wp-json\/wp\/v2\/tribe_events"}],"about":[{"href":"https:\/\/graswurzle.ch\/it\/wp-json\/wp\/v2\/types\/tribe_events"}],"author":[{"embeddable":true,"href":"https:\/\/graswurzle.ch\/it\/wp-json\/wp\/v2\/users\/13"}],"version-history":[{"count":2,"href":"https:\/\/graswurzle.ch\/it\/wp-json\/wp\/v2\/tribe_events\/22880\/revisions"}],"predecessor-version":[{"id":22883,"href":"https:\/\/graswurzle.ch\/it\/wp-json\/wp\/v2\/tribe_events\/22880\/revisions\/22883"}],"wp:attachment":[{"href":"https:\/\/graswurzle.ch\/it\/wp-json\/wp\/v2\/media?parent=22880"}],"wp:term":[{"taxonomy":"post_tag","embeddable":true,"href":"https:\/\/graswurzle.ch\/it\/wp-json\/wp\/v2\/tags?post=22880"},{"taxonomy":"tribe_events_cat","embeddable":true,"href":"https:\/\/graswurzle.ch\/it\/wp-json\/wp\/v2\/tribe_events_cat?post=22880"}],"curies":[{"name":"wp","href":"https:\/\/api.w.org\/{rel}","templated":true}]}}