{"id":24392,"date":"2024-11-29T15:20:43","date_gmt":"2024-11-29T14:20:43","guid":{"rendered":"https:\/\/graswurzle.ch\/?post_type=tribe_events&#038;p=24392"},"modified":"2024-11-29T15:20:43","modified_gmt":"2024-11-29T14:20:43","slug":"vernetzungstreffen-der-region-zuerich-und-umgebung-2","status":"publish","type":"tribe_events","link":"https:\/\/graswurzle.ch\/it\/kalender-detail\/vernetzungstreffen-der-region-zuerich-und-umgebung-2\/","title":{"rendered":"Vernetzungstreffen der Region Z\u00fcrich und Umgebung"},"content":{"rendered":"<p>Ziel: Vernetzung und St\u00e4rkung regionaler Lokal- und Interessengruppen<\/p>\n<p>Eingeladen sind Mitglieder aus Z\u00fcrich und Umgebung: S\u00e4uliamt, Z\u00fcrich, Z\u00fcri-West, Zimmerberg, Z\u00fcrich-Unterland, Winterthur und weitere Interessierte GW<\/p>\n<p>Sich mal wieder physisch treffen; philosophieren; austauschen; inspirieren. Was ist f\u00fcr dich von besonderem Interesse, was macht f\u00fcr dich das Leben lebenswert? Nutzt diese einmalige Gelegenheit. Es k\u00f6nnen an dieser Schule, von uns bis zu vier R\u00e4ume benutzt werden, mit unterschiedlichen parallellaufenden Themen.<\/p>\n<p><a href=\"https:\/\/graswurzle.ch\/wp-content\/uploads\/2024\/11\/Vernetzungstreffen-Bassersdorf-Kloten-2025Erinnerung.pdf\">Vernetzungstreffen Bassersdorf-Kloten 2025Erinnerung<\/a><\/p>\n<p>&nbsp;<\/p>\n","protected":false},"excerpt":{"rendered":"<p>Ziel: Vernetzung und St\u00e4rkung regionaler Lokal- und Interessengruppen Eingeladen sind Mitglieder aus Z\u00fcrich und Umgebung: S\u00e4uliamt, Z\u00fcrich, Z\u00fcri-West, Zimmerberg, Z\u00fcrich-Unterland, Winterthur und weitere Interessierte GW Sich mal wieder physisch treffen; philosophieren; austauschen; inspirieren. Was ist f\u00fcr dich von besonderem Interesse, &hellip;<\/p>\n<p class=\"read-more\"> <a class=\"more-link\" href=\"https:\/\/graswurzle.ch\/it\/kalender-detail\/vernetzungstreffen-der-region-zuerich-und-umgebung-2\/\"> <span class=\"screen-reader-text\">Vernetzungstreffen der Region Z\u00fcrich und Umgebung<\/span> Leggi tutto &raquo;<\/a><\/p>\n","protected":false},"author":13,"featured_media":0,"template":"","meta":{"_tribe_events_status":"","_tribe_events_status_reason":"","footnotes":""},"tags":[],"tribe_events_cat":[],"class_list":["post-24392","tribe_events","type-tribe_events","status-publish","hentry"],"acf":[],"yoast_head":"<!-- This site is optimized with the Yoast SEO plugin v24.9 - https:\/\/yoast.com\/wordpress\/plugins\/seo\/ -->\n<title>Vernetzungstreffen der Region Z\u00fcrich und Umgebung - Graswurzle<\/title>\n<meta name=\"robots\" content=\"index, follow, max-snippet:-1, max-image-preview:large, max-video-preview:-1\" \/>\n<link rel=\"canonical\" href=\"https:\/\/graswurzle.ch\/it\/kalender-detail\/vernetzungstreffen-der-region-zuerich-und-umgebung-2\/\" \/>\n<meta property=\"og:locale\" content=\"it_IT\" \/>\n<meta property=\"og:type\" content=\"article\" \/>\n<meta property=\"og:title\" content=\"Vernetzungstreffen der Region Z\u00fcrich und Umgebung - Graswurzle\" \/>\n<meta property=\"og:description\" content=\"Ziel: Vernetzung und St\u00e4rkung regionaler Lokal- und Interessengruppen Eingeladen sind Mitglieder aus Z\u00fcrich und Umgebung: S\u00e4uliamt, Z\u00fcrich, Z\u00fcri-West, Zimmerberg, Z\u00fcrich-Unterland, Winterthur und weitere Interessierte GW Sich mal wieder physisch treffen; philosophieren; austauschen; inspirieren. Was ist f\u00fcr dich von besonderem Interesse, &hellip; Vernetzungstreffen der Region Z\u00fcrich und Umgebung Leggi tutto &raquo;\" \/>\n<meta property=\"og:url\" content=\"https:\/\/graswurzle.ch\/it\/kalender-detail\/vernetzungstreffen-der-region-zuerich-und-umgebung-2\/\" \/>\n<meta property=\"og:site_name\" content=\"Graswurzle\" \/>\n<meta property=\"og:image\" content=\"https:\/\/graswurzle.ch\/wp-content\/uploads\/2021\/06\/wurzel_ladybug-e1636687602898.png\" \/>\n\t<meta property=\"og:image:width\" content=\"500\" \/>\n\t<meta property=\"og:image:height\" content=\"584\" \/>\n\t<meta property=\"og:image:type\" content=\"image\/png\" \/>\n<meta name=\"twitter:card\" content=\"summary_large_image\" \/>\n<script type=\"application\/ld+json\" class=\"yoast-schema-graph\">{\"@context\":\"https:\/\/schema.org\",\"@graph\":[{\"@type\":\"WebPage\",\"@id\":\"https:\/\/graswurzle.ch\/kalender-detail\/vernetzungstreffen-der-region-zuerich-und-umgebung-2\/\",\"url\":\"https:\/\/graswurzle.ch\/kalender-detail\/vernetzungstreffen-der-region-zuerich-und-umgebung-2\/\",\"name\":\"Vernetzungstreffen der Region Z\u00fcrich und Umgebung - Graswurzle\",\"isPartOf\":{\"@id\":\"https:\/\/graswurzle.ch\/#website\"},\"datePublished\":\"2024-11-29T14:20:43+00:00\",\"breadcrumb\":{\"@id\":\"https:\/\/graswurzle.ch\/kalender-detail\/vernetzungstreffen-der-region-zuerich-und-umgebung-2\/#breadcrumb\"},\"inLanguage\":\"it-IT\",\"potentialAction\":[{\"@type\":\"ReadAction\",\"target\":[\"https:\/\/graswurzle.ch\/kalender-detail\/vernetzungstreffen-der-region-zuerich-und-umgebung-2\/\"]}]},{\"@type\":\"BreadcrumbList\",\"@id\":\"https:\/\/graswurzle.ch\/kalender-detail\/vernetzungstreffen-der-region-zuerich-und-umgebung-2\/#breadcrumb\",\"itemListElement\":[{\"@type\":\"ListItem\",\"position\":1,\"name\":\"Home\",\"item\":\"https:\/\/graswurzle.ch\/\"},{\"@type\":\"ListItem\",\"position\":2,\"name\":\"Vernetzungstreffen der Region Z\u00fcrich und Umgebung\"}]},{\"@type\":\"WebSite\",\"@id\":\"https:\/\/graswurzle.ch\/#website\",\"url\":\"https:\/\/graswurzle.ch\/\",\"name\":\"Graswurzle\",\"description\":\"Begegnung -Beziehung -Boden f\u00fcr Neues!\",\"publisher\":{\"@id\":\"https:\/\/graswurzle.ch\/#organization\"},\"potentialAction\":[{\"@type\":\"SearchAction\",\"target\":{\"@type\":\"EntryPoint\",\"urlTemplate\":\"https:\/\/graswurzle.ch\/?s={search_term_string}\"},\"query-input\":{\"@type\":\"PropertyValueSpecification\",\"valueRequired\":true,\"valueName\":\"search_term_string\"}}],\"inLanguage\":\"it-IT\"},{\"@type\":\"Organization\",\"@id\":\"https:\/\/graswurzle.ch\/#organization\",\"name\":\"Graswurzle\",\"url\":\"https:\/\/graswurzle.ch\/\",\"logo\":{\"@type\":\"ImageObject\",\"inLanguage\":\"it-IT\",\"@id\":\"https:\/\/graswurzle.ch\/#\/schema\/logo\/image\/\",\"url\":\"https:\/\/graswurzle.ch\/wp-content\/uploads\/2024\/07\/cropped-gw_logo_neue_schrift.png\",\"contentUrl\":\"https:\/\/graswurzle.ch\/wp-content\/uploads\/2024\/07\/cropped-gw_logo_neue_schrift.png\",\"width\":1000,\"height\":373,\"caption\":\"Graswurzle\"},\"image\":{\"@id\":\"https:\/\/graswurzle.ch\/#\/schema\/logo\/image\/\"}}]}<\/script>\n<!-- \/ Yoast SEO plugin. -->","yoast_head_json":{"title":"Vernetzungstreffen der Region Z\u00fcrich und Umgebung - Graswurzle","robots":{"index":"index","follow":"follow","max-snippet":"max-snippet:-1","max-image-preview":"max-image-preview:large","max-video-preview":"max-video-preview:-1"},"canonical":"https:\/\/graswurzle.ch\/it\/kalender-detail\/vernetzungstreffen-der-region-zuerich-und-umgebung-2\/","og_locale":"it_IT","og_type":"article","og_title":"Vernetzungstreffen der Region Z\u00fcrich und Umgebung - Graswurzle","og_description":"Ziel: Vernetzung und St\u00e4rkung regionaler Lokal- und Interessengruppen Eingeladen sind Mitglieder aus Z\u00fcrich und Umgebung: S\u00e4uliamt, Z\u00fcrich, Z\u00fcri-West, Zimmerberg, Z\u00fcrich-Unterland, Winterthur und weitere Interessierte GW Sich mal wieder physisch treffen; philosophieren; austauschen; inspirieren. Was ist f\u00fcr dich von besonderem Interesse, &hellip; Vernetzungstreffen der Region Z\u00fcrich und Umgebung Leggi tutto &raquo;","og_url":"https:\/\/graswurzle.ch\/it\/kalender-detail\/vernetzungstreffen-der-region-zuerich-und-umgebung-2\/","og_site_name":"Graswurzle","og_image":[{"width":500,"height":584,"url":"https:\/\/graswurzle.ch\/wp-content\/uploads\/2021\/06\/wurzel_ladybug-e1636687602898.png","type":"image\/png"}],"twitter_card":"summary_large_image","schema":{"@context":"https:\/\/schema.org","@graph":[{"@type":"WebPage","@id":"https:\/\/graswurzle.ch\/kalender-detail\/vernetzungstreffen-der-region-zuerich-und-umgebung-2\/","url":"https:\/\/graswurzle.ch\/kalender-detail\/vernetzungstreffen-der-region-zuerich-und-umgebung-2\/","name":"Vernetzungstreffen der Region Z\u00fcrich und Umgebung - Graswurzle","isPartOf":{"@id":"https:\/\/graswurzle.ch\/#website"},"datePublished":"2024-11-29T14:20:43+00:00","breadcrumb":{"@id":"https:\/\/graswurzle.ch\/kalender-detail\/vernetzungstreffen-der-region-zuerich-und-umgebung-2\/#breadcrumb"},"inLanguage":"it-IT","potentialAction":[{"@type":"ReadAction","target":["https:\/\/graswurzle.ch\/kalender-detail\/vernetzungstreffen-der-region-zuerich-und-umgebung-2\/"]}]},{"@type":"BreadcrumbList","@id":"https:\/\/graswurzle.ch\/kalender-detail\/vernetzungstreffen-der-region-zuerich-und-umgebung-2\/#breadcrumb","itemListElement":[{"@type":"ListItem","position":1,"name":"Home","item":"https:\/\/graswurzle.ch\/"},{"@type":"ListItem","position":2,"name":"Vernetzungstreffen der Region Z\u00fcrich und Umgebung"}]},{"@type":"WebSite","@id":"https:\/\/graswurzle.ch\/#website","url":"https:\/\/graswurzle.ch\/","name":"Graswurzle","description":"Begegnung -Beziehung -Boden f\u00fcr Neues!","publisher":{"@id":"https:\/\/graswurzle.ch\/#organization"},"potentialAction":[{"@type":"SearchAction","target":{"@type":"EntryPoint","urlTemplate":"https:\/\/graswurzle.ch\/?s={search_term_string}"},"query-input":{"@type":"PropertyValueSpecification","valueRequired":true,"valueName":"search_term_string"}}],"inLanguage":"it-IT"},{"@type":"Organization","@id":"https:\/\/graswurzle.ch\/#organization","name":"Graswurzle","url":"https:\/\/graswurzle.ch\/","logo":{"@type":"ImageObject","inLanguage":"it-IT","@id":"https:\/\/graswurzle.ch\/#\/schema\/logo\/image\/","url":"https:\/\/graswurzle.ch\/wp-content\/uploads\/2024\/07\/cropped-gw_logo_neue_schrift.png","contentUrl":"https:\/\/graswurzle.ch\/wp-content\/uploads\/2024\/07\/cropped-gw_logo_neue_schrift.png","width":1000,"height":373,"caption":"Graswurzle"},"image":{"@id":"https:\/\/graswurzle.ch\/#\/schema\/logo\/image\/"}}]}},"_links":{"self":[{"href":"https:\/\/graswurzle.ch\/it\/wp-json\/wp\/v2\/tribe_events\/24392","targetHints":{"allow":["GET"]}}],"collection":[{"href":"https:\/\/graswurzle.ch\/it\/wp-json\/wp\/v2\/tribe_events"}],"about":[{"href":"https:\/\/graswurzle.ch\/it\/wp-json\/wp\/v2\/types\/tribe_events"}],"author":[{"embeddable":true,"href":"https:\/\/graswurzle.ch\/it\/wp-json\/wp\/v2\/users\/13"}],"version-history":[{"count":1,"href":"https:\/\/graswurzle.ch\/it\/wp-json\/wp\/v2\/tribe_events\/24392\/revisions"}],"predecessor-version":[{"id":24395,"href":"https:\/\/graswurzle.ch\/it\/wp-json\/wp\/v2\/tribe_events\/24392\/revisions\/24395"}],"wp:attachment":[{"href":"https:\/\/graswurzle.ch\/it\/wp-json\/wp\/v2\/media?parent=24392"}],"wp:term":[{"taxonomy":"post_tag","embeddable":true,"href":"https:\/\/graswurzle.ch\/it\/wp-json\/wp\/v2\/tags?post=24392"},{"taxonomy":"tribe_events_cat","embeddable":true,"href":"https:\/\/graswurzle.ch\/it\/wp-json\/wp\/v2\/tribe_events_cat?post=24392"}],"curies":[{"name":"wp","href":"https:\/\/api.w.org\/{rel}","templated":true}]}}